{"id":20598,"date":"2023-06-23T11:46:22","date_gmt":"2023-06-23T10:46:22","guid":{"rendered":"https:\/\/comuna.pt\/product\/camara-sony-a7s-ii\/"},"modified":"2026-02-19T19:05:31","modified_gmt":"2026-02-19T19:05:31","slug":"camara-sony-a7s-ii","status":"publish","type":"product","link":"https:\/\/comuna.pt\/pt-pt\/product\/camara-sony-a7s-ii\/","title":{"rendered":"C\u00e2mara Sony a7s II"},"content":{"rendered":"<div class=\"booqable-product-button\" data-id=\"sony-a7-ii\"><\/div>\n<p><strong>O que est\u00e1 inclu\u00eddo:<\/strong><\/p>\n<ul>\n<li>1x C\u00e2mara Sony a7s II<\/li>\n<li>1x Cage SmallRig<\/li>\n<li>1x Pega (handle) SmallRig<\/li>\n<li>2x Cart\u00f5es SD 128 GB<\/li>\n<li>1x Adaptador AC (Dummy battery)<\/li>\n<li>4x Baterias<\/li>\n<li>1x Carregador de baterias<\/li>\n<li>1x Tampa do corpo<\/li>\n<\/ul>\n<p>A <a href=\"https:\/\/www.sony.pt\/electronics\/camaras-lentes-amoviveis\/ilce-7sm2\">Sony A7S II<\/a> \u00e9 uma c\u00e2mara mirrorless revolucion\u00e1ria que redefiniu as possibilidades da fotografia em baixa luminosidade e das capacidades de v\u00eddeo avan\u00e7adas. Reconhecida pelo seu desempenho excecional em condi\u00e7\u00f5es de ilumina\u00e7\u00e3o desafiantes, esta <a href=\"https:\/\/comuna.pt\/camera\/\">c\u00e2mara<\/a> tornou-se um equipamento essencial tanto para profissionais como para entusiastas.<br \/>\nA Sony A7S II est\u00e1 dispon\u00edvel para aluguer na nossa Rental House em Lisboa. Al\u00e9m disso, efetuamos entregas em todo o Portugal.<\/p>\n<p>No centro da A7S II est\u00e1 um sensor CMOS Exmor full-frame de 12.2 megapixels. Este sensor foi concebido especialmente para sobressair em cen\u00e1rios de pouca luz, oferecendo uma sensibilidade surpreendente e ru\u00eddo reduzido. Com uma gama ISO alargada, a A7S II demonstra a sua versatilidade ao captar detalhes deslumbrantes mesmo em ambientes mal iluminados, tornando-a uma escolha ideal para fotografia noturna e sess\u00f5es de interior.<br \/>\nAs capacidades de v\u00eddeo da c\u00e2mara s\u00e3o igualmente impressionantes. Suporta a grava\u00e7\u00e3o interna de v\u00eddeo 4K com leitura total de p\u00edxeis (full pixel readout) e sem pixel binning. Isto resulta numa qualidade de v\u00eddeo excecional, numa gama din\u00e2mica formid\u00e1vel e na minimiza\u00e7\u00e3o do efeito moir\u00e9 e aliasing. Al\u00e9m disso, a A7S II oferece o cobi\u00e7ado perfil de gama S-Log3, facilitando uma maior flexibilidade na p\u00f3s-produ\u00e7\u00e3o e a expans\u00e3o da gama din\u00e2mica.<br \/>\nA A7S II possui a tecnologia de estabiliza\u00e7\u00e3o de imagem no corpo (IBIS) da Sony, algo revolucion\u00e1rio tanto para fotografia como para videografia. Este sistema de estabiliza\u00e7\u00e3o compensa as vibra\u00e7\u00f5es da c\u00e2mara, permitindo planos mais suaves \u00e0 m\u00e3o e grava\u00e7\u00e3o de v\u00eddeo est\u00e1vel sem a necessidade de equipamento de estabiliza\u00e7\u00e3o adicional.<br \/>\nA experi\u00eancia do utilizador \u00e9 primordial no design da A7S II. A c\u00e2mara ostenta um corpo robusto em liga de magn\u00e9sio, tornando-a dur\u00e1vel e leve. O visor eletr\u00f3nico proporciona um ecr\u00e3 de alta resolu\u00e7\u00e3o e sem atrasos, garantindo uma composi\u00e7\u00e3o e foco precisos. O ecr\u00e3 LCD inclin\u00e1vel acrescenta versatilidade aos \u00e2ngulos de capta\u00e7\u00e3o, enquanto o sistema de menu intuitivo simplifica a navega\u00e7\u00e3o.<br \/>\nO autofocus \u00e9 r\u00e1pido e preciso com o sistema Fast Hybrid AF da A7S II, que utiliza a dete\u00e7\u00e3o de fase e de contraste para um desempenho \u00f3timo em v\u00e1rias condi\u00e7\u00f5es de filmagem. Isto \u00e9 particularmente ben\u00e9fico para captar motivos em movimento r\u00e1pido e assegurar um foco n\u00edtido na grava\u00e7\u00e3o de v\u00eddeo.<br \/>\nComo parte da s\u00e9rie Alpha da Sony, a A7S II oferece compatibilidade com uma vasta gama de objetivas E-mount, fornecendo aos fot\u00f3grafos e vide\u00f3grafos um conjunto diversificado de ferramentas para alcan\u00e7ar as suas vis\u00f5es criativas.<br \/>\nEm conclus\u00e3o, a Sony A7S II continua a manter a sua posi\u00e7\u00e3o como uma c\u00e2mara vers\u00e1til e inovadora, reverenciada pelas suas excecionais capacidades em baixa luminosidade e funcionalidades avan\u00e7adas de v\u00eddeo. D\u00e1 poder aos profissionais e entusiastas para captar imagens excecionais em condi\u00e7\u00f5es outrora consideradas desafiantes. Quer seja a busca por paisagens noturnas deslumbrantes ou a cria\u00e7\u00e3o de v\u00eddeos cinematogr\u00e1ficos, a A7S II \u00e9 um testemunho da dedica\u00e7\u00e3o da Sony em alargar os limites da tecnologia de imagem digital.<br \/>\nAlugue a Sony A7S II na nossa Rental House em Lisboa.<\/p>\n","protected":false},"excerpt":{"rendered":"<p>O que est\u00e1 inclu\u00eddo: 1x C\u00e2mara Sony a7s II 1x Cage SmallRig 1x Pega (handle) SmallRig 2x Cart\u00f5es SD 128 GB 1x Adaptador AC (Dummy battery) 4x Baterias 1x Carregador de baterias 1x Tampa do corpo A Sony A7S II \u00e9 uma c\u00e2mara mirrorless revolucion\u00e1ria que redefiniu as possibilidades da fotografia em baixa luminosidade e [&hellip;]<\/p>\n","protected":false},"featured_media":20599,"template":"","meta":[],"product_brand":[],"product_cat":[805864],"product_tag":[],"class_list":{"0":"post-20598","1":"product","2":"type-product","3":"status-publish","4":"has-post-thumbnail","6":"product_cat-camaras","8":"first","9":"instock","10":"taxable","11":"shipping-taxable","12":"purchasable","13":"product-type-simple"},"yoast_head":"<!-- This site is optimized with the Yoast SEO Premium plugin v27.4 (Yoast SEO v27.5) - https:\/\/yoast.com\/product\/yoast-seo-premium-wordpress\/ -->\n<title>C\u00e2mara Sony a7s II | Comuna Studios &amp; Equipment Rental<\/title>\n<meta name=\"description\" content=\"Aluguer de Sony a7s II em Lisboa. Equipamento de videografia, fotografia e cinema. Variedade de c\u00e2maras, lentes, ilumina\u00e7\u00e3o, etc. Entregamos em todo o Portugal.\" \/>\n<meta name=\"robots\" content=\"index, follow, max-snippet:-1, max-image-preview:large, max-video-preview:-1\" \/>\n<link rel=\"canonical\" href=\"https:\/\/comuna.pt\/pt-pt\/product\/camara-sony-a7s-ii\/\" \/>\n<meta property=\"og:locale\" content=\"pt_PT\" \/>\n<meta property=\"og:type\" content=\"article\" \/>\n<meta property=\"og:title\" content=\"C\u00e2mara Sony a7s II\" \/>\n<meta property=\"og:description\" content=\"Aluguer de Sony a7s II em Lisboa. Equipamento de videografia, fotografia e cinema. Variedade de c\u00e2maras, lentes, ilumina\u00e7\u00e3o, etc. Entregamos em todo o Portugal.\" \/>\n<meta property=\"og:url\" content=\"https:\/\/comuna.pt\/pt-pt\/product\/camara-sony-a7s-ii\/\" \/>\n<meta property=\"og:site_name\" content=\"Comuna Studios &amp; Equipment Rental\" \/>\n<meta property=\"article:publisher\" content=\"http:\/\/facebook.com\/comuna.rental\" \/>\n<meta property=\"article:modified_time\" content=\"2026-02-19T19:05:31+00:00\" \/>\n<meta property=\"og:image\" content=\"https:\/\/comuna.pt\/wp-content\/uploads\/2023\/06\/1505306319_1186034.jpg\" \/>\n\t<meta property=\"og:image:width\" content=\"500\" \/>\n\t<meta property=\"og:image:height\" content=\"500\" \/>\n\t<meta property=\"og:image:type\" content=\"image\/jpeg\" \/>\n<meta name=\"twitter:card\" content=\"summary_large_image\" \/>\n<meta name=\"twitter:label1\" content=\"pre\u00e7o\" \/>\n\t<meta name=\"twitter:data1\" content=\"&euro;59,00 + 23% VAT\" \/>\n\t<meta name=\"twitter:label2\" content=\"Disponibilidade\" \/>\n\t<meta name=\"twitter:data2\" content=\"Em stock\" \/>\n<script type=\"application\/ld+json\" class=\"yoast-schema-graph\">{\"@context\":\"https:\\\/\\\/schema.org\",\"@graph\":[{\"@type\":[\"WebPage\",\"ItemPage\"],\"@id\":\"https:\\\/\\\/comuna.pt\\\/pt-pt\\\/product\\\/camara-sony-a7s-ii\\\/\",\"url\":\"https:\\\/\\\/comuna.pt\\\/pt-pt\\\/product\\\/camara-sony-a7s-ii\\\/\",\"name\":\"C\u00e2mara Sony a7s II | Comuna Studios &amp; Equipment Rental\",\"isPartOf\":{\"@id\":\"https:\\\/\\\/comuna.pt\\\/pt-pt\\\/#website\"},\"primaryImageOfPage\":{\"@id\":\"https:\\\/\\\/comuna.pt\\\/pt-pt\\\/product\\\/camara-sony-a7s-ii\\\/#primaryimage\"},\"image\":{\"@id\":\"https:\\\/\\\/comuna.pt\\\/pt-pt\\\/product\\\/camara-sony-a7s-ii\\\/#primaryimage\"},\"thumbnailUrl\":\"https:\\\/\\\/comuna.pt\\\/wp-content\\\/uploads\\\/2023\\\/06\\\/1505306319_1186034.jpg\",\"datePublished\":\"2023-06-23T10:46:22+00:00\",\"dateModified\":\"2026-02-19T19:05:31+00:00\",\"description\":\"Aluguer de Sony a7s II em Lisboa. Equipamento de videografia, fotografia e cinema. Variedade de c\u00e2maras, lentes, ilumina\u00e7\u00e3o, etc. Entregamos em todo o Portugal.\",\"breadcrumb\":{\"@id\":\"https:\\\/\\\/comuna.pt\\\/pt-pt\\\/product\\\/camara-sony-a7s-ii\\\/#breadcrumb\"},\"inLanguage\":\"pt-PT\",\"potentialAction\":[{\"@type\":\"ReadAction\",\"target\":[\"https:\\\/\\\/comuna.pt\\\/pt-pt\\\/product\\\/camara-sony-a7s-ii\\\/\"]}]},{\"@type\":\"ImageObject\",\"inLanguage\":\"pt-PT\",\"@id\":\"https:\\\/\\\/comuna.pt\\\/pt-pt\\\/product\\\/camara-sony-a7s-ii\\\/#primaryimage\",\"url\":\"https:\\\/\\\/comuna.pt\\\/wp-content\\\/uploads\\\/2023\\\/06\\\/1505306319_1186034.jpg\",\"contentUrl\":\"https:\\\/\\\/comuna.pt\\\/wp-content\\\/uploads\\\/2023\\\/06\\\/1505306319_1186034.jpg\",\"width\":500,\"height\":500},{\"@type\":\"BreadcrumbList\",\"@id\":\"https:\\\/\\\/comuna.pt\\\/pt-pt\\\/product\\\/camara-sony-a7s-ii\\\/#breadcrumb\",\"itemListElement\":[{\"@type\":\"ListItem\",\"position\":1,\"name\":\"Home\",\"item\":\"https:\\\/\\\/comuna.pt\\\/pt-pt\\\/\"},{\"@type\":\"ListItem\",\"position\":2,\"name\":\"Produtos\"},{\"@type\":\"ListItem\",\"position\":3,\"name\":\"C\u00e2maras\",\"item\":\"https:\\\/\\\/comuna.pt\\\/pt-pt\\\/Categoria\\\/camaras\\\/\"},{\"@type\":\"ListItem\",\"position\":4,\"name\":\"C\u00e2mara Sony a7s II\"}]},{\"@type\":\"WebSite\",\"@id\":\"https:\\\/\\\/comuna.pt\\\/pt-pt\\\/#website\",\"url\":\"https:\\\/\\\/comuna.pt\\\/pt-pt\\\/\",\"name\":\"Comuna Rental House\",\"description\":\"Photo studios, Podcast &amp; Equipment Rental\",\"publisher\":{\"@id\":\"https:\\\/\\\/comuna.pt\\\/pt-pt\\\/#organization\"},\"alternateName\":\"Comuna Filmmaking Equipment Rental\",\"potentialAction\":[{\"@type\":\"SearchAction\",\"target\":{\"@type\":\"EntryPoint\",\"urlTemplate\":\"https:\\\/\\\/comuna.pt\\\/pt-pt\\\/?s={search_term_string}\"},\"query-input\":{\"@type\":\"PropertyValueSpecification\",\"valueRequired\":true,\"valueName\":\"search_term_string\"}}],\"inLanguage\":\"pt-PT\"},{\"@type\":\"Organization\",\"@id\":\"https:\\\/\\\/comuna.pt\\\/pt-pt\\\/#organization\",\"name\":\"Comuna Rental House\",\"url\":\"https:\\\/\\\/comuna.pt\\\/pt-pt\\\/\",\"logo\":{\"@type\":\"ImageObject\",\"inLanguage\":\"pt-PT\",\"@id\":\"https:\\\/\\\/comuna.pt\\\/pt-pt\\\/#\\\/schema\\\/logo\\\/image\\\/\",\"url\":\"https:\\\/\\\/comuna.pt\\\/wp-content\\\/uploads\\\/2024\\\/03\\\/comuna_logo_website.png\",\"contentUrl\":\"https:\\\/\\\/comuna.pt\\\/wp-content\\\/uploads\\\/2024\\\/03\\\/comuna_logo_website.png\",\"width\":2000,\"height\":262,\"caption\":\"Comuna Rental House\"},\"image\":{\"@id\":\"https:\\\/\\\/comuna.pt\\\/pt-pt\\\/#\\\/schema\\\/logo\\\/image\\\/\"},\"sameAs\":[\"http:\\\/\\\/facebook.com\\\/comuna.rental\",\"https:\\\/\\\/www.instagram.com\\\/comuna_rental\",\"https:\\\/\\\/www.linkedin.com\\\/company\\\/96410498\"]}]}<\/script>\n<meta property=\"product:price:amount\" content=\"59.00\" \/>\n<meta property=\"product:price:currency\" content=\"EUR\" \/>\n<meta property=\"og:availability\" content=\"instock\" \/>\n<meta property=\"product:availability\" content=\"instock\" \/>\n<meta property=\"product:condition\" content=\"new\" \/>\n<!-- \/ Yoast SEO Premium plugin. -->","yoast_head_json":{"title":"C\u00e2mara Sony a7s II | Comuna Studios &amp; Equipment Rental","description":"Aluguer de Sony a7s II em Lisboa. Equipamento de videografia, fotografia e cinema. Variedade de c\u00e2maras, lentes, ilumina\u00e7\u00e3o, etc. Entregamos em todo o Portugal.","robots":{"index":"index","follow":"follow","max-snippet":"max-snippet:-1","max-image-preview":"max-image-preview:large","max-video-preview":"max-video-preview:-1"},"canonical":"https:\/\/comuna.pt\/pt-pt\/product\/camara-sony-a7s-ii\/","og_locale":"pt_PT","og_type":"article","og_title":"C\u00e2mara Sony a7s II","og_description":"Aluguer de Sony a7s II em Lisboa. Equipamento de videografia, fotografia e cinema. Variedade de c\u00e2maras, lentes, ilumina\u00e7\u00e3o, etc. Entregamos em todo o Portugal.","og_url":"https:\/\/comuna.pt\/pt-pt\/product\/camara-sony-a7s-ii\/","og_site_name":"Comuna Studios &amp; Equipment Rental","article_publisher":"http:\/\/facebook.com\/comuna.rental","article_modified_time":"2026-02-19T19:05:31+00:00","og_image":[{"width":500,"height":500,"url":"https:\/\/comuna.pt\/wp-content\/uploads\/2023\/06\/1505306319_1186034.jpg","type":"image\/jpeg"}],"twitter_card":"summary_large_image","twitter_misc":{"pre\u00e7o":"&euro;59,00 + 23% VAT","Disponibilidade":"Em stock"},"schema":{"@context":"https:\/\/schema.org","@graph":[{"@type":["WebPage","ItemPage"],"@id":"https:\/\/comuna.pt\/pt-pt\/product\/camara-sony-a7s-ii\/","url":"https:\/\/comuna.pt\/pt-pt\/product\/camara-sony-a7s-ii\/","name":"C\u00e2mara Sony a7s II | Comuna Studios &amp; Equipment Rental","isPartOf":{"@id":"https:\/\/comuna.pt\/pt-pt\/#website"},"primaryImageOfPage":{"@id":"https:\/\/comuna.pt\/pt-pt\/product\/camara-sony-a7s-ii\/#primaryimage"},"image":{"@id":"https:\/\/comuna.pt\/pt-pt\/product\/camara-sony-a7s-ii\/#primaryimage"},"thumbnailUrl":"https:\/\/comuna.pt\/wp-content\/uploads\/2023\/06\/1505306319_1186034.jpg","datePublished":"2023-06-23T10:46:22+00:00","dateModified":"2026-02-19T19:05:31+00:00","description":"Aluguer de Sony a7s II em Lisboa. Equipamento de videografia, fotografia e cinema. Variedade de c\u00e2maras, lentes, ilumina\u00e7\u00e3o, etc. Entregamos em todo o Portugal.","breadcrumb":{"@id":"https:\/\/comuna.pt\/pt-pt\/product\/camara-sony-a7s-ii\/#breadcrumb"},"inLanguage":"pt-PT","potentialAction":[{"@type":"ReadAction","target":["https:\/\/comuna.pt\/pt-pt\/product\/camara-sony-a7s-ii\/"]}]},{"@type":"ImageObject","inLanguage":"pt-PT","@id":"https:\/\/comuna.pt\/pt-pt\/product\/camara-sony-a7s-ii\/#primaryimage","url":"https:\/\/comuna.pt\/wp-content\/uploads\/2023\/06\/1505306319_1186034.jpg","contentUrl":"https:\/\/comuna.pt\/wp-content\/uploads\/2023\/06\/1505306319_1186034.jpg","width":500,"height":500},{"@type":"BreadcrumbList","@id":"https:\/\/comuna.pt\/pt-pt\/product\/camara-sony-a7s-ii\/#breadcrumb","itemListElement":[{"@type":"ListItem","position":1,"name":"Home","item":"https:\/\/comuna.pt\/pt-pt\/"},{"@type":"ListItem","position":2,"name":"Produtos"},{"@type":"ListItem","position":3,"name":"C\u00e2maras","item":"https:\/\/comuna.pt\/pt-pt\/Categoria\/camaras\/"},{"@type":"ListItem","position":4,"name":"C\u00e2mara Sony a7s II"}]},{"@type":"WebSite","@id":"https:\/\/comuna.pt\/pt-pt\/#website","url":"https:\/\/comuna.pt\/pt-pt\/","name":"Comuna Rental House","description":"Photo studios, Podcast &amp; Equipment Rental","publisher":{"@id":"https:\/\/comuna.pt\/pt-pt\/#organization"},"alternateName":"Comuna Filmmaking Equipment Rental","potentialAction":[{"@type":"SearchAction","target":{"@type":"EntryPoint","urlTemplate":"https:\/\/comuna.pt\/pt-pt\/?s={search_term_string}"},"query-input":{"@type":"PropertyValueSpecification","valueRequired":true,"valueName":"search_term_string"}}],"inLanguage":"pt-PT"},{"@type":"Organization","@id":"https:\/\/comuna.pt\/pt-pt\/#organization","name":"Comuna Rental House","url":"https:\/\/comuna.pt\/pt-pt\/","logo":{"@type":"ImageObject","inLanguage":"pt-PT","@id":"https:\/\/comuna.pt\/pt-pt\/#\/schema\/logo\/image\/","url":"https:\/\/comuna.pt\/wp-content\/uploads\/2024\/03\/comuna_logo_website.png","contentUrl":"https:\/\/comuna.pt\/wp-content\/uploads\/2024\/03\/comuna_logo_website.png","width":2000,"height":262,"caption":"Comuna Rental House"},"image":{"@id":"https:\/\/comuna.pt\/pt-pt\/#\/schema\/logo\/image\/"},"sameAs":["http:\/\/facebook.com\/comuna.rental","https:\/\/www.instagram.com\/comuna_rental","https:\/\/www.linkedin.com\/company\/96410498"]}]},"product_price_amount":"59.00","product_price_currency":"EUR","og_availability":"instock","product_availability":"instock","product_condition":"new"},"_links":{"self":[{"href":"https:\/\/comuna.pt\/pt-pt\/wp-json\/wp\/v2\/product\/20598","targetHints":{"allow":["GET"]}}],"collection":[{"href":"https:\/\/comuna.pt\/pt-pt\/wp-json\/wp\/v2\/product"}],"about":[{"href":"https:\/\/comuna.pt\/pt-pt\/wp-json\/wp\/v2\/types\/product"}],"version-history":[{"count":1,"href":"https:\/\/comuna.pt\/pt-pt\/wp-json\/wp\/v2\/product\/20598\/revisions"}],"predecessor-version":[{"id":20611,"href":"https:\/\/comuna.pt\/pt-pt\/wp-json\/wp\/v2\/product\/20598\/revisions\/20611"}],"wp:featuredmedia":[{"embeddable":true,"href":"https:\/\/comuna.pt\/pt-pt\/wp-json\/wp\/v2\/media\/20599"}],"wp:attachment":[{"href":"https:\/\/comuna.pt\/pt-pt\/wp-json\/wp\/v2\/media?parent=20598"}],"wp:term":[{"taxonomy":"product_brand","embeddable":true,"href":"https:\/\/comuna.pt\/pt-pt\/wp-json\/wp\/v2\/product_brand?post=20598"},{"taxonomy":"product_cat","embeddable":true,"href":"https:\/\/comuna.pt\/pt-pt\/wp-json\/wp\/v2\/product_cat?post=20598"},{"taxonomy":"product_tag","embeddable":true,"href":"https:\/\/comuna.pt\/pt-pt\/wp-json\/wp\/v2\/product_tag?post=20598"}],"curies":[{"name":"wp","href":"https:\/\/api.w.org\/{rel}","templated":true}]}}