{"id":20585,"date":"2023-06-23T11:46:22","date_gmt":"2023-06-23T10:46:22","guid":{"rendered":"https:\/\/comuna.pt\/product\/sistema-de-microfone-de-lapela-sem-fios-digital-sennheiser-avx-mke2-set\/"},"modified":"2026-02-19T19:05:31","modified_gmt":"2026-02-19T19:05:31","slug":"sistema-de-microfone-de-lapela-sem-fios-digital-sennheiser-avx-mke2-set","status":"publish","type":"product","link":"https:\/\/comuna.pt\/pt-pt\/product\/sistema-de-microfone-de-lapela-sem-fios-digital-sennheiser-avx-mke2-set\/","title":{"rendered":"Sistema de Microfone de Lapela Sem Fios Digital Sennheiser AVX-MKE2 SET"},"content":{"rendered":"<div class=\"booqable-product-button\" data-id=\"sennheiser-avx-mke2-set-digital-wireless-lavalier-microphone-system\"><\/div>\n<p>O ultra-compacto Sennheiser AVX-MKE2 SET proporciona a vide\u00f3grafos profissionais, v\u00eddeo-jornalistas ou vloggers um sistema de microfone sem fios fi\u00e1vel que \u00e9 t\u00e3o f\u00e1cil de utilizar, que \u00e9 como ter um engenheiro de som dedicado no set a tratar das tarefas de \u00e1udio.<br \/>\n<b>O que est\u00e1 inclu\u00eddo:<\/b><\/p>\n<ul>\n<li>1x Microfone de lapela ME2<\/li>\n<li>Recetor (receiver)<\/li>\n<li>Saco de transporte (Soft case)<\/li>\n<li>Suporte para sapata (hot shoe grip)<\/li>\n<li>Adaptador mini jack 3.5 &#8211; XLR<\/li>\n<\/ul>\n","protected":false},"excerpt":{"rendered":"<p>O ultra-compacto Sennheiser AVX-MKE2 SET proporciona a vide\u00f3grafos profissionais, v\u00eddeo-jornalistas ou vloggers um sistema de microfone sem fios fi\u00e1vel que \u00e9 t\u00e3o f\u00e1cil de utilizar, que \u00e9 como ter um engenheiro de som dedicado no set a tratar das tarefas de \u00e1udio. O que est\u00e1 inclu\u00eddo: 1x Microfone de lapela ME2 Recetor (receiver) Saco de [&hellip;]<\/p>\n","protected":false},"featured_media":1595,"template":"","meta":[],"product_brand":[],"product_cat":[805872],"product_tag":[],"class_list":{"0":"post-20585","1":"product","2":"type-product","3":"status-publish","4":"has-post-thumbnail","6":"product_cat-som","8":"first","9":"instock","10":"taxable","11":"shipping-taxable","12":"purchasable","13":"product-type-simple"},"yoast_head":"<!-- This site is optimized with the Yoast SEO Premium plugin v27.4 (Yoast SEO v27.5) - https:\/\/yoast.com\/product\/yoast-seo-premium-wordpress\/ -->\n<title>Sistema de Microfone de Lapela Sem Fios Digital Sennheiser AVX-MKE2 SET | Comuna Studios &amp; Equipment Rental<\/title>\n<meta name=\"robots\" content=\"index, follow, max-snippet:-1, max-image-preview:large, max-video-preview:-1\" \/>\n<link rel=\"canonical\" href=\"https:\/\/comuna.pt\/pt-pt\/product\/sistema-de-microfone-de-lapela-sem-fios-digital-sennheiser-avx-mke2-set\/\" \/>\n<meta property=\"og:locale\" content=\"pt_PT\" \/>\n<meta property=\"og:type\" content=\"article\" \/>\n<meta property=\"og:title\" content=\"Sistema de Microfone de Lapela Sem Fios Digital Sennheiser AVX-MKE2 SET\" \/>\n<meta property=\"og:description\" content=\"O ultra-compacto Sennheiser AVX-MKE2 SET proporciona a vide\u00f3grafos profissionais, v\u00eddeo-jornalistas ou vloggers um sistema de microfone sem fios fi\u00e1vel que \u00e9 t\u00e3o f\u00e1cil de utilizar, que \u00e9 como ter um engenheiro de som dedicado no set a tratar das tarefas de \u00e1udio. O que est\u00e1 inclu\u00eddo: 1x Microfone de lapela ME2 Recetor (receiver) Saco de [&hellip;]\" \/>\n<meta property=\"og:url\" content=\"https:\/\/comuna.pt\/pt-pt\/product\/sistema-de-microfone-de-lapela-sem-fios-digital-sennheiser-avx-mke2-set\/\" \/>\n<meta property=\"og:site_name\" content=\"Comuna Studios &amp; Equipment Rental\" \/>\n<meta property=\"article:publisher\" content=\"http:\/\/facebook.com\/comuna.rental\" \/>\n<meta property=\"article:modified_time\" content=\"2026-02-19T19:05:31+00:00\" \/>\n<meta property=\"og:image\" content=\"https:\/\/comuna.pt\/wp-content\/uploads\/2023\/06\/1652787085_IMG_1755963-1.jpg\" \/>\n\t<meta property=\"og:image:width\" content=\"500\" \/>\n\t<meta property=\"og:image:height\" content=\"500\" \/>\n\t<meta property=\"og:image:type\" content=\"image\/jpeg\" \/>\n<meta name=\"twitter:card\" content=\"summary_large_image\" \/>\n<meta name=\"twitter:label1\" content=\"pre\u00e7o\" \/>\n\t<meta name=\"twitter:data1\" content=\"&euro;45,00 + 23% VAT\" \/>\n\t<meta name=\"twitter:label2\" content=\"Disponibilidade\" \/>\n\t<meta name=\"twitter:data2\" content=\"Em stock\" \/>\n<script type=\"application\/ld+json\" class=\"yoast-schema-graph\">{\"@context\":\"https:\\\/\\\/schema.org\",\"@graph\":[{\"@type\":[\"WebPage\",\"ItemPage\"],\"@id\":\"https:\\\/\\\/comuna.pt\\\/pt-pt\\\/product\\\/sistema-de-microfone-de-lapela-sem-fios-digital-sennheiser-avx-mke2-set\\\/\",\"url\":\"https:\\\/\\\/comuna.pt\\\/pt-pt\\\/product\\\/sistema-de-microfone-de-lapela-sem-fios-digital-sennheiser-avx-mke2-set\\\/\",\"name\":\"Sistema de Microfone de Lapela Sem Fios Digital Sennheiser AVX-MKE2 SET | Comuna Studios &amp; Equipment Rental\",\"isPartOf\":{\"@id\":\"https:\\\/\\\/comuna.pt\\\/pt-pt\\\/#website\"},\"primaryImageOfPage\":{\"@id\":\"https:\\\/\\\/comuna.pt\\\/pt-pt\\\/product\\\/sistema-de-microfone-de-lapela-sem-fios-digital-sennheiser-avx-mke2-set\\\/#primaryimage\"},\"image\":{\"@id\":\"https:\\\/\\\/comuna.pt\\\/pt-pt\\\/product\\\/sistema-de-microfone-de-lapela-sem-fios-digital-sennheiser-avx-mke2-set\\\/#primaryimage\"},\"thumbnailUrl\":\"https:\\\/\\\/comuna.pt\\\/wp-content\\\/uploads\\\/2023\\\/06\\\/1652787085_IMG_1755963-1.jpg\",\"datePublished\":\"2023-06-23T10:46:22+00:00\",\"dateModified\":\"2026-02-19T19:05:31+00:00\",\"breadcrumb\":{\"@id\":\"https:\\\/\\\/comuna.pt\\\/pt-pt\\\/product\\\/sistema-de-microfone-de-lapela-sem-fios-digital-sennheiser-avx-mke2-set\\\/#breadcrumb\"},\"inLanguage\":\"pt-PT\",\"potentialAction\":[{\"@type\":\"ReadAction\",\"target\":[\"https:\\\/\\\/comuna.pt\\\/pt-pt\\\/product\\\/sistema-de-microfone-de-lapela-sem-fios-digital-sennheiser-avx-mke2-set\\\/\"]}]},{\"@type\":\"ImageObject\",\"inLanguage\":\"pt-PT\",\"@id\":\"https:\\\/\\\/comuna.pt\\\/pt-pt\\\/product\\\/sistema-de-microfone-de-lapela-sem-fios-digital-sennheiser-avx-mke2-set\\\/#primaryimage\",\"url\":\"https:\\\/\\\/comuna.pt\\\/wp-content\\\/uploads\\\/2023\\\/06\\\/1652787085_IMG_1755963-1.jpg\",\"contentUrl\":\"https:\\\/\\\/comuna.pt\\\/wp-content\\\/uploads\\\/2023\\\/06\\\/1652787085_IMG_1755963-1.jpg\",\"width\":500,\"height\":500},{\"@type\":\"BreadcrumbList\",\"@id\":\"https:\\\/\\\/comuna.pt\\\/pt-pt\\\/product\\\/sistema-de-microfone-de-lapela-sem-fios-digital-sennheiser-avx-mke2-set\\\/#breadcrumb\",\"itemListElement\":[{\"@type\":\"ListItem\",\"position\":1,\"name\":\"Home\",\"item\":\"https:\\\/\\\/comuna.pt\\\/pt-pt\\\/\"},{\"@type\":\"ListItem\",\"position\":2,\"name\":\"Produtos\"},{\"@type\":\"ListItem\",\"position\":3,\"name\":\"Som\",\"item\":\"https:\\\/\\\/comuna.pt\\\/pt-pt\\\/Categoria\\\/som\\\/\"},{\"@type\":\"ListItem\",\"position\":4,\"name\":\"Sistema de Microfone de Lapela Sem Fios Digital Sennheiser AVX-MKE2 SET\"}]},{\"@type\":\"WebSite\",\"@id\":\"https:\\\/\\\/comuna.pt\\\/pt-pt\\\/#website\",\"url\":\"https:\\\/\\\/comuna.pt\\\/pt-pt\\\/\",\"name\":\"Comuna Rental House\",\"description\":\"Photo studios, Podcast &amp; Equipment Rental\",\"publisher\":{\"@id\":\"https:\\\/\\\/comuna.pt\\\/pt-pt\\\/#organization\"},\"alternateName\":\"Comuna Filmmaking Equipment Rental\",\"potentialAction\":[{\"@type\":\"SearchAction\",\"target\":{\"@type\":\"EntryPoint\",\"urlTemplate\":\"https:\\\/\\\/comuna.pt\\\/pt-pt\\\/?s={search_term_string}\"},\"query-input\":{\"@type\":\"PropertyValueSpecification\",\"valueRequired\":true,\"valueName\":\"search_term_string\"}}],\"inLanguage\":\"pt-PT\"},{\"@type\":\"Organization\",\"@id\":\"https:\\\/\\\/comuna.pt\\\/pt-pt\\\/#organization\",\"name\":\"Comuna Rental House\",\"url\":\"https:\\\/\\\/comuna.pt\\\/pt-pt\\\/\",\"logo\":{\"@type\":\"ImageObject\",\"inLanguage\":\"pt-PT\",\"@id\":\"https:\\\/\\\/comuna.pt\\\/pt-pt\\\/#\\\/schema\\\/logo\\\/image\\\/\",\"url\":\"https:\\\/\\\/comuna.pt\\\/wp-content\\\/uploads\\\/2024\\\/03\\\/comuna_logo_website.png\",\"contentUrl\":\"https:\\\/\\\/comuna.pt\\\/wp-content\\\/uploads\\\/2024\\\/03\\\/comuna_logo_website.png\",\"width\":2000,\"height\":262,\"caption\":\"Comuna Rental House\"},\"image\":{\"@id\":\"https:\\\/\\\/comuna.pt\\\/pt-pt\\\/#\\\/schema\\\/logo\\\/image\\\/\"},\"sameAs\":[\"http:\\\/\\\/facebook.com\\\/comuna.rental\",\"https:\\\/\\\/www.instagram.com\\\/comuna_rental\",\"https:\\\/\\\/www.linkedin.com\\\/company\\\/96410498\"]}]}<\/script>\n<meta property=\"product:price:amount\" content=\"45.00\" \/>\n<meta property=\"product:price:currency\" content=\"EUR\" \/>\n<meta property=\"og:availability\" content=\"instock\" \/>\n<meta property=\"product:availability\" content=\"instock\" \/>\n<meta property=\"product:condition\" content=\"new\" \/>\n<!-- \/ Yoast SEO Premium plugin. -->","yoast_head_json":{"title":"Sistema de Microfone de Lapela Sem Fios Digital Sennheiser AVX-MKE2 SET | Comuna Studios &amp; Equipment Rental","robots":{"index":"index","follow":"follow","max-snippet":"max-snippet:-1","max-image-preview":"max-image-preview:large","max-video-preview":"max-video-preview:-1"},"canonical":"https:\/\/comuna.pt\/pt-pt\/product\/sistema-de-microfone-de-lapela-sem-fios-digital-sennheiser-avx-mke2-set\/","og_locale":"pt_PT","og_type":"article","og_title":"Sistema de Microfone de Lapela Sem Fios Digital Sennheiser AVX-MKE2 SET","og_description":"O ultra-compacto Sennheiser AVX-MKE2 SET proporciona a vide\u00f3grafos profissionais, v\u00eddeo-jornalistas ou vloggers um sistema de microfone sem fios fi\u00e1vel que \u00e9 t\u00e3o f\u00e1cil de utilizar, que \u00e9 como ter um engenheiro de som dedicado no set a tratar das tarefas de \u00e1udio. O que est\u00e1 inclu\u00eddo: 1x Microfone de lapela ME2 Recetor (receiver) Saco de [&hellip;]","og_url":"https:\/\/comuna.pt\/pt-pt\/product\/sistema-de-microfone-de-lapela-sem-fios-digital-sennheiser-avx-mke2-set\/","og_site_name":"Comuna Studios &amp; Equipment Rental","article_publisher":"http:\/\/facebook.com\/comuna.rental","article_modified_time":"2026-02-19T19:05:31+00:00","og_image":[{"width":500,"height":500,"url":"https:\/\/comuna.pt\/wp-content\/uploads\/2023\/06\/1652787085_IMG_1755963-1.jpg","type":"image\/jpeg"}],"twitter_card":"summary_large_image","twitter_misc":{"pre\u00e7o":"&euro;45,00 + 23% VAT","Disponibilidade":"Em stock"},"schema":{"@context":"https:\/\/schema.org","@graph":[{"@type":["WebPage","ItemPage"],"@id":"https:\/\/comuna.pt\/pt-pt\/product\/sistema-de-microfone-de-lapela-sem-fios-digital-sennheiser-avx-mke2-set\/","url":"https:\/\/comuna.pt\/pt-pt\/product\/sistema-de-microfone-de-lapela-sem-fios-digital-sennheiser-avx-mke2-set\/","name":"Sistema de Microfone de Lapela Sem Fios Digital Sennheiser AVX-MKE2 SET | Comuna Studios &amp; Equipment Rental","isPartOf":{"@id":"https:\/\/comuna.pt\/pt-pt\/#website"},"primaryImageOfPage":{"@id":"https:\/\/comuna.pt\/pt-pt\/product\/sistema-de-microfone-de-lapela-sem-fios-digital-sennheiser-avx-mke2-set\/#primaryimage"},"image":{"@id":"https:\/\/comuna.pt\/pt-pt\/product\/sistema-de-microfone-de-lapela-sem-fios-digital-sennheiser-avx-mke2-set\/#primaryimage"},"thumbnailUrl":"https:\/\/comuna.pt\/wp-content\/uploads\/2023\/06\/1652787085_IMG_1755963-1.jpg","datePublished":"2023-06-23T10:46:22+00:00","dateModified":"2026-02-19T19:05:31+00:00","breadcrumb":{"@id":"https:\/\/comuna.pt\/pt-pt\/product\/sistema-de-microfone-de-lapela-sem-fios-digital-sennheiser-avx-mke2-set\/#breadcrumb"},"inLanguage":"pt-PT","potentialAction":[{"@type":"ReadAction","target":["https:\/\/comuna.pt\/pt-pt\/product\/sistema-de-microfone-de-lapela-sem-fios-digital-sennheiser-avx-mke2-set\/"]}]},{"@type":"ImageObject","inLanguage":"pt-PT","@id":"https:\/\/comuna.pt\/pt-pt\/product\/sistema-de-microfone-de-lapela-sem-fios-digital-sennheiser-avx-mke2-set\/#primaryimage","url":"https:\/\/comuna.pt\/wp-content\/uploads\/2023\/06\/1652787085_IMG_1755963-1.jpg","contentUrl":"https:\/\/comuna.pt\/wp-content\/uploads\/2023\/06\/1652787085_IMG_1755963-1.jpg","width":500,"height":500},{"@type":"BreadcrumbList","@id":"https:\/\/comuna.pt\/pt-pt\/product\/sistema-de-microfone-de-lapela-sem-fios-digital-sennheiser-avx-mke2-set\/#breadcrumb","itemListElement":[{"@type":"ListItem","position":1,"name":"Home","item":"https:\/\/comuna.pt\/pt-pt\/"},{"@type":"ListItem","position":2,"name":"Produtos"},{"@type":"ListItem","position":3,"name":"Som","item":"https:\/\/comuna.pt\/pt-pt\/Categoria\/som\/"},{"@type":"ListItem","position":4,"name":"Sistema de Microfone de Lapela Sem Fios Digital Sennheiser AVX-MKE2 SET"}]},{"@type":"WebSite","@id":"https:\/\/comuna.pt\/pt-pt\/#website","url":"https:\/\/comuna.pt\/pt-pt\/","name":"Comuna Rental House","description":"Photo studios, Podcast &amp; Equipment Rental","publisher":{"@id":"https:\/\/comuna.pt\/pt-pt\/#organization"},"alternateName":"Comuna Filmmaking Equipment Rental","potentialAction":[{"@type":"SearchAction","target":{"@type":"EntryPoint","urlTemplate":"https:\/\/comuna.pt\/pt-pt\/?s={search_term_string}"},"query-input":{"@type":"PropertyValueSpecification","valueRequired":true,"valueName":"search_term_string"}}],"inLanguage":"pt-PT"},{"@type":"Organization","@id":"https:\/\/comuna.pt\/pt-pt\/#organization","name":"Comuna Rental House","url":"https:\/\/comuna.pt\/pt-pt\/","logo":{"@type":"ImageObject","inLanguage":"pt-PT","@id":"https:\/\/comuna.pt\/pt-pt\/#\/schema\/logo\/image\/","url":"https:\/\/comuna.pt\/wp-content\/uploads\/2024\/03\/comuna_logo_website.png","contentUrl":"https:\/\/comuna.pt\/wp-content\/uploads\/2024\/03\/comuna_logo_website.png","width":2000,"height":262,"caption":"Comuna Rental House"},"image":{"@id":"https:\/\/comuna.pt\/pt-pt\/#\/schema\/logo\/image\/"},"sameAs":["http:\/\/facebook.com\/comuna.rental","https:\/\/www.instagram.com\/comuna_rental","https:\/\/www.linkedin.com\/company\/96410498"]}]},"product_price_amount":"45.00","product_price_currency":"EUR","og_availability":"instock","product_availability":"instock","product_condition":"new"},"_links":{"self":[{"href":"https:\/\/comuna.pt\/pt-pt\/wp-json\/wp\/v2\/product\/20585","targetHints":{"allow":["GET"]}}],"collection":[{"href":"https:\/\/comuna.pt\/pt-pt\/wp-json\/wp\/v2\/product"}],"about":[{"href":"https:\/\/comuna.pt\/pt-pt\/wp-json\/wp\/v2\/types\/product"}],"version-history":[{"count":1,"href":"https:\/\/comuna.pt\/pt-pt\/wp-json\/wp\/v2\/product\/20585\/revisions"}],"predecessor-version":[{"id":20595,"href":"https:\/\/comuna.pt\/pt-pt\/wp-json\/wp\/v2\/product\/20585\/revisions\/20595"}],"wp:featuredmedia":[{"embeddable":true,"href":"https:\/\/comuna.pt\/pt-pt\/wp-json\/wp\/v2\/media\/1595"}],"wp:attachment":[{"href":"https:\/\/comuna.pt\/pt-pt\/wp-json\/wp\/v2\/media?parent=20585"}],"wp:term":[{"taxonomy":"product_brand","embeddable":true,"href":"https:\/\/comuna.pt\/pt-pt\/wp-json\/wp\/v2\/product_brand?post=20585"},{"taxonomy":"product_cat","embeddable":true,"href":"https:\/\/comuna.pt\/pt-pt\/wp-json\/wp\/v2\/product_cat?post=20585"},{"taxonomy":"product_tag","embeddable":true,"href":"https:\/\/comuna.pt\/pt-pt\/wp-json\/wp\/v2\/product_tag?post=20585"}],"curies":[{"name":"wp","href":"https:\/\/api.w.org\/{rel}","templated":true}]}}