{"id":20027,"date":"2023-11-22T15:29:05","date_gmt":"2023-11-22T15:29:05","guid":{"rendered":"https:\/\/comuna.pt\/product\/sony-fx6\/"},"modified":"2026-02-19T19:01:29","modified_gmt":"2026-02-19T19:01:29","slug":"sony-fx6","status":"publish","type":"product","link":"https:\/\/comuna.pt\/pt-pt\/product\/sony-fx6\/","title":{"rendered":"Sony FX6"},"content":{"rendered":"<div class=\"booqable-product-button\" data-id=\"sony-fx6\"><\/div>\n<p>A <a href=\"https:\/\/www.sony.com\/pt-ao\/interchangeable-lens-cameras\/products\/ilme-fx6\">C\u00e2mara<\/a> Full-Frame <a href=\"https:\/\/comuna.pt\/camera\/\">FX6<\/a> da Sony concentra capacidades vers\u00e1teis de estilo cinematogr\u00e1fico num design incrivelmente compacto. Com uma ampla gama din\u00e2mica de at\u00e9 15+ stops, gama S-Cinetone para tons de pele cinematogr\u00e1ficos e grava\u00e7\u00e3o XAVC-I de 10-bit 4:2:2, complementa setups com a FX9 e a VENICE, destacando-se em document\u00e1rios, trabalhos com gimbal e filmagens com drone.<br \/>\nEquipada com um sensor Exmor R full-frame 4K e o processador BIONZ XR, oferece alta sensibilidade, come\u00e7ando no ISO 800 e estendendo-se at\u00e9 ao ISO 12800 para cenas matizadas em condi\u00e7\u00f5es de pouca luz.<br \/>\nO sensor de 10.2 MP com retroilumina\u00e7\u00e3o garante uma performance excecional em baixa luminosidade e um autofocus de dete\u00e7\u00e3o de fase r\u00e1pido com 627 pontos no plano focal, suportando a compatibilidade com lentes full-frame para um visual imersivo.<br \/>\nA Sony FX6 est\u00e1 dispon\u00edvel para aluguer em Lisboa, juntamente com outras c\u00e2maras.<br \/>\n<strong>Aluguer de Sony FX6 em Lisboa: Brilho Cinematogr\u00e1fico Compacto <\/strong><\/p>\n<p>Com um peso inferior a 900 gramas, a FX6 \u00e9 notavelmente mais leve que a FX9 e mant\u00e9m um formato compacto (form factor) compar\u00e1vel ao da Sony FS5.<br \/>\nIntegrando-se perfeitamente em fluxos de trabalho (workflows) de cinema profissional, adapta-se a operadores individuais com funcionalidades como um autofocus de dete\u00e7\u00e3o de fase fi\u00e1vel, configura\u00e7\u00f5es de filtro ND autom\u00e1ticas e manuais, e um ecr\u00e3 LCD t\u00e1til de 3.5&#8243; para acesso r\u00e1pido ao menu e opera\u00e7\u00e3o confort\u00e1vel.<\/p>\n<p>A atualiza\u00e7\u00e3o de firmware v1.10 adiciona as op\u00e7\u00f5es de 100p e 120p para frame rates de Slow e Quick Motion em RAW ou RAW e codecs XAVC-I, melhorando a estabilidade e a versatilidade. Como parte da Cinema Line da Sony, a FX6 partilha atributos fundamentais com c\u00e2maras de renome como a <a href=\"https:\/\/pro.sony\/en_PW\/products\/digital-cinema-cameras\/venice\">VENICE<\/a> e a FX9, incluindo um sensor full-frame, ci\u00eancia de cor f\u00edlmica, conectores profissionais e um autofocus avan\u00e7ado.<\/p>\n<p>Em compara\u00e7\u00e3o com a FX9, a FX6 iguala a captura de v\u00eddeo at\u00e9 DCI 4K60, partilha op\u00e7\u00f5es de gama semelhantes, emite RAW de 16-bit e utiliza a montagem de lente E da Sony. Embora difira em especifica\u00e7\u00f5es como a captura 4K versus os 6K da FX9, possui uma \u00fanica porta BNC 12G\/6G\/3G-SDI e n\u00e3o tem um conector genlock, a FX6 destaca-se com uma gama ISO alargada (320 a 409.600), frame rates mais elevados (120p em 4K, at\u00e9 240p em HD) e ranhuras duplas para cart\u00f5es que suportam CFexpress Type A ou cart\u00f5es SDXC, proporcionando uma usabilidade melhorada face \u00e0 depend\u00eancia da FX9 em cart\u00f5es XQD propriet\u00e1rios e op\u00e7\u00f5es SD limitadas.<\/p>\n","protected":false},"excerpt":{"rendered":"<p>A C\u00e2mara Full-Frame FX6 da Sony concentra capacidades vers\u00e1teis de estilo cinematogr\u00e1fico num design incrivelmente compacto. Com uma ampla gama din\u00e2mica de at\u00e9 15+ stops, gama S-Cinetone para tons de pele cinematogr\u00e1ficos e grava\u00e7\u00e3o XAVC-I de 10-bit 4:2:2, complementa setups com a FX9 e a VENICE, destacando-se em document\u00e1rios, trabalhos com gimbal e filmagens com [&hellip;]<\/p>\n","protected":false},"featured_media":20028,"template":"","meta":[],"product_brand":[],"product_cat":[805864],"product_tag":[],"class_list":{"0":"post-20027","1":"product","2":"type-product","3":"status-publish","4":"has-post-thumbnail","6":"product_cat-camaras","8":"first","9":"instock","10":"taxable","11":"shipping-taxable","12":"purchasable","13":"product-type-simple"},"yoast_head":"<!-- This site is optimized with the Yoast SEO Premium plugin v27.4 (Yoast SEO v27.5) - https:\/\/yoast.com\/product\/yoast-seo-premium-wordpress\/ -->\n<title>Aluguer de Sony FX6 em Lisboa | Comuna Rental House<\/title>\n<meta name=\"description\" content=\"Aluguer de Sony FX6 em Lisboa, perfeita para o seu pr\u00f3ximo projeto de v\u00eddeo. Capte imagens cinematogr\u00e1ficas deslumbrantes com as suas funcionalidades vers\u00e1teis.\" \/>\n<meta name=\"robots\" content=\"index, follow, max-snippet:-1, max-image-preview:large, max-video-preview:-1\" \/>\n<link rel=\"canonical\" href=\"https:\/\/comuna.pt\/pt-pt\/product\/sony-fx6\/\" \/>\n<meta property=\"og:locale\" content=\"pt_PT\" \/>\n<meta property=\"og:type\" content=\"article\" \/>\n<meta property=\"og:title\" content=\"Sony FX6\" \/>\n<meta property=\"og:description\" content=\"Aluguer de Sony FX6 em Lisboa, perfeita para o seu pr\u00f3ximo projeto de v\u00eddeo. Capte imagens cinematogr\u00e1ficas deslumbrantes com as suas funcionalidades vers\u00e1teis.\" \/>\n<meta property=\"og:url\" content=\"https:\/\/comuna.pt\/pt-pt\/product\/sony-fx6\/\" \/>\n<meta property=\"og:site_name\" content=\"Comuna Studios &amp; Equipment Rental\" \/>\n<meta property=\"article:publisher\" content=\"http:\/\/facebook.com\/comuna.rental\" \/>\n<meta property=\"article:modified_time\" content=\"2026-02-19T19:01:29+00:00\" \/>\n<meta property=\"og:image\" content=\"https:\/\/comuna.pt\/wp-content\/uploads\/2023\/11\/IMG_0634-45.jpg\" \/>\n\t<meta property=\"og:image:width\" content=\"500\" \/>\n\t<meta property=\"og:image:height\" content=\"500\" \/>\n\t<meta property=\"og:image:type\" content=\"image\/jpeg\" \/>\n<meta name=\"twitter:card\" content=\"summary_large_image\" \/>\n<meta name=\"twitter:label1\" content=\"pre\u00e7o\" \/>\n\t<meta name=\"twitter:data1\" content=\"&euro;145,00 + 23% VAT\" \/>\n\t<meta name=\"twitter:label2\" content=\"Disponibilidade\" \/>\n\t<meta name=\"twitter:data2\" content=\"Em stock\" \/>\n<script type=\"application\/ld+json\" class=\"yoast-schema-graph\">{\"@context\":\"https:\\\/\\\/schema.org\",\"@graph\":[{\"@type\":[\"WebPage\",\"ItemPage\"],\"@id\":\"https:\\\/\\\/comuna.pt\\\/pt-pt\\\/product\\\/sony-fx6\\\/\",\"url\":\"https:\\\/\\\/comuna.pt\\\/pt-pt\\\/product\\\/sony-fx6\\\/\",\"name\":\"Aluguer de Sony FX6 em Lisboa | Comuna Rental House\",\"isPartOf\":{\"@id\":\"https:\\\/\\\/comuna.pt\\\/pt-pt\\\/#website\"},\"primaryImageOfPage\":{\"@id\":\"https:\\\/\\\/comuna.pt\\\/pt-pt\\\/product\\\/sony-fx6\\\/#primaryimage\"},\"image\":{\"@id\":\"https:\\\/\\\/comuna.pt\\\/pt-pt\\\/product\\\/sony-fx6\\\/#primaryimage\"},\"thumbnailUrl\":\"https:\\\/\\\/comuna.pt\\\/wp-content\\\/uploads\\\/2023\\\/11\\\/IMG_0634-45.jpg\",\"datePublished\":\"2023-11-22T15:29:05+00:00\",\"dateModified\":\"2026-02-19T19:01:29+00:00\",\"description\":\"Aluguer de Sony FX6 em Lisboa, perfeita para o seu pr\u00f3ximo projeto de v\u00eddeo. Capte imagens cinematogr\u00e1ficas deslumbrantes com as suas funcionalidades vers\u00e1teis.\",\"breadcrumb\":{\"@id\":\"https:\\\/\\\/comuna.pt\\\/pt-pt\\\/product\\\/sony-fx6\\\/#breadcrumb\"},\"inLanguage\":\"pt-PT\",\"potentialAction\":[{\"@type\":\"ReadAction\",\"target\":[\"https:\\\/\\\/comuna.pt\\\/pt-pt\\\/product\\\/sony-fx6\\\/\"]}]},{\"@type\":\"ImageObject\",\"inLanguage\":\"pt-PT\",\"@id\":\"https:\\\/\\\/comuna.pt\\\/pt-pt\\\/product\\\/sony-fx6\\\/#primaryimage\",\"url\":\"https:\\\/\\\/comuna.pt\\\/wp-content\\\/uploads\\\/2023\\\/11\\\/IMG_0634-45.jpg\",\"contentUrl\":\"https:\\\/\\\/comuna.pt\\\/wp-content\\\/uploads\\\/2023\\\/11\\\/IMG_0634-45.jpg\",\"width\":500,\"height\":500},{\"@type\":\"BreadcrumbList\",\"@id\":\"https:\\\/\\\/comuna.pt\\\/pt-pt\\\/product\\\/sony-fx6\\\/#breadcrumb\",\"itemListElement\":[{\"@type\":\"ListItem\",\"position\":1,\"name\":\"Home\",\"item\":\"https:\\\/\\\/comuna.pt\\\/pt-pt\\\/\"},{\"@type\":\"ListItem\",\"position\":2,\"name\":\"Produtos\"},{\"@type\":\"ListItem\",\"position\":3,\"name\":\"C\u00e2maras\",\"item\":\"https:\\\/\\\/comuna.pt\\\/pt-pt\\\/Categoria\\\/camaras\\\/\"},{\"@type\":\"ListItem\",\"position\":4,\"name\":\"Sony FX6\"}]},{\"@type\":\"WebSite\",\"@id\":\"https:\\\/\\\/comuna.pt\\\/pt-pt\\\/#website\",\"url\":\"https:\\\/\\\/comuna.pt\\\/pt-pt\\\/\",\"name\":\"Comuna Rental House\",\"description\":\"Photo studios, Podcast &amp; Equipment Rental\",\"publisher\":{\"@id\":\"https:\\\/\\\/comuna.pt\\\/pt-pt\\\/#organization\"},\"alternateName\":\"Comuna Filmmaking Equipment Rental\",\"potentialAction\":[{\"@type\":\"SearchAction\",\"target\":{\"@type\":\"EntryPoint\",\"urlTemplate\":\"https:\\\/\\\/comuna.pt\\\/pt-pt\\\/?s={search_term_string}\"},\"query-input\":{\"@type\":\"PropertyValueSpecification\",\"valueRequired\":true,\"valueName\":\"search_term_string\"}}],\"inLanguage\":\"pt-PT\"},{\"@type\":\"Organization\",\"@id\":\"https:\\\/\\\/comuna.pt\\\/pt-pt\\\/#organization\",\"name\":\"Comuna Rental House\",\"url\":\"https:\\\/\\\/comuna.pt\\\/pt-pt\\\/\",\"logo\":{\"@type\":\"ImageObject\",\"inLanguage\":\"pt-PT\",\"@id\":\"https:\\\/\\\/comuna.pt\\\/pt-pt\\\/#\\\/schema\\\/logo\\\/image\\\/\",\"url\":\"https:\\\/\\\/comuna.pt\\\/wp-content\\\/uploads\\\/2024\\\/03\\\/comuna_logo_website.png\",\"contentUrl\":\"https:\\\/\\\/comuna.pt\\\/wp-content\\\/uploads\\\/2024\\\/03\\\/comuna_logo_website.png\",\"width\":2000,\"height\":262,\"caption\":\"Comuna Rental House\"},\"image\":{\"@id\":\"https:\\\/\\\/comuna.pt\\\/pt-pt\\\/#\\\/schema\\\/logo\\\/image\\\/\"},\"sameAs\":[\"http:\\\/\\\/facebook.com\\\/comuna.rental\",\"https:\\\/\\\/www.instagram.com\\\/comuna_rental\",\"https:\\\/\\\/www.linkedin.com\\\/company\\\/96410498\"]}]}<\/script>\n<meta property=\"product:price:amount\" content=\"145.00\" \/>\n<meta property=\"product:price:currency\" content=\"EUR\" \/>\n<meta property=\"og:availability\" content=\"instock\" \/>\n<meta property=\"product:availability\" content=\"instock\" \/>\n<meta property=\"product:condition\" content=\"new\" \/>\n<!-- \/ Yoast SEO Premium plugin. -->","yoast_head_json":{"title":"Aluguer de Sony FX6 em Lisboa | Comuna Rental House","description":"Aluguer de Sony FX6 em Lisboa, perfeita para o seu pr\u00f3ximo projeto de v\u00eddeo. Capte imagens cinematogr\u00e1ficas deslumbrantes com as suas funcionalidades vers\u00e1teis.","robots":{"index":"index","follow":"follow","max-snippet":"max-snippet:-1","max-image-preview":"max-image-preview:large","max-video-preview":"max-video-preview:-1"},"canonical":"https:\/\/comuna.pt\/pt-pt\/product\/sony-fx6\/","og_locale":"pt_PT","og_type":"article","og_title":"Sony FX6","og_description":"Aluguer de Sony FX6 em Lisboa, perfeita para o seu pr\u00f3ximo projeto de v\u00eddeo. Capte imagens cinematogr\u00e1ficas deslumbrantes com as suas funcionalidades vers\u00e1teis.","og_url":"https:\/\/comuna.pt\/pt-pt\/product\/sony-fx6\/","og_site_name":"Comuna Studios &amp; Equipment Rental","article_publisher":"http:\/\/facebook.com\/comuna.rental","article_modified_time":"2026-02-19T19:01:29+00:00","og_image":[{"width":500,"height":500,"url":"https:\/\/comuna.pt\/wp-content\/uploads\/2023\/11\/IMG_0634-45.jpg","type":"image\/jpeg"}],"twitter_card":"summary_large_image","twitter_misc":{"pre\u00e7o":"&euro;145,00 + 23% VAT","Disponibilidade":"Em stock"},"schema":{"@context":"https:\/\/schema.org","@graph":[{"@type":["WebPage","ItemPage"],"@id":"https:\/\/comuna.pt\/pt-pt\/product\/sony-fx6\/","url":"https:\/\/comuna.pt\/pt-pt\/product\/sony-fx6\/","name":"Aluguer de Sony FX6 em Lisboa | Comuna Rental House","isPartOf":{"@id":"https:\/\/comuna.pt\/pt-pt\/#website"},"primaryImageOfPage":{"@id":"https:\/\/comuna.pt\/pt-pt\/product\/sony-fx6\/#primaryimage"},"image":{"@id":"https:\/\/comuna.pt\/pt-pt\/product\/sony-fx6\/#primaryimage"},"thumbnailUrl":"https:\/\/comuna.pt\/wp-content\/uploads\/2023\/11\/IMG_0634-45.jpg","datePublished":"2023-11-22T15:29:05+00:00","dateModified":"2026-02-19T19:01:29+00:00","description":"Aluguer de Sony FX6 em Lisboa, perfeita para o seu pr\u00f3ximo projeto de v\u00eddeo. Capte imagens cinematogr\u00e1ficas deslumbrantes com as suas funcionalidades vers\u00e1teis.","breadcrumb":{"@id":"https:\/\/comuna.pt\/pt-pt\/product\/sony-fx6\/#breadcrumb"},"inLanguage":"pt-PT","potentialAction":[{"@type":"ReadAction","target":["https:\/\/comuna.pt\/pt-pt\/product\/sony-fx6\/"]}]},{"@type":"ImageObject","inLanguage":"pt-PT","@id":"https:\/\/comuna.pt\/pt-pt\/product\/sony-fx6\/#primaryimage","url":"https:\/\/comuna.pt\/wp-content\/uploads\/2023\/11\/IMG_0634-45.jpg","contentUrl":"https:\/\/comuna.pt\/wp-content\/uploads\/2023\/11\/IMG_0634-45.jpg","width":500,"height":500},{"@type":"BreadcrumbList","@id":"https:\/\/comuna.pt\/pt-pt\/product\/sony-fx6\/#breadcrumb","itemListElement":[{"@type":"ListItem","position":1,"name":"Home","item":"https:\/\/comuna.pt\/pt-pt\/"},{"@type":"ListItem","position":2,"name":"Produtos"},{"@type":"ListItem","position":3,"name":"C\u00e2maras","item":"https:\/\/comuna.pt\/pt-pt\/Categoria\/camaras\/"},{"@type":"ListItem","position":4,"name":"Sony FX6"}]},{"@type":"WebSite","@id":"https:\/\/comuna.pt\/pt-pt\/#website","url":"https:\/\/comuna.pt\/pt-pt\/","name":"Comuna Rental House","description":"Photo studios, Podcast &amp; Equipment Rental","publisher":{"@id":"https:\/\/comuna.pt\/pt-pt\/#organization"},"alternateName":"Comuna Filmmaking Equipment Rental","potentialAction":[{"@type":"SearchAction","target":{"@type":"EntryPoint","urlTemplate":"https:\/\/comuna.pt\/pt-pt\/?s={search_term_string}"},"query-input":{"@type":"PropertyValueSpecification","valueRequired":true,"valueName":"search_term_string"}}],"inLanguage":"pt-PT"},{"@type":"Organization","@id":"https:\/\/comuna.pt\/pt-pt\/#organization","name":"Comuna Rental House","url":"https:\/\/comuna.pt\/pt-pt\/","logo":{"@type":"ImageObject","inLanguage":"pt-PT","@id":"https:\/\/comuna.pt\/pt-pt\/#\/schema\/logo\/image\/","url":"https:\/\/comuna.pt\/wp-content\/uploads\/2024\/03\/comuna_logo_website.png","contentUrl":"https:\/\/comuna.pt\/wp-content\/uploads\/2024\/03\/comuna_logo_website.png","width":2000,"height":262,"caption":"Comuna Rental House"},"image":{"@id":"https:\/\/comuna.pt\/pt-pt\/#\/schema\/logo\/image\/"},"sameAs":["http:\/\/facebook.com\/comuna.rental","https:\/\/www.instagram.com\/comuna_rental","https:\/\/www.linkedin.com\/company\/96410498"]}]},"product_price_amount":"145.00","product_price_currency":"EUR","og_availability":"instock","product_availability":"instock","product_condition":"new"},"_links":{"self":[{"href":"https:\/\/comuna.pt\/pt-pt\/wp-json\/wp\/v2\/product\/20027","targetHints":{"allow":["GET"]}}],"collection":[{"href":"https:\/\/comuna.pt\/pt-pt\/wp-json\/wp\/v2\/product"}],"about":[{"href":"https:\/\/comuna.pt\/pt-pt\/wp-json\/wp\/v2\/types\/product"}],"version-history":[{"count":3,"href":"https:\/\/comuna.pt\/pt-pt\/wp-json\/wp\/v2\/product\/20027\/revisions"}],"predecessor-version":[{"id":20304,"href":"https:\/\/comuna.pt\/pt-pt\/wp-json\/wp\/v2\/product\/20027\/revisions\/20304"}],"wp:featuredmedia":[{"embeddable":true,"href":"https:\/\/comuna.pt\/pt-pt\/wp-json\/wp\/v2\/media\/20028"}],"wp:attachment":[{"href":"https:\/\/comuna.pt\/pt-pt\/wp-json\/wp\/v2\/media?parent=20027"}],"wp:term":[{"taxonomy":"product_brand","embeddable":true,"href":"https:\/\/comuna.pt\/pt-pt\/wp-json\/wp\/v2\/product_brand?post=20027"},{"taxonomy":"product_cat","embeddable":true,"href":"https:\/\/comuna.pt\/pt-pt\/wp-json\/wp\/v2\/product_cat?post=20027"},{"taxonomy":"product_tag","embeddable":true,"href":"https:\/\/comuna.pt\/pt-pt\/wp-json\/wp\/v2\/product_tag?post=20027"}],"curies":[{"name":"wp","href":"https:\/\/api.w.org\/{rel}","templated":true}]}}