{"id":18576,"date":"2024-07-13T13:12:42","date_gmt":"2024-07-13T12:12:42","guid":{"rendered":"https:\/\/comuna.pt\/product\/canon-extender-ef-2x-iii\/"},"modified":"2026-01-31T13:24:35","modified_gmt":"2026-01-31T13:24:35","slug":"canon-extender-ef-2x-iii","status":"publish","type":"product","link":"https:\/\/comuna.pt\/pt-pt\/product\/canon-extender-ef-2x-iii\/","title":{"rendered":"Canon Extender EF 2X III"},"content":{"rendered":"<div class=\"booqable-product-button\" data-id=\"canon-extender-ef-2x-iii-525a9e77-f07b-476e-a101-0769a8f2bcdc\"><\/div>\n<p>Um teleconversor de alto desempenho concebido para duplicar a dist\u00e2ncia focal de objetivas compat\u00edveis, apresentando \u00f3tica sofisticada, comunica\u00e7\u00e3o fluida com os sistemas da c\u00e2mara e uma constru\u00e7\u00e3o robusta e resistente \u00e0s intemp\u00e9ries. O Canon Extender EF 2X III \u00e9 um teleconversor de alta performance desenhado para duplicar a dist\u00e2ncia focal de objetivas Canon EF compat\u00edveis, tornando-o ideal para fotografia de desporto, vida selvagem e natureza. Possui \u00f3tica sofisticada, incluindo nove elementos em cinco grupos, garantindo uma qualidade de imagem excecional com o m\u00ednimo de aberra\u00e7\u00f5es. O extender inclui um microcomputador integrado para uma comunica\u00e7\u00e3o perfeita entre o corpo da c\u00e2mara e a objetiva, mantendo as fun\u00e7\u00f5es de focagem autom\u00e1tica (AF) e estabiliza\u00e7\u00e3o de imagem. A sua constru\u00e7\u00e3o robusta \u00e9 resistente ao p\u00f3 e \u00e0 \u00e1gua, garantindo durabilidade em condi\u00e7\u00f5es de filmagem desafiantes.<\/p>\n","protected":false},"excerpt":{"rendered":"<p>Um teleconversor de alto desempenho concebido para duplicar a dist\u00e2ncia focal de objetivas compat\u00edveis, apresentando \u00f3tica sofisticada, comunica\u00e7\u00e3o fluida com os sistemas da c\u00e2mara e uma constru\u00e7\u00e3o robusta e resistente \u00e0s intemp\u00e9ries. O Canon Extender EF 2X III \u00e9 um teleconversor de alta performance desenhado para duplicar a dist\u00e2ncia focal de objetivas Canon EF compat\u00edveis, [&hellip;]<\/p>\n","protected":false},"featured_media":18577,"template":"","meta":[],"product_brand":[],"product_cat":[805879],"product_tag":[],"class_list":{"0":"post-18576","1":"product","2":"type-product","3":"status-publish","4":"has-post-thumbnail","6":"product_cat-objetivas","8":"first","9":"instock","10":"taxable","11":"shipping-taxable","12":"purchasable","13":"product-type-simple"},"yoast_head":"<!-- This site is optimized with the Yoast SEO Premium plugin v27.4 (Yoast SEO v27.5) - https:\/\/yoast.com\/product\/yoast-seo-premium-wordpress\/ -->\n<title>Canon Extender EF 2X III | Comuna Studios &amp; Equipment Rental<\/title>\n<meta name=\"description\" content=\"Alugue o Canon Extender EF 2X em Lisboa. Temos o melhor equipamento de foto e v\u00eddeo: c\u00e2maras, objetivas, luz e som. Reserve online!\" \/>\n<meta name=\"robots\" content=\"index, follow, max-snippet:-1, max-image-preview:large, max-video-preview:-1\" \/>\n<link rel=\"canonical\" href=\"https:\/\/comuna.pt\/pt-pt\/product\/canon-extender-ef-2x-iii\/\" \/>\n<meta property=\"og:locale\" content=\"pt_PT\" \/>\n<meta property=\"og:type\" content=\"article\" \/>\n<meta property=\"og:title\" content=\"Canon Extender EF 2X III\" \/>\n<meta property=\"og:description\" content=\"Alugue o Canon Extender EF 2X em Lisboa. Temos o melhor equipamento de foto e v\u00eddeo: c\u00e2maras, objetivas, luz e som. Reserve online!\" \/>\n<meta property=\"og:url\" content=\"https:\/\/comuna.pt\/pt-pt\/product\/canon-extender-ef-2x-iii\/\" \/>\n<meta property=\"og:site_name\" content=\"Comuna Studios &amp; Equipment Rental\" \/>\n<meta property=\"article:publisher\" content=\"http:\/\/facebook.com\/comuna.rental\" \/>\n<meta property=\"article:modified_time\" content=\"2026-01-31T13:24:35+00:00\" \/>\n<meta property=\"og:image\" content=\"https:\/\/comuna.pt\/wp-content\/uploads\/2024\/07\/1282835759_732111.jpg\" \/>\n\t<meta property=\"og:image:width\" content=\"500\" \/>\n\t<meta property=\"og:image:height\" content=\"500\" \/>\n\t<meta property=\"og:image:type\" content=\"image\/jpeg\" \/>\n<meta name=\"twitter:card\" content=\"summary_large_image\" \/>\n<meta name=\"twitter:label1\" content=\"pre\u00e7o\" \/>\n\t<meta name=\"twitter:data1\" content=\"&euro;24,00 + 23% VAT\" \/>\n\t<meta name=\"twitter:label2\" content=\"Disponibilidade\" \/>\n\t<meta name=\"twitter:data2\" content=\"Em stock\" \/>\n<script type=\"application\/ld+json\" class=\"yoast-schema-graph\">{\"@context\":\"https:\\\/\\\/schema.org\",\"@graph\":[{\"@type\":[\"WebPage\",\"ItemPage\"],\"@id\":\"https:\\\/\\\/comuna.pt\\\/pt-pt\\\/product\\\/canon-extender-ef-2x-iii\\\/\",\"url\":\"https:\\\/\\\/comuna.pt\\\/pt-pt\\\/product\\\/canon-extender-ef-2x-iii\\\/\",\"name\":\"Canon Extender EF 2X III | Comuna Studios &amp; Equipment Rental\",\"isPartOf\":{\"@id\":\"https:\\\/\\\/comuna.pt\\\/pt-pt\\\/#website\"},\"primaryImageOfPage\":{\"@id\":\"https:\\\/\\\/comuna.pt\\\/pt-pt\\\/product\\\/canon-extender-ef-2x-iii\\\/#primaryimage\"},\"image\":{\"@id\":\"https:\\\/\\\/comuna.pt\\\/pt-pt\\\/product\\\/canon-extender-ef-2x-iii\\\/#primaryimage\"},\"thumbnailUrl\":\"https:\\\/\\\/comuna.pt\\\/wp-content\\\/uploads\\\/2024\\\/07\\\/1282835759_732111.jpg\",\"datePublished\":\"2024-07-13T12:12:42+00:00\",\"dateModified\":\"2026-01-31T13:24:35+00:00\",\"description\":\"Alugue o Canon Extender EF 2X em Lisboa. Temos o melhor equipamento de foto e v\u00eddeo: c\u00e2maras, objetivas, luz e som. Reserve online!\",\"breadcrumb\":{\"@id\":\"https:\\\/\\\/comuna.pt\\\/pt-pt\\\/product\\\/canon-extender-ef-2x-iii\\\/#breadcrumb\"},\"inLanguage\":\"pt-PT\",\"potentialAction\":[{\"@type\":\"ReadAction\",\"target\":[\"https:\\\/\\\/comuna.pt\\\/pt-pt\\\/product\\\/canon-extender-ef-2x-iii\\\/\"]}]},{\"@type\":\"ImageObject\",\"inLanguage\":\"pt-PT\",\"@id\":\"https:\\\/\\\/comuna.pt\\\/pt-pt\\\/product\\\/canon-extender-ef-2x-iii\\\/#primaryimage\",\"url\":\"https:\\\/\\\/comuna.pt\\\/wp-content\\\/uploads\\\/2024\\\/07\\\/1282835759_732111.jpg\",\"contentUrl\":\"https:\\\/\\\/comuna.pt\\\/wp-content\\\/uploads\\\/2024\\\/07\\\/1282835759_732111.jpg\",\"width\":500,\"height\":500},{\"@type\":\"BreadcrumbList\",\"@id\":\"https:\\\/\\\/comuna.pt\\\/pt-pt\\\/product\\\/canon-extender-ef-2x-iii\\\/#breadcrumb\",\"itemListElement\":[{\"@type\":\"ListItem\",\"position\":1,\"name\":\"Home\",\"item\":\"https:\\\/\\\/comuna.pt\\\/pt-pt\\\/\"},{\"@type\":\"ListItem\",\"position\":2,\"name\":\"Produtos\"},{\"@type\":\"ListItem\",\"position\":3,\"name\":\"Objetivas\",\"item\":\"https:\\\/\\\/comuna.pt\\\/pt-pt\\\/Categoria\\\/objetivas\\\/\"},{\"@type\":\"ListItem\",\"position\":4,\"name\":\"Canon Extender EF 2X III\"}]},{\"@type\":\"WebSite\",\"@id\":\"https:\\\/\\\/comuna.pt\\\/pt-pt\\\/#website\",\"url\":\"https:\\\/\\\/comuna.pt\\\/pt-pt\\\/\",\"name\":\"Comuna Rental House\",\"description\":\"Photo studios, Podcast &amp; Equipment Rental\",\"publisher\":{\"@id\":\"https:\\\/\\\/comuna.pt\\\/pt-pt\\\/#organization\"},\"alternateName\":\"Comuna Filmmaking Equipment Rental\",\"potentialAction\":[{\"@type\":\"SearchAction\",\"target\":{\"@type\":\"EntryPoint\",\"urlTemplate\":\"https:\\\/\\\/comuna.pt\\\/pt-pt\\\/?s={search_term_string}\"},\"query-input\":{\"@type\":\"PropertyValueSpecification\",\"valueRequired\":true,\"valueName\":\"search_term_string\"}}],\"inLanguage\":\"pt-PT\"},{\"@type\":\"Organization\",\"@id\":\"https:\\\/\\\/comuna.pt\\\/pt-pt\\\/#organization\",\"name\":\"Comuna Rental House\",\"url\":\"https:\\\/\\\/comuna.pt\\\/pt-pt\\\/\",\"logo\":{\"@type\":\"ImageObject\",\"inLanguage\":\"pt-PT\",\"@id\":\"https:\\\/\\\/comuna.pt\\\/pt-pt\\\/#\\\/schema\\\/logo\\\/image\\\/\",\"url\":\"https:\\\/\\\/comuna.pt\\\/wp-content\\\/uploads\\\/2024\\\/03\\\/comuna_logo_website.png\",\"contentUrl\":\"https:\\\/\\\/comuna.pt\\\/wp-content\\\/uploads\\\/2024\\\/03\\\/comuna_logo_website.png\",\"width\":2000,\"height\":262,\"caption\":\"Comuna Rental House\"},\"image\":{\"@id\":\"https:\\\/\\\/comuna.pt\\\/pt-pt\\\/#\\\/schema\\\/logo\\\/image\\\/\"},\"sameAs\":[\"http:\\\/\\\/facebook.com\\\/comuna.rental\",\"https:\\\/\\\/www.instagram.com\\\/comuna_rental\",\"https:\\\/\\\/www.linkedin.com\\\/company\\\/96410498\"]}]}<\/script>\n<meta property=\"product:price:amount\" content=\"24.00\" \/>\n<meta property=\"product:price:currency\" content=\"EUR\" \/>\n<meta property=\"og:availability\" content=\"instock\" \/>\n<meta property=\"product:availability\" content=\"instock\" \/>\n<meta property=\"product:condition\" content=\"new\" \/>\n<!-- \/ Yoast SEO Premium plugin. -->","yoast_head_json":{"title":"Canon Extender EF 2X III | Comuna Studios &amp; Equipment Rental","description":"Alugue o Canon Extender EF 2X em Lisboa. Temos o melhor equipamento de foto e v\u00eddeo: c\u00e2maras, objetivas, luz e som. Reserve online!","robots":{"index":"index","follow":"follow","max-snippet":"max-snippet:-1","max-image-preview":"max-image-preview:large","max-video-preview":"max-video-preview:-1"},"canonical":"https:\/\/comuna.pt\/pt-pt\/product\/canon-extender-ef-2x-iii\/","og_locale":"pt_PT","og_type":"article","og_title":"Canon Extender EF 2X III","og_description":"Alugue o Canon Extender EF 2X em Lisboa. Temos o melhor equipamento de foto e v\u00eddeo: c\u00e2maras, objetivas, luz e som. Reserve online!","og_url":"https:\/\/comuna.pt\/pt-pt\/product\/canon-extender-ef-2x-iii\/","og_site_name":"Comuna Studios &amp; Equipment Rental","article_publisher":"http:\/\/facebook.com\/comuna.rental","article_modified_time":"2026-01-31T13:24:35+00:00","og_image":[{"width":500,"height":500,"url":"https:\/\/comuna.pt\/wp-content\/uploads\/2024\/07\/1282835759_732111.jpg","type":"image\/jpeg"}],"twitter_card":"summary_large_image","twitter_misc":{"pre\u00e7o":"&euro;24,00 + 23% VAT","Disponibilidade":"Em stock"},"schema":{"@context":"https:\/\/schema.org","@graph":[{"@type":["WebPage","ItemPage"],"@id":"https:\/\/comuna.pt\/pt-pt\/product\/canon-extender-ef-2x-iii\/","url":"https:\/\/comuna.pt\/pt-pt\/product\/canon-extender-ef-2x-iii\/","name":"Canon Extender EF 2X III | Comuna Studios &amp; Equipment Rental","isPartOf":{"@id":"https:\/\/comuna.pt\/pt-pt\/#website"},"primaryImageOfPage":{"@id":"https:\/\/comuna.pt\/pt-pt\/product\/canon-extender-ef-2x-iii\/#primaryimage"},"image":{"@id":"https:\/\/comuna.pt\/pt-pt\/product\/canon-extender-ef-2x-iii\/#primaryimage"},"thumbnailUrl":"https:\/\/comuna.pt\/wp-content\/uploads\/2024\/07\/1282835759_732111.jpg","datePublished":"2024-07-13T12:12:42+00:00","dateModified":"2026-01-31T13:24:35+00:00","description":"Alugue o Canon Extender EF 2X em Lisboa. Temos o melhor equipamento de foto e v\u00eddeo: c\u00e2maras, objetivas, luz e som. Reserve online!","breadcrumb":{"@id":"https:\/\/comuna.pt\/pt-pt\/product\/canon-extender-ef-2x-iii\/#breadcrumb"},"inLanguage":"pt-PT","potentialAction":[{"@type":"ReadAction","target":["https:\/\/comuna.pt\/pt-pt\/product\/canon-extender-ef-2x-iii\/"]}]},{"@type":"ImageObject","inLanguage":"pt-PT","@id":"https:\/\/comuna.pt\/pt-pt\/product\/canon-extender-ef-2x-iii\/#primaryimage","url":"https:\/\/comuna.pt\/wp-content\/uploads\/2024\/07\/1282835759_732111.jpg","contentUrl":"https:\/\/comuna.pt\/wp-content\/uploads\/2024\/07\/1282835759_732111.jpg","width":500,"height":500},{"@type":"BreadcrumbList","@id":"https:\/\/comuna.pt\/pt-pt\/product\/canon-extender-ef-2x-iii\/#breadcrumb","itemListElement":[{"@type":"ListItem","position":1,"name":"Home","item":"https:\/\/comuna.pt\/pt-pt\/"},{"@type":"ListItem","position":2,"name":"Produtos"},{"@type":"ListItem","position":3,"name":"Objetivas","item":"https:\/\/comuna.pt\/pt-pt\/Categoria\/objetivas\/"},{"@type":"ListItem","position":4,"name":"Canon Extender EF 2X III"}]},{"@type":"WebSite","@id":"https:\/\/comuna.pt\/pt-pt\/#website","url":"https:\/\/comuna.pt\/pt-pt\/","name":"Comuna Rental House","description":"Photo studios, Podcast &amp; Equipment Rental","publisher":{"@id":"https:\/\/comuna.pt\/pt-pt\/#organization"},"alternateName":"Comuna Filmmaking Equipment Rental","potentialAction":[{"@type":"SearchAction","target":{"@type":"EntryPoint","urlTemplate":"https:\/\/comuna.pt\/pt-pt\/?s={search_term_string}"},"query-input":{"@type":"PropertyValueSpecification","valueRequired":true,"valueName":"search_term_string"}}],"inLanguage":"pt-PT"},{"@type":"Organization","@id":"https:\/\/comuna.pt\/pt-pt\/#organization","name":"Comuna Rental House","url":"https:\/\/comuna.pt\/pt-pt\/","logo":{"@type":"ImageObject","inLanguage":"pt-PT","@id":"https:\/\/comuna.pt\/pt-pt\/#\/schema\/logo\/image\/","url":"https:\/\/comuna.pt\/wp-content\/uploads\/2024\/03\/comuna_logo_website.png","contentUrl":"https:\/\/comuna.pt\/wp-content\/uploads\/2024\/03\/comuna_logo_website.png","width":2000,"height":262,"caption":"Comuna Rental House"},"image":{"@id":"https:\/\/comuna.pt\/pt-pt\/#\/schema\/logo\/image\/"},"sameAs":["http:\/\/facebook.com\/comuna.rental","https:\/\/www.instagram.com\/comuna_rental","https:\/\/www.linkedin.com\/company\/96410498"]}]},"product_price_amount":"24.00","product_price_currency":"EUR","og_availability":"instock","product_availability":"instock","product_condition":"new"},"_links":{"self":[{"href":"https:\/\/comuna.pt\/pt-pt\/wp-json\/wp\/v2\/product\/18576","targetHints":{"allow":["GET"]}}],"collection":[{"href":"https:\/\/comuna.pt\/pt-pt\/wp-json\/wp\/v2\/product"}],"about":[{"href":"https:\/\/comuna.pt\/pt-pt\/wp-json\/wp\/v2\/types\/product"}],"version-history":[{"count":3,"href":"https:\/\/comuna.pt\/pt-pt\/wp-json\/wp\/v2\/product\/18576\/revisions"}],"predecessor-version":[{"id":18656,"href":"https:\/\/comuna.pt\/pt-pt\/wp-json\/wp\/v2\/product\/18576\/revisions\/18656"}],"wp:featuredmedia":[{"embeddable":true,"href":"https:\/\/comuna.pt\/pt-pt\/wp-json\/wp\/v2\/media\/18577"}],"wp:attachment":[{"href":"https:\/\/comuna.pt\/pt-pt\/wp-json\/wp\/v2\/media?parent=18576"}],"wp:term":[{"taxonomy":"product_brand","embeddable":true,"href":"https:\/\/comuna.pt\/pt-pt\/wp-json\/wp\/v2\/product_brand?post=18576"},{"taxonomy":"product_cat","embeddable":true,"href":"https:\/\/comuna.pt\/pt-pt\/wp-json\/wp\/v2\/product_cat?post=18576"},{"taxonomy":"product_tag","embeddable":true,"href":"https:\/\/comuna.pt\/pt-pt\/wp-json\/wp\/v2\/product_tag?post=18576"}],"curies":[{"name":"wp","href":"https:\/\/api.w.org\/{rel}","templated":true}]}}