{"id":18365,"date":"2025-04-10T19:16:02","date_gmt":"2025-04-10T18:16:02","guid":{"rendered":"https:\/\/comuna.pt\/product\/polyboard-2x1-m-preto-branco\/"},"modified":"2026-01-29T19:09:16","modified_gmt":"2026-01-29T19:09:16","slug":"polyboard-2x1-m-preto-branco","status":"publish","type":"product","link":"https:\/\/comuna.pt\/pt-pt\/product\/polyboard-2x1-m-preto-branco\/","title":{"rendered":"Polyboard 2&#215;1 m preto\/branco"},"content":{"rendered":"<div class=\"booqable-product-button\" data-id=\"polyboard-2x1-m-black-white\"><\/div>\n<p>O <strong data-start=\"614\" data-end=\"645\">Polyboard 2\u00d71 m Preto\/Branco<\/strong> \u00e9 um painel vers\u00e1til concebido para m\u00faltiplos usos, desde projetos de artes criativas at\u00e9 fundos fotogr\u00e1ficos e aplica\u00e7\u00f5es de est\u00fadio. Com 2 metros por 1 metro, \u00e9 leve mas dur\u00e1vel, proporcionando uma superf\u00edcie est\u00e1vel para uma variedade de tarefas.<br \/>\nO design de dupla cor em preto e branco torna-o ideal para fotografia de contraste, controlo de luz (reflex\u00e3o ou bloqueio) e projetos criativos.<br \/>\nF\u00e1cil de limpar e manter, este polyboard \u00e9 uma adi\u00e7\u00e3o pr\u00e1tica a qualquer est\u00fadio, espa\u00e7o de trabalho ou set de filmagem.<\/p>\n","protected":false},"excerpt":{"rendered":"<p>O Polyboard 2\u00d71 m Preto\/Branco \u00e9 um painel vers\u00e1til concebido para m\u00faltiplos usos, desde projetos de artes criativas at\u00e9 fundos fotogr\u00e1ficos e aplica\u00e7\u00f5es de est\u00fadio. Com 2 metros por 1 metro, \u00e9 leve mas dur\u00e1vel, proporcionando uma superf\u00edcie est\u00e1vel para uma variedade de tarefas. O design de dupla cor em preto e branco torna-o ideal [&hellip;]<\/p>\n","protected":false},"featured_media":18366,"template":"","meta":[],"product_brand":[],"product_cat":[805874],"product_tag":[],"class_list":{"0":"post-18365","1":"product","2":"type-product","3":"status-publish","4":"has-post-thumbnail","6":"product_cat-controlo-de-luz","8":"first","9":"instock","10":"taxable","11":"shipping-taxable","12":"purchasable","13":"product-type-simple"},"yoast_head":"<!-- This site is optimized with the Yoast SEO Premium plugin v27.4 (Yoast SEO v27.5) - https:\/\/yoast.com\/product\/yoast-seo-premium-wordpress\/ -->\n<title>Polyboard 2x1 m preto\/branco | Comuna Studios &amp; Equipment Rental<\/title>\n<meta name=\"description\" content=\"Alugue o Polyboard 2x1m (Preto\/Branco) na Comuna Studios &amp; Equipment Rental Lisboa. Ferramenta vers\u00e1til para refletir ou bloquear luz em est\u00fadio, leve e essencial para fotografia e v\u00eddeo.\" \/>\n<meta name=\"robots\" content=\"index, follow, max-snippet:-1, max-image-preview:large, max-video-preview:-1\" \/>\n<link rel=\"canonical\" href=\"https:\/\/comuna.pt\/pt-pt\/product\/polyboard-2x1-m-preto-branco\/\" \/>\n<meta property=\"og:locale\" content=\"pt_PT\" \/>\n<meta property=\"og:type\" content=\"article\" \/>\n<meta property=\"og:title\" content=\"Polyboard 2x1 m preto\/branco\" \/>\n<meta property=\"og:description\" content=\"Alugue o Polyboard 2x1m (Preto\/Branco) na Comuna Studios &amp; Equipment Rental Lisboa. Ferramenta vers\u00e1til para refletir ou bloquear luz em est\u00fadio, leve e essencial para fotografia e v\u00eddeo.\" \/>\n<meta property=\"og:url\" content=\"https:\/\/comuna.pt\/pt-pt\/product\/polyboard-2x1-m-preto-branco\/\" \/>\n<meta property=\"og:site_name\" content=\"Comuna Studios &amp; Equipment Rental\" \/>\n<meta property=\"article:publisher\" content=\"http:\/\/facebook.com\/comuna.rental\" \/>\n<meta property=\"article:modified_time\" content=\"2026-01-29T19:09:16+00:00\" \/>\n<meta property=\"og:image\" content=\"https:\/\/comuna.pt\/wp-content\/uploads\/2025\/04\/19.13.18.png\" \/>\n\t<meta property=\"og:image:width\" content=\"978\" \/>\n\t<meta property=\"og:image:height\" content=\"792\" \/>\n\t<meta property=\"og:image:type\" content=\"image\/png\" \/>\n<meta name=\"twitter:card\" content=\"summary_large_image\" \/>\n<meta name=\"twitter:label1\" content=\"pre\u00e7o\" \/>\n\t<meta name=\"twitter:data1\" content=\"&euro;15,00 + 23% VAT\" \/>\n\t<meta name=\"twitter:label2\" content=\"Disponibilidade\" \/>\n\t<meta name=\"twitter:data2\" content=\"Em stock\" \/>\n<script type=\"application\/ld+json\" class=\"yoast-schema-graph\">{\"@context\":\"https:\\\/\\\/schema.org\",\"@graph\":[{\"@type\":[\"WebPage\",\"ItemPage\"],\"@id\":\"https:\\\/\\\/comuna.pt\\\/pt-pt\\\/product\\\/polyboard-2x1-m-preto-branco\\\/\",\"url\":\"https:\\\/\\\/comuna.pt\\\/pt-pt\\\/product\\\/polyboard-2x1-m-preto-branco\\\/\",\"name\":\"Polyboard 2x1 m preto\\\/branco | Comuna Studios &amp; Equipment Rental\",\"isPartOf\":{\"@id\":\"https:\\\/\\\/comuna.pt\\\/pt-pt\\\/#website\"},\"primaryImageOfPage\":{\"@id\":\"https:\\\/\\\/comuna.pt\\\/pt-pt\\\/product\\\/polyboard-2x1-m-preto-branco\\\/#primaryimage\"},\"image\":{\"@id\":\"https:\\\/\\\/comuna.pt\\\/pt-pt\\\/product\\\/polyboard-2x1-m-preto-branco\\\/#primaryimage\"},\"thumbnailUrl\":\"https:\\\/\\\/comuna.pt\\\/wp-content\\\/uploads\\\/2025\\\/04\\\/19.13.18.png\",\"datePublished\":\"2025-04-10T18:16:02+00:00\",\"dateModified\":\"2026-01-29T19:09:16+00:00\",\"description\":\"Alugue o Polyboard 2x1m (Preto\\\/Branco) na Comuna Studios &amp; Equipment Rental Lisboa. Ferramenta vers\u00e1til para refletir ou bloquear luz em est\u00fadio, leve e essencial para fotografia e v\u00eddeo.\",\"breadcrumb\":{\"@id\":\"https:\\\/\\\/comuna.pt\\\/pt-pt\\\/product\\\/polyboard-2x1-m-preto-branco\\\/#breadcrumb\"},\"inLanguage\":\"pt-PT\",\"potentialAction\":[{\"@type\":\"ReadAction\",\"target\":[\"https:\\\/\\\/comuna.pt\\\/pt-pt\\\/product\\\/polyboard-2x1-m-preto-branco\\\/\"]}]},{\"@type\":\"ImageObject\",\"inLanguage\":\"pt-PT\",\"@id\":\"https:\\\/\\\/comuna.pt\\\/pt-pt\\\/product\\\/polyboard-2x1-m-preto-branco\\\/#primaryimage\",\"url\":\"https:\\\/\\\/comuna.pt\\\/wp-content\\\/uploads\\\/2025\\\/04\\\/19.13.18.png\",\"contentUrl\":\"https:\\\/\\\/comuna.pt\\\/wp-content\\\/uploads\\\/2025\\\/04\\\/19.13.18.png\",\"width\":978,\"height\":792},{\"@type\":\"BreadcrumbList\",\"@id\":\"https:\\\/\\\/comuna.pt\\\/pt-pt\\\/product\\\/polyboard-2x1-m-preto-branco\\\/#breadcrumb\",\"itemListElement\":[{\"@type\":\"ListItem\",\"position\":1,\"name\":\"Home\",\"item\":\"https:\\\/\\\/comuna.pt\\\/pt-pt\\\/\"},{\"@type\":\"ListItem\",\"position\":2,\"name\":\"Produtos\"},{\"@type\":\"ListItem\",\"position\":3,\"name\":\"Controlo de Luz\",\"item\":\"https:\\\/\\\/comuna.pt\\\/pt-pt\\\/Categoria\\\/controlo-de-luz\\\/\"},{\"@type\":\"ListItem\",\"position\":4,\"name\":\"Polyboard 2&#215;1 m preto\\\/branco\"}]},{\"@type\":\"WebSite\",\"@id\":\"https:\\\/\\\/comuna.pt\\\/pt-pt\\\/#website\",\"url\":\"https:\\\/\\\/comuna.pt\\\/pt-pt\\\/\",\"name\":\"Comuna Rental House\",\"description\":\"Photo studios, Podcast &amp; Equipment Rental\",\"publisher\":{\"@id\":\"https:\\\/\\\/comuna.pt\\\/pt-pt\\\/#organization\"},\"alternateName\":\"Comuna Filmmaking Equipment Rental\",\"potentialAction\":[{\"@type\":\"SearchAction\",\"target\":{\"@type\":\"EntryPoint\",\"urlTemplate\":\"https:\\\/\\\/comuna.pt\\\/pt-pt\\\/?s={search_term_string}\"},\"query-input\":{\"@type\":\"PropertyValueSpecification\",\"valueRequired\":true,\"valueName\":\"search_term_string\"}}],\"inLanguage\":\"pt-PT\"},{\"@type\":\"Organization\",\"@id\":\"https:\\\/\\\/comuna.pt\\\/pt-pt\\\/#organization\",\"name\":\"Comuna Rental House\",\"url\":\"https:\\\/\\\/comuna.pt\\\/pt-pt\\\/\",\"logo\":{\"@type\":\"ImageObject\",\"inLanguage\":\"pt-PT\",\"@id\":\"https:\\\/\\\/comuna.pt\\\/pt-pt\\\/#\\\/schema\\\/logo\\\/image\\\/\",\"url\":\"https:\\\/\\\/comuna.pt\\\/wp-content\\\/uploads\\\/2024\\\/03\\\/comuna_logo_website.png\",\"contentUrl\":\"https:\\\/\\\/comuna.pt\\\/wp-content\\\/uploads\\\/2024\\\/03\\\/comuna_logo_website.png\",\"width\":2000,\"height\":262,\"caption\":\"Comuna Rental House\"},\"image\":{\"@id\":\"https:\\\/\\\/comuna.pt\\\/pt-pt\\\/#\\\/schema\\\/logo\\\/image\\\/\"},\"sameAs\":[\"http:\\\/\\\/facebook.com\\\/comuna.rental\",\"https:\\\/\\\/www.instagram.com\\\/comuna_rental\",\"https:\\\/\\\/www.linkedin.com\\\/company\\\/96410498\"]}]}<\/script>\n<meta property=\"product:price:amount\" content=\"15.00\" \/>\n<meta property=\"product:price:currency\" content=\"EUR\" \/>\n<meta property=\"og:availability\" content=\"instock\" \/>\n<meta property=\"product:availability\" content=\"instock\" \/>\n<meta property=\"product:condition\" content=\"new\" \/>\n<!-- \/ Yoast SEO Premium plugin. -->","yoast_head_json":{"title":"Polyboard 2x1 m preto\/branco | Comuna Studios &amp; Equipment Rental","description":"Alugue o Polyboard 2x1m (Preto\/Branco) na Comuna Studios &amp; Equipment Rental Lisboa. Ferramenta vers\u00e1til para refletir ou bloquear luz em est\u00fadio, leve e essencial para fotografia e v\u00eddeo.","robots":{"index":"index","follow":"follow","max-snippet":"max-snippet:-1","max-image-preview":"max-image-preview:large","max-video-preview":"max-video-preview:-1"},"canonical":"https:\/\/comuna.pt\/pt-pt\/product\/polyboard-2x1-m-preto-branco\/","og_locale":"pt_PT","og_type":"article","og_title":"Polyboard 2x1 m preto\/branco","og_description":"Alugue o Polyboard 2x1m (Preto\/Branco) na Comuna Studios &amp; Equipment Rental Lisboa. Ferramenta vers\u00e1til para refletir ou bloquear luz em est\u00fadio, leve e essencial para fotografia e v\u00eddeo.","og_url":"https:\/\/comuna.pt\/pt-pt\/product\/polyboard-2x1-m-preto-branco\/","og_site_name":"Comuna Studios &amp; Equipment Rental","article_publisher":"http:\/\/facebook.com\/comuna.rental","article_modified_time":"2026-01-29T19:09:16+00:00","og_image":[{"width":978,"height":792,"url":"https:\/\/comuna.pt\/wp-content\/uploads\/2025\/04\/19.13.18.png","type":"image\/png"}],"twitter_card":"summary_large_image","twitter_misc":{"pre\u00e7o":"&euro;15,00 + 23% VAT","Disponibilidade":"Em stock"},"schema":{"@context":"https:\/\/schema.org","@graph":[{"@type":["WebPage","ItemPage"],"@id":"https:\/\/comuna.pt\/pt-pt\/product\/polyboard-2x1-m-preto-branco\/","url":"https:\/\/comuna.pt\/pt-pt\/product\/polyboard-2x1-m-preto-branco\/","name":"Polyboard 2x1 m preto\/branco | Comuna Studios &amp; Equipment Rental","isPartOf":{"@id":"https:\/\/comuna.pt\/pt-pt\/#website"},"primaryImageOfPage":{"@id":"https:\/\/comuna.pt\/pt-pt\/product\/polyboard-2x1-m-preto-branco\/#primaryimage"},"image":{"@id":"https:\/\/comuna.pt\/pt-pt\/product\/polyboard-2x1-m-preto-branco\/#primaryimage"},"thumbnailUrl":"https:\/\/comuna.pt\/wp-content\/uploads\/2025\/04\/19.13.18.png","datePublished":"2025-04-10T18:16:02+00:00","dateModified":"2026-01-29T19:09:16+00:00","description":"Alugue o Polyboard 2x1m (Preto\/Branco) na Comuna Studios &amp; Equipment Rental Lisboa. Ferramenta vers\u00e1til para refletir ou bloquear luz em est\u00fadio, leve e essencial para fotografia e v\u00eddeo.","breadcrumb":{"@id":"https:\/\/comuna.pt\/pt-pt\/product\/polyboard-2x1-m-preto-branco\/#breadcrumb"},"inLanguage":"pt-PT","potentialAction":[{"@type":"ReadAction","target":["https:\/\/comuna.pt\/pt-pt\/product\/polyboard-2x1-m-preto-branco\/"]}]},{"@type":"ImageObject","inLanguage":"pt-PT","@id":"https:\/\/comuna.pt\/pt-pt\/product\/polyboard-2x1-m-preto-branco\/#primaryimage","url":"https:\/\/comuna.pt\/wp-content\/uploads\/2025\/04\/19.13.18.png","contentUrl":"https:\/\/comuna.pt\/wp-content\/uploads\/2025\/04\/19.13.18.png","width":978,"height":792},{"@type":"BreadcrumbList","@id":"https:\/\/comuna.pt\/pt-pt\/product\/polyboard-2x1-m-preto-branco\/#breadcrumb","itemListElement":[{"@type":"ListItem","position":1,"name":"Home","item":"https:\/\/comuna.pt\/pt-pt\/"},{"@type":"ListItem","position":2,"name":"Produtos"},{"@type":"ListItem","position":3,"name":"Controlo de Luz","item":"https:\/\/comuna.pt\/pt-pt\/Categoria\/controlo-de-luz\/"},{"@type":"ListItem","position":4,"name":"Polyboard 2&#215;1 m preto\/branco"}]},{"@type":"WebSite","@id":"https:\/\/comuna.pt\/pt-pt\/#website","url":"https:\/\/comuna.pt\/pt-pt\/","name":"Comuna Rental House","description":"Photo studios, Podcast &amp; Equipment Rental","publisher":{"@id":"https:\/\/comuna.pt\/pt-pt\/#organization"},"alternateName":"Comuna Filmmaking Equipment Rental","potentialAction":[{"@type":"SearchAction","target":{"@type":"EntryPoint","urlTemplate":"https:\/\/comuna.pt\/pt-pt\/?s={search_term_string}"},"query-input":{"@type":"PropertyValueSpecification","valueRequired":true,"valueName":"search_term_string"}}],"inLanguage":"pt-PT"},{"@type":"Organization","@id":"https:\/\/comuna.pt\/pt-pt\/#organization","name":"Comuna Rental House","url":"https:\/\/comuna.pt\/pt-pt\/","logo":{"@type":"ImageObject","inLanguage":"pt-PT","@id":"https:\/\/comuna.pt\/pt-pt\/#\/schema\/logo\/image\/","url":"https:\/\/comuna.pt\/wp-content\/uploads\/2024\/03\/comuna_logo_website.png","contentUrl":"https:\/\/comuna.pt\/wp-content\/uploads\/2024\/03\/comuna_logo_website.png","width":2000,"height":262,"caption":"Comuna Rental House"},"image":{"@id":"https:\/\/comuna.pt\/pt-pt\/#\/schema\/logo\/image\/"},"sameAs":["http:\/\/facebook.com\/comuna.rental","https:\/\/www.instagram.com\/comuna_rental","https:\/\/www.linkedin.com\/company\/96410498"]}]},"product_price_amount":"15.00","product_price_currency":"EUR","og_availability":"instock","product_availability":"instock","product_condition":"new"},"_links":{"self":[{"href":"https:\/\/comuna.pt\/pt-pt\/wp-json\/wp\/v2\/product\/18365","targetHints":{"allow":["GET"]}}],"collection":[{"href":"https:\/\/comuna.pt\/pt-pt\/wp-json\/wp\/v2\/product"}],"about":[{"href":"https:\/\/comuna.pt\/pt-pt\/wp-json\/wp\/v2\/types\/product"}],"version-history":[{"count":1,"href":"https:\/\/comuna.pt\/pt-pt\/wp-json\/wp\/v2\/product\/18365\/revisions"}],"predecessor-version":[{"id":18369,"href":"https:\/\/comuna.pt\/pt-pt\/wp-json\/wp\/v2\/product\/18365\/revisions\/18369"}],"wp:featuredmedia":[{"embeddable":true,"href":"https:\/\/comuna.pt\/pt-pt\/wp-json\/wp\/v2\/media\/18366"}],"wp:attachment":[{"href":"https:\/\/comuna.pt\/pt-pt\/wp-json\/wp\/v2\/media?parent=18365"}],"wp:term":[{"taxonomy":"product_brand","embeddable":true,"href":"https:\/\/comuna.pt\/pt-pt\/wp-json\/wp\/v2\/product_brand?post=18365"},{"taxonomy":"product_cat","embeddable":true,"href":"https:\/\/comuna.pt\/pt-pt\/wp-json\/wp\/v2\/product_cat?post=18365"},{"taxonomy":"product_tag","embeddable":true,"href":"https:\/\/comuna.pt\/pt-pt\/wp-json\/wp\/v2\/product_tag?post=18365"}],"curies":[{"name":"wp","href":"https:\/\/api.w.org\/{rel}","templated":true}]}}