{"id":18036,"date":"2025-04-18T17:55:18","date_gmt":"2025-04-18T16:55:18","guid":{"rendered":"https:\/\/comuna.pt\/product\/iworkcase-v3-16-com-tripe\/"},"modified":"2026-01-29T17:32:20","modified_gmt":"2026-01-29T17:32:20","slug":"iworkcase-v3-16-com-tripe","status":"publish","type":"product","link":"https:\/\/comuna.pt\/pt-pt\/product\/iworkcase-v3-16-com-tripe\/","title":{"rendered":"iWorkCase V3 16 (com trip\u00e9)"},"content":{"rendered":"<div class=\"booqable-product-button\" data-id=\"iworkcase-v3-16-with-tripod\"><\/div>\n<p>O <a target=\"_new\" rel=\"noopener\" data-start=\"4\" data-end=\"65\">iWorkCase V3 16&#8243;<\/a> \u00e9 uma esta\u00e7\u00e3o de tethering robusta e profissional, constru\u00edda especificamente para o <a class=\"\" href=\"https:\/\/www.apple.com\/macbook-pro-16\/\" target=\"_new\" rel=\"noopener\" data-start=\"143\" data-end=\"199\">MacBook Pro 16&#8243;<\/a>, concebida para apoiar o trabalho de <a class=\"\" href=\"https:\/\/en.wikipedia.org\/wiki\/Photographer\" target=\"_new\" rel=\"noopener\" data-start=\"242\" data-end=\"301\">fot\u00f3grafos<\/a>, <a class=\"\" href=\"https:\/\/en.wikipedia.org\/wiki\/Digital_imaging_technician\" target=\"_new\" rel=\"noopener\" data-start=\"303\" data-end=\"367\">DITs<\/a> e operadores digitais em exteriores.<br \/>\nDesenvolvida na Alemanha, esta mala resistente a intemp\u00e9ries e apta para transporte em cabine de avi\u00e3o transforma-se numa esta\u00e7\u00e3o de trabalho est\u00e1vel com montagem integrada para <a class=\"\" href=\"https:\/\/en.wikipedia.org\/wiki\/Tripod\" target=\"_new\" rel=\"noopener\" data-start=\"518\" data-end=\"564\">trip\u00e9<\/a>, placa compat\u00edvel com <a class=\"\" href=\"https:\/\/en.wikipedia.org\/wiki\/Arca-Swiss\" target=\"_new\" rel=\"noopener\" data-start=\"572\" data-end=\"626\">Arca-Swiss<\/a>, pala de sol (sun hood) e pano de oculta\u00e7\u00e3o \u2014 ideal para condi\u00e7\u00f5es de luz intensa no exterior.<\/p>\n<p class=\"\" data-start=\"714\" data-end=\"1062\">Apresenta um sistema de encaixe personalizado que aloja com seguran\u00e7a o seu port\u00e1til, <a class=\"\" href=\"https:\/\/en.wikipedia.org\/wiki\/External_storage\" target=\"_new\" rel=\"noopener\" data-start=\"782\" data-end=\"847\">discos externos<\/a>, leitores de cart\u00f5es, cabos e baterias <a class=\"\" href=\"https:\/\/www.hypershop.com\/\" target=\"_new\" rel=\"noopener\" data-start=\"875\" data-end=\"915\">HyperJuice<\/a>.<br \/>\nO design modular permite que o interior de espuma seja substitu\u00eddo para futuros modelos de port\u00e1teis, tornando-o uma ferramenta duradoura para fluxos de trabalho digitais.<\/p>\n<p class=\"\" data-start=\"1064\" data-end=\"1242\">Quer esteja a fotografar ligado em est\u00fadio ou a editar no terreno, o iWorkCase V3 16 oferece estabilidade, portabilidade e prote\u00e7\u00e3o numa \u00fanica esta\u00e7\u00e3o de trabalho digital &#8220;all-in-one&#8221;.<\/p>\n","protected":false},"excerpt":{"rendered":"<p>O iWorkCase V3 16&#8243; \u00e9 uma esta\u00e7\u00e3o de tethering robusta e profissional, constru\u00edda especificamente para o MacBook Pro 16&#8243;, concebida para apoiar o trabalho de fot\u00f3grafos, DITs e operadores digitais em exteriores. Desenvolvida na Alemanha, esta mala resistente a intemp\u00e9ries e apta para transporte em cabine de avi\u00e3o transforma-se numa esta\u00e7\u00e3o de trabalho est\u00e1vel com [&hellip;]<\/p>\n","protected":false},"featured_media":18037,"template":"","meta":[],"product_brand":[],"product_cat":[805862,805876],"product_tag":[],"class_list":{"0":"post-18036","1":"product","2":"type-product","3":"status-publish","4":"has-post-thumbnail","6":"product_cat-acessorios-de-camara","7":"product_cat-monitorizacao","9":"first","10":"instock","11":"taxable","12":"shipping-taxable","13":"purchasable","14":"product-type-simple"},"yoast_head":"<!-- This site is optimized with the Yoast SEO Premium plugin v27.4 (Yoast SEO v27.5) - https:\/\/yoast.com\/product\/yoast-seo-premium-wordpress\/ -->\n<title>iWorkCase V3 16 (com trip\u00e9) | Comuna Studios &amp; Equipment Rental<\/title>\n<meta name=\"description\" content=\"Alugue a esta\u00e7\u00e3o de tethering iWorkCase V3 para MacBook Pro 16&quot; em Lisboa. Prote\u00e7\u00e3o total, pala solar e trip\u00e9 inclu\u00eddo para um fluxo de trabalho digital est\u00e1vel no set.\" \/>\n<meta name=\"robots\" content=\"index, follow, max-snippet:-1, max-image-preview:large, max-video-preview:-1\" \/>\n<link rel=\"canonical\" href=\"https:\/\/comuna.pt\/pt-pt\/product\/iworkcase-v3-16-com-tripe\/\" \/>\n<meta property=\"og:locale\" content=\"pt_PT\" \/>\n<meta property=\"og:type\" content=\"article\" \/>\n<meta property=\"og:title\" content=\"iWorkCase V3 16 (com trip\u00e9)\" \/>\n<meta property=\"og:description\" content=\"Alugue a esta\u00e7\u00e3o de tethering iWorkCase V3 para MacBook Pro 16&quot; em Lisboa. Prote\u00e7\u00e3o total, pala solar e trip\u00e9 inclu\u00eddo para um fluxo de trabalho digital est\u00e1vel no set.\" \/>\n<meta property=\"og:url\" content=\"https:\/\/comuna.pt\/pt-pt\/product\/iworkcase-v3-16-com-tripe\/\" \/>\n<meta property=\"og:site_name\" content=\"Comuna Studios &amp; Equipment Rental\" \/>\n<meta property=\"article:publisher\" content=\"http:\/\/facebook.com\/comuna.rental\" \/>\n<meta property=\"article:modified_time\" content=\"2026-01-29T17:32:20+00:00\" \/>\n<meta property=\"og:image\" content=\"https:\/\/comuna.pt\/wp-content\/uploads\/2025\/04\/iWorkCase-digicase-dit-workstation-16_M1_2048x2048.webp\" \/>\n\t<meta property=\"og:image:width\" content=\"2048\" \/>\n\t<meta property=\"og:image:height\" content=\"1365\" \/>\n\t<meta property=\"og:image:type\" content=\"image\/webp\" \/>\n<meta name=\"twitter:card\" content=\"summary_large_image\" \/>\n<meta name=\"twitter:label1\" content=\"pre\u00e7o\" \/>\n\t<meta name=\"twitter:data1\" content=\"&euro;35,00 + 23% VAT\" \/>\n\t<meta name=\"twitter:label2\" content=\"Disponibilidade\" \/>\n\t<meta name=\"twitter:data2\" content=\"Em stock\" \/>\n<script type=\"application\/ld+json\" class=\"yoast-schema-graph\">{\"@context\":\"https:\\\/\\\/schema.org\",\"@graph\":[{\"@type\":[\"WebPage\",\"ItemPage\"],\"@id\":\"https:\\\/\\\/comuna.pt\\\/pt-pt\\\/product\\\/iworkcase-v3-16-com-tripe\\\/\",\"url\":\"https:\\\/\\\/comuna.pt\\\/pt-pt\\\/product\\\/iworkcase-v3-16-com-tripe\\\/\",\"name\":\"iWorkCase V3 16 (com trip\u00e9) | Comuna Studios &amp; Equipment Rental\",\"isPartOf\":{\"@id\":\"https:\\\/\\\/comuna.pt\\\/pt-pt\\\/#website\"},\"primaryImageOfPage\":{\"@id\":\"https:\\\/\\\/comuna.pt\\\/pt-pt\\\/product\\\/iworkcase-v3-16-com-tripe\\\/#primaryimage\"},\"image\":{\"@id\":\"https:\\\/\\\/comuna.pt\\\/pt-pt\\\/product\\\/iworkcase-v3-16-com-tripe\\\/#primaryimage\"},\"thumbnailUrl\":\"https:\\\/\\\/comuna.pt\\\/wp-content\\\/uploads\\\/2025\\\/04\\\/iWorkCase-digicase-dit-workstation-16_M1_2048x2048.webp\",\"datePublished\":\"2025-04-18T16:55:18+00:00\",\"dateModified\":\"2026-01-29T17:32:20+00:00\",\"description\":\"Alugue a esta\u00e7\u00e3o de tethering iWorkCase V3 para MacBook Pro 16\\\" em Lisboa. Prote\u00e7\u00e3o total, pala solar e trip\u00e9 inclu\u00eddo para um fluxo de trabalho digital est\u00e1vel no set.\",\"breadcrumb\":{\"@id\":\"https:\\\/\\\/comuna.pt\\\/pt-pt\\\/product\\\/iworkcase-v3-16-com-tripe\\\/#breadcrumb\"},\"inLanguage\":\"pt-PT\",\"potentialAction\":[{\"@type\":\"ReadAction\",\"target\":[\"https:\\\/\\\/comuna.pt\\\/pt-pt\\\/product\\\/iworkcase-v3-16-com-tripe\\\/\"]}]},{\"@type\":\"ImageObject\",\"inLanguage\":\"pt-PT\",\"@id\":\"https:\\\/\\\/comuna.pt\\\/pt-pt\\\/product\\\/iworkcase-v3-16-com-tripe\\\/#primaryimage\",\"url\":\"https:\\\/\\\/comuna.pt\\\/wp-content\\\/uploads\\\/2025\\\/04\\\/iWorkCase-digicase-dit-workstation-16_M1_2048x2048.webp\",\"contentUrl\":\"https:\\\/\\\/comuna.pt\\\/wp-content\\\/uploads\\\/2025\\\/04\\\/iWorkCase-digicase-dit-workstation-16_M1_2048x2048.webp\",\"width\":2048,\"height\":1365},{\"@type\":\"BreadcrumbList\",\"@id\":\"https:\\\/\\\/comuna.pt\\\/pt-pt\\\/product\\\/iworkcase-v3-16-com-tripe\\\/#breadcrumb\",\"itemListElement\":[{\"@type\":\"ListItem\",\"position\":1,\"name\":\"Home\",\"item\":\"https:\\\/\\\/comuna.pt\\\/pt-pt\\\/\"},{\"@type\":\"ListItem\",\"position\":2,\"name\":\"Produtos\"},{\"@type\":\"ListItem\",\"position\":3,\"name\":\"Monitoriza\u00e7\u00e3o\",\"item\":\"https:\\\/\\\/comuna.pt\\\/pt-pt\\\/Categoria\\\/monitorizacao\\\/\"},{\"@type\":\"ListItem\",\"position\":4,\"name\":\"iWorkCase V3 16 (com trip\u00e9)\"}]},{\"@type\":\"WebSite\",\"@id\":\"https:\\\/\\\/comuna.pt\\\/pt-pt\\\/#website\",\"url\":\"https:\\\/\\\/comuna.pt\\\/pt-pt\\\/\",\"name\":\"Comuna Rental House\",\"description\":\"Photo studios, Podcast &amp; Equipment Rental\",\"publisher\":{\"@id\":\"https:\\\/\\\/comuna.pt\\\/pt-pt\\\/#organization\"},\"alternateName\":\"Comuna Filmmaking Equipment Rental\",\"potentialAction\":[{\"@type\":\"SearchAction\",\"target\":{\"@type\":\"EntryPoint\",\"urlTemplate\":\"https:\\\/\\\/comuna.pt\\\/pt-pt\\\/?s={search_term_string}\"},\"query-input\":{\"@type\":\"PropertyValueSpecification\",\"valueRequired\":true,\"valueName\":\"search_term_string\"}}],\"inLanguage\":\"pt-PT\"},{\"@type\":\"Organization\",\"@id\":\"https:\\\/\\\/comuna.pt\\\/pt-pt\\\/#organization\",\"name\":\"Comuna Rental House\",\"url\":\"https:\\\/\\\/comuna.pt\\\/pt-pt\\\/\",\"logo\":{\"@type\":\"ImageObject\",\"inLanguage\":\"pt-PT\",\"@id\":\"https:\\\/\\\/comuna.pt\\\/pt-pt\\\/#\\\/schema\\\/logo\\\/image\\\/\",\"url\":\"https:\\\/\\\/comuna.pt\\\/wp-content\\\/uploads\\\/2024\\\/03\\\/comuna_logo_website.png\",\"contentUrl\":\"https:\\\/\\\/comuna.pt\\\/wp-content\\\/uploads\\\/2024\\\/03\\\/comuna_logo_website.png\",\"width\":2000,\"height\":262,\"caption\":\"Comuna Rental House\"},\"image\":{\"@id\":\"https:\\\/\\\/comuna.pt\\\/pt-pt\\\/#\\\/schema\\\/logo\\\/image\\\/\"},\"sameAs\":[\"http:\\\/\\\/facebook.com\\\/comuna.rental\",\"https:\\\/\\\/www.instagram.com\\\/comuna_rental\",\"https:\\\/\\\/www.linkedin.com\\\/company\\\/96410498\"]}]}<\/script>\n<meta property=\"product:price:amount\" content=\"35.00\" \/>\n<meta property=\"product:price:currency\" content=\"EUR\" \/>\n<meta property=\"og:availability\" content=\"instock\" \/>\n<meta property=\"product:availability\" content=\"instock\" \/>\n<meta property=\"product:condition\" content=\"new\" \/>\n<!-- \/ Yoast SEO Premium plugin. -->","yoast_head_json":{"title":"iWorkCase V3 16 (com trip\u00e9) | Comuna Studios &amp; Equipment Rental","description":"Alugue a esta\u00e7\u00e3o de tethering iWorkCase V3 para MacBook Pro 16\" em Lisboa. Prote\u00e7\u00e3o total, pala solar e trip\u00e9 inclu\u00eddo para um fluxo de trabalho digital est\u00e1vel no set.","robots":{"index":"index","follow":"follow","max-snippet":"max-snippet:-1","max-image-preview":"max-image-preview:large","max-video-preview":"max-video-preview:-1"},"canonical":"https:\/\/comuna.pt\/pt-pt\/product\/iworkcase-v3-16-com-tripe\/","og_locale":"pt_PT","og_type":"article","og_title":"iWorkCase V3 16 (com trip\u00e9)","og_description":"Alugue a esta\u00e7\u00e3o de tethering iWorkCase V3 para MacBook Pro 16\" em Lisboa. Prote\u00e7\u00e3o total, pala solar e trip\u00e9 inclu\u00eddo para um fluxo de trabalho digital est\u00e1vel no set.","og_url":"https:\/\/comuna.pt\/pt-pt\/product\/iworkcase-v3-16-com-tripe\/","og_site_name":"Comuna Studios &amp; Equipment Rental","article_publisher":"http:\/\/facebook.com\/comuna.rental","article_modified_time":"2026-01-29T17:32:20+00:00","og_image":[{"width":2048,"height":1365,"url":"https:\/\/comuna.pt\/wp-content\/uploads\/2025\/04\/iWorkCase-digicase-dit-workstation-16_M1_2048x2048.webp","type":"image\/webp"}],"twitter_card":"summary_large_image","twitter_misc":{"pre\u00e7o":"&euro;35,00 + 23% VAT","Disponibilidade":"Em stock"},"schema":{"@context":"https:\/\/schema.org","@graph":[{"@type":["WebPage","ItemPage"],"@id":"https:\/\/comuna.pt\/pt-pt\/product\/iworkcase-v3-16-com-tripe\/","url":"https:\/\/comuna.pt\/pt-pt\/product\/iworkcase-v3-16-com-tripe\/","name":"iWorkCase V3 16 (com trip\u00e9) | Comuna Studios &amp; Equipment Rental","isPartOf":{"@id":"https:\/\/comuna.pt\/pt-pt\/#website"},"primaryImageOfPage":{"@id":"https:\/\/comuna.pt\/pt-pt\/product\/iworkcase-v3-16-com-tripe\/#primaryimage"},"image":{"@id":"https:\/\/comuna.pt\/pt-pt\/product\/iworkcase-v3-16-com-tripe\/#primaryimage"},"thumbnailUrl":"https:\/\/comuna.pt\/wp-content\/uploads\/2025\/04\/iWorkCase-digicase-dit-workstation-16_M1_2048x2048.webp","datePublished":"2025-04-18T16:55:18+00:00","dateModified":"2026-01-29T17:32:20+00:00","description":"Alugue a esta\u00e7\u00e3o de tethering iWorkCase V3 para MacBook Pro 16\" em Lisboa. Prote\u00e7\u00e3o total, pala solar e trip\u00e9 inclu\u00eddo para um fluxo de trabalho digital est\u00e1vel no set.","breadcrumb":{"@id":"https:\/\/comuna.pt\/pt-pt\/product\/iworkcase-v3-16-com-tripe\/#breadcrumb"},"inLanguage":"pt-PT","potentialAction":[{"@type":"ReadAction","target":["https:\/\/comuna.pt\/pt-pt\/product\/iworkcase-v3-16-com-tripe\/"]}]},{"@type":"ImageObject","inLanguage":"pt-PT","@id":"https:\/\/comuna.pt\/pt-pt\/product\/iworkcase-v3-16-com-tripe\/#primaryimage","url":"https:\/\/comuna.pt\/wp-content\/uploads\/2025\/04\/iWorkCase-digicase-dit-workstation-16_M1_2048x2048.webp","contentUrl":"https:\/\/comuna.pt\/wp-content\/uploads\/2025\/04\/iWorkCase-digicase-dit-workstation-16_M1_2048x2048.webp","width":2048,"height":1365},{"@type":"BreadcrumbList","@id":"https:\/\/comuna.pt\/pt-pt\/product\/iworkcase-v3-16-com-tripe\/#breadcrumb","itemListElement":[{"@type":"ListItem","position":1,"name":"Home","item":"https:\/\/comuna.pt\/pt-pt\/"},{"@type":"ListItem","position":2,"name":"Produtos"},{"@type":"ListItem","position":3,"name":"Monitoriza\u00e7\u00e3o","item":"https:\/\/comuna.pt\/pt-pt\/Categoria\/monitorizacao\/"},{"@type":"ListItem","position":4,"name":"iWorkCase V3 16 (com trip\u00e9)"}]},{"@type":"WebSite","@id":"https:\/\/comuna.pt\/pt-pt\/#website","url":"https:\/\/comuna.pt\/pt-pt\/","name":"Comuna Rental House","description":"Photo studios, Podcast &amp; Equipment Rental","publisher":{"@id":"https:\/\/comuna.pt\/pt-pt\/#organization"},"alternateName":"Comuna Filmmaking Equipment Rental","potentialAction":[{"@type":"SearchAction","target":{"@type":"EntryPoint","urlTemplate":"https:\/\/comuna.pt\/pt-pt\/?s={search_term_string}"},"query-input":{"@type":"PropertyValueSpecification","valueRequired":true,"valueName":"search_term_string"}}],"inLanguage":"pt-PT"},{"@type":"Organization","@id":"https:\/\/comuna.pt\/pt-pt\/#organization","name":"Comuna Rental House","url":"https:\/\/comuna.pt\/pt-pt\/","logo":{"@type":"ImageObject","inLanguage":"pt-PT","@id":"https:\/\/comuna.pt\/pt-pt\/#\/schema\/logo\/image\/","url":"https:\/\/comuna.pt\/wp-content\/uploads\/2024\/03\/comuna_logo_website.png","contentUrl":"https:\/\/comuna.pt\/wp-content\/uploads\/2024\/03\/comuna_logo_website.png","width":2000,"height":262,"caption":"Comuna Rental House"},"image":{"@id":"https:\/\/comuna.pt\/pt-pt\/#\/schema\/logo\/image\/"},"sameAs":["http:\/\/facebook.com\/comuna.rental","https:\/\/www.instagram.com\/comuna_rental","https:\/\/www.linkedin.com\/company\/96410498"]}]},"product_price_amount":"35.00","product_price_currency":"EUR","og_availability":"instock","product_availability":"instock","product_condition":"new"},"_links":{"self":[{"href":"https:\/\/comuna.pt\/pt-pt\/wp-json\/wp\/v2\/product\/18036","targetHints":{"allow":["GET"]}}],"collection":[{"href":"https:\/\/comuna.pt\/pt-pt\/wp-json\/wp\/v2\/product"}],"about":[{"href":"https:\/\/comuna.pt\/pt-pt\/wp-json\/wp\/v2\/types\/product"}],"version-history":[{"count":3,"href":"https:\/\/comuna.pt\/pt-pt\/wp-json\/wp\/v2\/product\/18036\/revisions"}],"predecessor-version":[{"id":18117,"href":"https:\/\/comuna.pt\/pt-pt\/wp-json\/wp\/v2\/product\/18036\/revisions\/18117"}],"wp:featuredmedia":[{"embeddable":true,"href":"https:\/\/comuna.pt\/pt-pt\/wp-json\/wp\/v2\/media\/18037"}],"wp:attachment":[{"href":"https:\/\/comuna.pt\/pt-pt\/wp-json\/wp\/v2\/media?parent=18036"}],"wp:term":[{"taxonomy":"product_brand","embeddable":true,"href":"https:\/\/comuna.pt\/pt-pt\/wp-json\/wp\/v2\/product_brand?post=18036"},{"taxonomy":"product_cat","embeddable":true,"href":"https:\/\/comuna.pt\/pt-pt\/wp-json\/wp\/v2\/product_cat?post=18036"},{"taxonomy":"product_tag","embeddable":true,"href":"https:\/\/comuna.pt\/pt-pt\/wp-json\/wp\/v2\/product_tag?post=18036"}],"curies":[{"name":"wp","href":"https:\/\/api.w.org\/{rel}","templated":true}]}}