{"id":17882,"date":"2025-07-02T19:50:24","date_gmt":"2025-07-02T18:50:24","guid":{"rendered":"https:\/\/comuna.pt\/product\/bateria-profoto-b10x\/"},"modified":"2026-01-29T16:34:50","modified_gmt":"2026-01-29T16:34:50","slug":"bateria-profoto-b10x","status":"publish","type":"product","link":"https:\/\/comuna.pt\/pt-pt\/product\/bateria-profoto-b10x\/","title":{"rendered":"Bateria Profoto B10X"},"content":{"rendered":"<p class=\"ai-optimize-30\"><a class=\"cursor-pointer\" target=\"_new\" rel=\"noopener\" data-start=\"116\" data-end=\"197\"><div class=\"booqable-product-button\" data-id=\"profoto-b10x-battery\"><\/div><\/p>\n<p class=\"ai-optimize-30\">A <strong data-start=\"114\" data-end=\"199\"><a class=\"cursor-pointer\" target=\"_new\" rel=\"noopener\" data-start=\"116\" data-end=\"197\">Bateria Profoto B10X<\/a><\/strong> \u00e9 uma bateria recarreg\u00e1vel de i\u00f5es de l\u00edtio de alta capacidade, concebida para os focos <a class=\"cursor-pointer\" target=\"_new\" rel=\"noopener\" data-start=\"269\" data-end=\"325\">Profoto B10X<\/a> e <a class=\"cursor-pointer\" target=\"_new\" rel=\"noopener\" data-start=\"330\" data-end=\"388\">B10X Plus<\/a>.<br \/>\nOferece at\u00e9 <strong data-start=\"415\" data-end=\"441\">400 flashes na pot\u00eancia m\u00e1xima<\/strong> por carga e pode ser facilmente trocada em segundos para disparos ininterruptos em exteriores.<\/p>\n","protected":false},"excerpt":{"rendered":"<p>A Bateria Profoto B10X \u00e9 uma bateria recarreg\u00e1vel de i\u00f5es de l\u00edtio de alta capacidade, concebida para os focos Profoto B10X e B10X Plus. Oferece at\u00e9 400 flashes na pot\u00eancia m\u00e1xima por carga e pode ser facilmente trocada em segundos para disparos ininterruptos em exteriores.<\/p>\n","protected":false},"featured_media":17883,"template":"","meta":[],"product_brand":[],"product_cat":[805866],"product_tag":[],"class_list":{"0":"post-17882","1":"product","2":"type-product","3":"status-publish","4":"has-post-thumbnail","6":"product_cat-flash","8":"first","9":"instock","10":"taxable","11":"shipping-taxable","12":"purchasable","13":"product-type-simple"},"yoast_head":"<!-- This site is optimized with the Yoast SEO Premium plugin v27.4 (Yoast SEO v27.5) - https:\/\/yoast.com\/product\/yoast-seo-premium-wordpress\/ -->\n<title>Bateria Profoto B10X | Comuna Studios &amp; Equipment Rental<\/title>\n<meta name=\"description\" content=\"Alugue baterias extra para Profoto B10X e B10X Plus na Comuna Studios &amp; Equipment Rental em Lisboa. Alta capacidade, troca r\u00e1pida e at\u00e9 400 flashes por carga.\" \/>\n<meta name=\"robots\" content=\"index, follow, max-snippet:-1, max-image-preview:large, max-video-preview:-1\" \/>\n<link rel=\"canonical\" href=\"https:\/\/comuna.pt\/pt-pt\/product\/bateria-profoto-b10x\/\" \/>\n<meta property=\"og:locale\" content=\"pt_PT\" \/>\n<meta property=\"og:type\" content=\"article\" \/>\n<meta property=\"og:title\" content=\"Bateria Profoto B10X\" \/>\n<meta property=\"og:description\" content=\"Alugue baterias extra para Profoto B10X e B10X Plus na Comuna Studios &amp; Equipment Rental em Lisboa. Alta capacidade, troca r\u00e1pida e at\u00e9 400 flashes por carga.\" \/>\n<meta property=\"og:url\" content=\"https:\/\/comuna.pt\/pt-pt\/product\/bateria-profoto-b10x\/\" \/>\n<meta property=\"og:site_name\" content=\"Comuna Studios &amp; Equipment Rental\" \/>\n<meta property=\"article:publisher\" content=\"http:\/\/facebook.com\/comuna.rental\" \/>\n<meta property=\"article:modified_time\" content=\"2026-01-29T16:34:50+00:00\" \/>\n<meta property=\"og:image\" content=\"https:\/\/comuna.pt\/wp-content\/uploads\/2025\/07\/100440_e_profoto-li-ion-battery-for-b10-angle_productimage.webp\" \/>\n\t<meta property=\"og:image:width\" content=\"600\" \/>\n\t<meta property=\"og:image:height\" content=\"600\" \/>\n\t<meta property=\"og:image:type\" content=\"image\/webp\" \/>\n<meta name=\"twitter:card\" content=\"summary_large_image\" \/>\n<meta name=\"twitter:label1\" content=\"pre\u00e7o\" \/>\n\t<meta name=\"twitter:data1\" content=\"&euro;10,00 + 23% VAT\" \/>\n\t<meta name=\"twitter:label2\" content=\"Disponibilidade\" \/>\n\t<meta name=\"twitter:data2\" content=\"Em stock\" \/>\n<script type=\"application\/ld+json\" class=\"yoast-schema-graph\">{\"@context\":\"https:\\\/\\\/schema.org\",\"@graph\":[{\"@type\":[\"WebPage\",\"ItemPage\"],\"@id\":\"https:\\\/\\\/comuna.pt\\\/pt-pt\\\/product\\\/bateria-profoto-b10x\\\/\",\"url\":\"https:\\\/\\\/comuna.pt\\\/pt-pt\\\/product\\\/bateria-profoto-b10x\\\/\",\"name\":\"Bateria Profoto B10X | Comuna Studios &amp; Equipment Rental\",\"isPartOf\":{\"@id\":\"https:\\\/\\\/comuna.pt\\\/pt-pt\\\/#website\"},\"primaryImageOfPage\":{\"@id\":\"https:\\\/\\\/comuna.pt\\\/pt-pt\\\/product\\\/bateria-profoto-b10x\\\/#primaryimage\"},\"image\":{\"@id\":\"https:\\\/\\\/comuna.pt\\\/pt-pt\\\/product\\\/bateria-profoto-b10x\\\/#primaryimage\"},\"thumbnailUrl\":\"https:\\\/\\\/comuna.pt\\\/wp-content\\\/uploads\\\/2025\\\/07\\\/100440_e_profoto-li-ion-battery-for-b10-angle_productimage.webp\",\"datePublished\":\"2025-07-02T18:50:24+00:00\",\"dateModified\":\"2026-01-29T16:34:50+00:00\",\"description\":\"Alugue baterias extra para Profoto B10X e B10X Plus na Comuna Studios &amp; Equipment Rental em Lisboa. Alta capacidade, troca r\u00e1pida e at\u00e9 400 flashes por carga.\",\"breadcrumb\":{\"@id\":\"https:\\\/\\\/comuna.pt\\\/pt-pt\\\/product\\\/bateria-profoto-b10x\\\/#breadcrumb\"},\"inLanguage\":\"pt-PT\",\"potentialAction\":[{\"@type\":\"ReadAction\",\"target\":[\"https:\\\/\\\/comuna.pt\\\/pt-pt\\\/product\\\/bateria-profoto-b10x\\\/\"]}]},{\"@type\":\"ImageObject\",\"inLanguage\":\"pt-PT\",\"@id\":\"https:\\\/\\\/comuna.pt\\\/pt-pt\\\/product\\\/bateria-profoto-b10x\\\/#primaryimage\",\"url\":\"https:\\\/\\\/comuna.pt\\\/wp-content\\\/uploads\\\/2025\\\/07\\\/100440_e_profoto-li-ion-battery-for-b10-angle_productimage.webp\",\"contentUrl\":\"https:\\\/\\\/comuna.pt\\\/wp-content\\\/uploads\\\/2025\\\/07\\\/100440_e_profoto-li-ion-battery-for-b10-angle_productimage.webp\",\"width\":600,\"height\":600},{\"@type\":\"BreadcrumbList\",\"@id\":\"https:\\\/\\\/comuna.pt\\\/pt-pt\\\/product\\\/bateria-profoto-b10x\\\/#breadcrumb\",\"itemListElement\":[{\"@type\":\"ListItem\",\"position\":1,\"name\":\"Home\",\"item\":\"https:\\\/\\\/comuna.pt\\\/pt-pt\\\/\"},{\"@type\":\"ListItem\",\"position\":2,\"name\":\"Produtos\"},{\"@type\":\"ListItem\",\"position\":3,\"name\":\"Flash\",\"item\":\"https:\\\/\\\/comuna.pt\\\/pt-pt\\\/Categoria\\\/flash\\\/\"},{\"@type\":\"ListItem\",\"position\":4,\"name\":\"Bateria Profoto B10X\"}]},{\"@type\":\"WebSite\",\"@id\":\"https:\\\/\\\/comuna.pt\\\/pt-pt\\\/#website\",\"url\":\"https:\\\/\\\/comuna.pt\\\/pt-pt\\\/\",\"name\":\"Comuna Rental House\",\"description\":\"Photo studios, Podcast &amp; Equipment Rental\",\"publisher\":{\"@id\":\"https:\\\/\\\/comuna.pt\\\/pt-pt\\\/#organization\"},\"alternateName\":\"Comuna Filmmaking Equipment Rental\",\"potentialAction\":[{\"@type\":\"SearchAction\",\"target\":{\"@type\":\"EntryPoint\",\"urlTemplate\":\"https:\\\/\\\/comuna.pt\\\/pt-pt\\\/?s={search_term_string}\"},\"query-input\":{\"@type\":\"PropertyValueSpecification\",\"valueRequired\":true,\"valueName\":\"search_term_string\"}}],\"inLanguage\":\"pt-PT\"},{\"@type\":\"Organization\",\"@id\":\"https:\\\/\\\/comuna.pt\\\/pt-pt\\\/#organization\",\"name\":\"Comuna Rental House\",\"url\":\"https:\\\/\\\/comuna.pt\\\/pt-pt\\\/\",\"logo\":{\"@type\":\"ImageObject\",\"inLanguage\":\"pt-PT\",\"@id\":\"https:\\\/\\\/comuna.pt\\\/pt-pt\\\/#\\\/schema\\\/logo\\\/image\\\/\",\"url\":\"https:\\\/\\\/comuna.pt\\\/wp-content\\\/uploads\\\/2024\\\/03\\\/comuna_logo_website.png\",\"contentUrl\":\"https:\\\/\\\/comuna.pt\\\/wp-content\\\/uploads\\\/2024\\\/03\\\/comuna_logo_website.png\",\"width\":2000,\"height\":262,\"caption\":\"Comuna Rental House\"},\"image\":{\"@id\":\"https:\\\/\\\/comuna.pt\\\/pt-pt\\\/#\\\/schema\\\/logo\\\/image\\\/\"},\"sameAs\":[\"http:\\\/\\\/facebook.com\\\/comuna.rental\",\"https:\\\/\\\/www.instagram.com\\\/comuna_rental\",\"https:\\\/\\\/www.linkedin.com\\\/company\\\/96410498\"]}]}<\/script>\n<meta property=\"product:price:amount\" content=\"10.00\" \/>\n<meta property=\"product:price:currency\" content=\"EUR\" \/>\n<meta property=\"og:availability\" content=\"instock\" \/>\n<meta property=\"product:availability\" content=\"instock\" \/>\n<meta property=\"product:condition\" content=\"new\" \/>\n<!-- \/ Yoast SEO Premium plugin. -->","yoast_head_json":{"title":"Bateria Profoto B10X | Comuna Studios &amp; Equipment Rental","description":"Alugue baterias extra para Profoto B10X e B10X Plus na Comuna Studios &amp; Equipment Rental em Lisboa. Alta capacidade, troca r\u00e1pida e at\u00e9 400 flashes por carga.","robots":{"index":"index","follow":"follow","max-snippet":"max-snippet:-1","max-image-preview":"max-image-preview:large","max-video-preview":"max-video-preview:-1"},"canonical":"https:\/\/comuna.pt\/pt-pt\/product\/bateria-profoto-b10x\/","og_locale":"pt_PT","og_type":"article","og_title":"Bateria Profoto B10X","og_description":"Alugue baterias extra para Profoto B10X e B10X Plus na Comuna Studios &amp; Equipment Rental em Lisboa. Alta capacidade, troca r\u00e1pida e at\u00e9 400 flashes por carga.","og_url":"https:\/\/comuna.pt\/pt-pt\/product\/bateria-profoto-b10x\/","og_site_name":"Comuna Studios &amp; Equipment Rental","article_publisher":"http:\/\/facebook.com\/comuna.rental","article_modified_time":"2026-01-29T16:34:50+00:00","og_image":[{"width":600,"height":600,"url":"https:\/\/comuna.pt\/wp-content\/uploads\/2025\/07\/100440_e_profoto-li-ion-battery-for-b10-angle_productimage.webp","type":"image\/webp"}],"twitter_card":"summary_large_image","twitter_misc":{"pre\u00e7o":"&euro;10,00 + 23% VAT","Disponibilidade":"Em stock"},"schema":{"@context":"https:\/\/schema.org","@graph":[{"@type":["WebPage","ItemPage"],"@id":"https:\/\/comuna.pt\/pt-pt\/product\/bateria-profoto-b10x\/","url":"https:\/\/comuna.pt\/pt-pt\/product\/bateria-profoto-b10x\/","name":"Bateria Profoto B10X | Comuna Studios &amp; Equipment Rental","isPartOf":{"@id":"https:\/\/comuna.pt\/pt-pt\/#website"},"primaryImageOfPage":{"@id":"https:\/\/comuna.pt\/pt-pt\/product\/bateria-profoto-b10x\/#primaryimage"},"image":{"@id":"https:\/\/comuna.pt\/pt-pt\/product\/bateria-profoto-b10x\/#primaryimage"},"thumbnailUrl":"https:\/\/comuna.pt\/wp-content\/uploads\/2025\/07\/100440_e_profoto-li-ion-battery-for-b10-angle_productimage.webp","datePublished":"2025-07-02T18:50:24+00:00","dateModified":"2026-01-29T16:34:50+00:00","description":"Alugue baterias extra para Profoto B10X e B10X Plus na Comuna Studios &amp; Equipment Rental em Lisboa. Alta capacidade, troca r\u00e1pida e at\u00e9 400 flashes por carga.","breadcrumb":{"@id":"https:\/\/comuna.pt\/pt-pt\/product\/bateria-profoto-b10x\/#breadcrumb"},"inLanguage":"pt-PT","potentialAction":[{"@type":"ReadAction","target":["https:\/\/comuna.pt\/pt-pt\/product\/bateria-profoto-b10x\/"]}]},{"@type":"ImageObject","inLanguage":"pt-PT","@id":"https:\/\/comuna.pt\/pt-pt\/product\/bateria-profoto-b10x\/#primaryimage","url":"https:\/\/comuna.pt\/wp-content\/uploads\/2025\/07\/100440_e_profoto-li-ion-battery-for-b10-angle_productimage.webp","contentUrl":"https:\/\/comuna.pt\/wp-content\/uploads\/2025\/07\/100440_e_profoto-li-ion-battery-for-b10-angle_productimage.webp","width":600,"height":600},{"@type":"BreadcrumbList","@id":"https:\/\/comuna.pt\/pt-pt\/product\/bateria-profoto-b10x\/#breadcrumb","itemListElement":[{"@type":"ListItem","position":1,"name":"Home","item":"https:\/\/comuna.pt\/pt-pt\/"},{"@type":"ListItem","position":2,"name":"Produtos"},{"@type":"ListItem","position":3,"name":"Flash","item":"https:\/\/comuna.pt\/pt-pt\/Categoria\/flash\/"},{"@type":"ListItem","position":4,"name":"Bateria Profoto B10X"}]},{"@type":"WebSite","@id":"https:\/\/comuna.pt\/pt-pt\/#website","url":"https:\/\/comuna.pt\/pt-pt\/","name":"Comuna Rental House","description":"Photo studios, Podcast &amp; Equipment Rental","publisher":{"@id":"https:\/\/comuna.pt\/pt-pt\/#organization"},"alternateName":"Comuna Filmmaking Equipment Rental","potentialAction":[{"@type":"SearchAction","target":{"@type":"EntryPoint","urlTemplate":"https:\/\/comuna.pt\/pt-pt\/?s={search_term_string}"},"query-input":{"@type":"PropertyValueSpecification","valueRequired":true,"valueName":"search_term_string"}}],"inLanguage":"pt-PT"},{"@type":"Organization","@id":"https:\/\/comuna.pt\/pt-pt\/#organization","name":"Comuna Rental House","url":"https:\/\/comuna.pt\/pt-pt\/","logo":{"@type":"ImageObject","inLanguage":"pt-PT","@id":"https:\/\/comuna.pt\/pt-pt\/#\/schema\/logo\/image\/","url":"https:\/\/comuna.pt\/wp-content\/uploads\/2024\/03\/comuna_logo_website.png","contentUrl":"https:\/\/comuna.pt\/wp-content\/uploads\/2024\/03\/comuna_logo_website.png","width":2000,"height":262,"caption":"Comuna Rental House"},"image":{"@id":"https:\/\/comuna.pt\/pt-pt\/#\/schema\/logo\/image\/"},"sameAs":["http:\/\/facebook.com\/comuna.rental","https:\/\/www.instagram.com\/comuna_rental","https:\/\/www.linkedin.com\/company\/96410498"]}]},"product_price_amount":"10.00","product_price_currency":"EUR","og_availability":"instock","product_availability":"instock","product_condition":"new"},"_links":{"self":[{"href":"https:\/\/comuna.pt\/pt-pt\/wp-json\/wp\/v2\/product\/17882","targetHints":{"allow":["GET"]}}],"collection":[{"href":"https:\/\/comuna.pt\/pt-pt\/wp-json\/wp\/v2\/product"}],"about":[{"href":"https:\/\/comuna.pt\/pt-pt\/wp-json\/wp\/v2\/types\/product"}],"version-history":[{"count":1,"href":"https:\/\/comuna.pt\/pt-pt\/wp-json\/wp\/v2\/product\/17882\/revisions"}],"predecessor-version":[{"id":17888,"href":"https:\/\/comuna.pt\/pt-pt\/wp-json\/wp\/v2\/product\/17882\/revisions\/17888"}],"wp:featuredmedia":[{"embeddable":true,"href":"https:\/\/comuna.pt\/pt-pt\/wp-json\/wp\/v2\/media\/17883"}],"wp:attachment":[{"href":"https:\/\/comuna.pt\/pt-pt\/wp-json\/wp\/v2\/media?parent=17882"}],"wp:term":[{"taxonomy":"product_brand","embeddable":true,"href":"https:\/\/comuna.pt\/pt-pt\/wp-json\/wp\/v2\/product_brand?post=17882"},{"taxonomy":"product_cat","embeddable":true,"href":"https:\/\/comuna.pt\/pt-pt\/wp-json\/wp\/v2\/product_cat?post=17882"},{"taxonomy":"product_tag","embeddable":true,"href":"https:\/\/comuna.pt\/pt-pt\/wp-json\/wp\/v2\/product_tag?post=17882"}],"curies":[{"name":"wp","href":"https:\/\/api.w.org\/{rel}","templated":true}]}}