{"id":17859,"date":"2025-07-02T19:34:26","date_gmt":"2025-07-02T18:34:26","guid":{"rendered":"https:\/\/comuna.pt\/product\/profoto-b10x-250-air-ttl\/"},"modified":"2026-01-29T16:34:49","modified_gmt":"2026-01-29T16:34:49","slug":"profoto-b10x-250-air-ttl","status":"publish","type":"product","link":"https:\/\/comuna.pt\/pt-pt\/product\/profoto-b10x-250-air-ttl\/","title":{"rendered":"Profoto B10X 250 Air TTL"},"content":{"rendered":"<p class=\"ai-optimize-56 ai-optimize-introduction\"><a class=\"cursor-pointer\" target=\"_new\" rel=\"noopener\" data-start=\"152\" data-end=\"219\"><div class=\"booqable-product-button\" data-id=\"b10x\"><\/div>O Profoto B10X 250 AirTTL \u00e9 um <a class=\"cursor-pointer\" target=\"_new\" rel=\"noopener\" data-start=\"248\" data-end=\"308\">monolight<\/a> compacto mas potente, concebido tanto para criadores de fotografia como de v\u00eddeo.<br \/>\nCom <strong data-start=\"358\" data-end=\"383\">250 Ws de pot\u00eancia de flash<\/strong> e uma sa\u00edda de luz cont\u00ednua de <strong data-start=\"417\" data-end=\"433\">2.800 l\u00famenes<\/strong>, o B10X oferece versatilidade num formato leve e alimentado por bateria.<\/p>\n<p data-start=\"506\" data-end=\"923\">Este modelo suporta <strong data-start=\"526\" data-end=\"595\"><a class=\"cursor-pointer\" target=\"_new\" rel=\"noopener\" data-start=\"528\" data-end=\"593\">TTL e HSS<\/a><\/strong> com integra\u00e7\u00e3o total atrav\u00e9s do <a class=\"cursor-pointer\" target=\"_new\" rel=\"noopener\" data-start=\"630\" data-end=\"712\">sistema Profoto AirTTL<\/a>, permitindo um controlo r\u00e1pido e sem fios com triggers compat\u00edveis como o <a class=\"cursor-pointer\" target=\"_new\" rel=\"noopener\" data-start=\"780\" data-end=\"850\">Profoto Connect Pro<\/a> ou <a class=\"cursor-pointer\" target=\"_new\" rel=\"noopener\" data-start=\"854\" data-end=\"922\">Profoto Air Remote TTL<\/a>.<\/p>\n<p data-start=\"925\" data-end=\"938\">Caracter\u00edsticas principais:<\/p>\n<ul data-start=\"939\" data-end=\"1386\">\n<li data-start=\"939\" data-end=\"966\">\n<p data-start=\"941\" data-end=\"966\"><strong data-start=\"941\" data-end=\"956\">Pot\u00eancia de flash<\/strong>: 250 Ws<\/p>\n<\/li>\n<li data-start=\"967\" data-end=\"1035\">\n<p data-start=\"969\" data-end=\"1035\"><strong data-start=\"969\" data-end=\"989\">Luz cont\u00ednua<\/strong>: 2.800 l\u00famenes, temperatura de cor ajust\u00e1vel<\/p>\n<\/li>\n<li data-start=\"1036\" data-end=\"1097\">\n<p data-start=\"1038\" data-end=\"1097\"><strong data-start=\"1038\" data-end=\"1054\">Autonomia da bateria<\/strong>: at\u00e9 400 flashes na pot\u00eancia m\u00e1xima por carga<\/p>\n<\/li>\n<li data-start=\"1098\" data-end=\"1151\">\n<p data-start=\"1100\" data-end=\"1151\"><strong data-start=\"1100\" data-end=\"1118\">Tempo de reciclagem<\/strong>: t\u00e3o r\u00e1pido quanto 0.05 \u2013 1.3 segundos<\/p>\n<\/li>\n<li data-start=\"1152\" data-end=\"1189\">\n<p data-start=\"1154\" data-end=\"1189\"><strong data-start=\"1154\" data-end=\"1164\">Peso<\/strong>: apenas 1.5 kg (3.3 lbs)<\/p>\n<\/li>\n<li data-start=\"1190\" data-end=\"1294\">\n<p data-start=\"1192\" data-end=\"1294\"><strong data-start=\"1192\" data-end=\"1201\">Montagem<\/strong>: compat\u00edvel com <a class=\"cursor-pointer\" target=\"_new\" rel=\"noopener\" data-start=\"1203\" data-end=\"1281\">Profoto OCF<\/a><\/p>\n<\/li>\n<li data-start=\"1295\" data-end=\"1386\">\n<p data-start=\"1297\" data-end=\"1386\"><strong data-start=\"1297\" data-end=\"1310\">Bluetooth<\/strong>: para controlo atrav\u00e9s da <a class=\"cursor-pointer\" target=\"_new\" rel=\"noopener\" data-start=\"1332\" data-end=\"1386\">aplica\u00e7\u00e3o Profoto<\/a><\/p>\n<\/li>\n<\/ul>\n<p data-start=\"1388\" data-end=\"1544\">Perfeito para <strong data-start=\"1400\" data-end=\"1422\">filmagens em exteriores<\/strong>, <strong data-start=\"1424\" data-end=\"1444\">retratos de est\u00fadio<\/strong>, ou <strong data-start=\"1449\" data-end=\"1470\">trabalho h\u00edbrido de v\u00eddeo<\/strong>, o Profoto B10X equilibra pot\u00eancia, portabilidade e uma qualidade de constru\u00e7\u00e3o premium.<\/p>\n","protected":false},"excerpt":{"rendered":"<p>O Profoto B10X 250 AirTTL \u00e9 um monolight compacto mas potente, concebido tanto para criadores de fotografia como de v\u00eddeo. Com 250 Ws de pot\u00eancia de flash e uma sa\u00edda de luz cont\u00ednua de 2.800 l\u00famenes, o B10X oferece versatilidade num formato leve e alimentado por bateria. Este modelo suporta TTL e HSS com integra\u00e7\u00e3o [&hellip;]<\/p>\n","protected":false},"featured_media":17863,"template":"","meta":[],"product_brand":[],"product_cat":[805866],"product_tag":[],"class_list":{"0":"post-17859","1":"product","2":"type-product","3":"status-publish","4":"has-post-thumbnail","6":"product_cat-flash","8":"first","9":"instock","10":"taxable","11":"shipping-taxable","12":"purchasable","13":"product-type-simple"},"yoast_head":"<!-- This site is optimized with the Yoast SEO Premium plugin v27.4 (Yoast SEO v27.5) - https:\/\/yoast.com\/product\/yoast-seo-premium-wordpress\/ -->\n<title>Profoto B10X 250 Air TTL | Comuna Studios &amp; Equipment Rental<\/title>\n<meta name=\"description\" content=\"Alugue o Profoto B10X 250 AirTTL em Lisboa na Comuna Studios &amp; Equipment Rental. Flash e luz cont\u00ednua potente para foto e v\u00eddeo. Compacto, sem fios e com suporte TTL\/HSS.\" \/>\n<meta name=\"robots\" content=\"index, follow, max-snippet:-1, max-image-preview:large, max-video-preview:-1\" \/>\n<link rel=\"canonical\" href=\"https:\/\/comuna.pt\/pt-pt\/product\/profoto-b10x-250-air-ttl\/\" \/>\n<meta property=\"og:locale\" content=\"pt_PT\" \/>\n<meta property=\"og:type\" content=\"article\" \/>\n<meta property=\"og:title\" content=\"Profoto B10X 250 Air TTL\" \/>\n<meta property=\"og:description\" content=\"Alugue o Profoto B10X 250 AirTTL em Lisboa na Comuna Studios &amp; Equipment Rental. Flash e luz cont\u00ednua potente para foto e v\u00eddeo. Compacto, sem fios e com suporte TTL\/HSS.\" \/>\n<meta property=\"og:url\" content=\"https:\/\/comuna.pt\/pt-pt\/product\/profoto-b10x-250-air-ttl\/\" \/>\n<meta property=\"og:site_name\" content=\"Comuna Studios &amp; Equipment Rental\" \/>\n<meta property=\"article:publisher\" content=\"http:\/\/facebook.com\/comuna.rental\" \/>\n<meta property=\"article:modified_time\" content=\"2026-01-29T16:34:49+00:00\" \/>\n<meta property=\"og:image\" content=\"https:\/\/comuna.pt\/wp-content\/uploads\/2025\/07\/1631166388_IMG_1581094-1.jpg\" \/>\n\t<meta property=\"og:image:width\" content=\"769\" \/>\n\t<meta property=\"og:image:height\" content=\"691\" \/>\n\t<meta property=\"og:image:type\" content=\"image\/jpeg\" \/>\n<meta name=\"twitter:card\" content=\"summary_large_image\" \/>\n<meta name=\"twitter:label1\" content=\"pre\u00e7o\" \/>\n\t<meta name=\"twitter:data1\" content=\"&euro;35,00 + 23% VAT\" \/>\n\t<meta name=\"twitter:label2\" content=\"Disponibilidade\" \/>\n\t<meta name=\"twitter:data2\" content=\"Em stock\" \/>\n<script type=\"application\/ld+json\" class=\"yoast-schema-graph\">{\"@context\":\"https:\\\/\\\/schema.org\",\"@graph\":[{\"@type\":[\"WebPage\",\"ItemPage\"],\"@id\":\"https:\\\/\\\/comuna.pt\\\/pt-pt\\\/product\\\/profoto-b10x-250-air-ttl\\\/\",\"url\":\"https:\\\/\\\/comuna.pt\\\/pt-pt\\\/product\\\/profoto-b10x-250-air-ttl\\\/\",\"name\":\"Profoto B10X 250 Air TTL | Comuna Studios &amp; Equipment Rental\",\"isPartOf\":{\"@id\":\"https:\\\/\\\/comuna.pt\\\/pt-pt\\\/#website\"},\"primaryImageOfPage\":{\"@id\":\"https:\\\/\\\/comuna.pt\\\/pt-pt\\\/product\\\/profoto-b10x-250-air-ttl\\\/#primaryimage\"},\"image\":{\"@id\":\"https:\\\/\\\/comuna.pt\\\/pt-pt\\\/product\\\/profoto-b10x-250-air-ttl\\\/#primaryimage\"},\"thumbnailUrl\":\"https:\\\/\\\/comuna.pt\\\/wp-content\\\/uploads\\\/2025\\\/07\\\/1631166388_IMG_1581094-1.jpg\",\"datePublished\":\"2025-07-02T18:34:26+00:00\",\"dateModified\":\"2026-01-29T16:34:49+00:00\",\"description\":\"Alugue o Profoto B10X 250 AirTTL em Lisboa na Comuna Studios &amp; Equipment Rental. Flash e luz cont\u00ednua potente para foto e v\u00eddeo. Compacto, sem fios e com suporte TTL\\\/HSS.\",\"breadcrumb\":{\"@id\":\"https:\\\/\\\/comuna.pt\\\/pt-pt\\\/product\\\/profoto-b10x-250-air-ttl\\\/#breadcrumb\"},\"inLanguage\":\"pt-PT\",\"potentialAction\":[{\"@type\":\"ReadAction\",\"target\":[\"https:\\\/\\\/comuna.pt\\\/pt-pt\\\/product\\\/profoto-b10x-250-air-ttl\\\/\"]}]},{\"@type\":\"ImageObject\",\"inLanguage\":\"pt-PT\",\"@id\":\"https:\\\/\\\/comuna.pt\\\/pt-pt\\\/product\\\/profoto-b10x-250-air-ttl\\\/#primaryimage\",\"url\":\"https:\\\/\\\/comuna.pt\\\/wp-content\\\/uploads\\\/2025\\\/07\\\/1631166388_IMG_1581094-1.jpg\",\"contentUrl\":\"https:\\\/\\\/comuna.pt\\\/wp-content\\\/uploads\\\/2025\\\/07\\\/1631166388_IMG_1581094-1.jpg\",\"width\":769,\"height\":691},{\"@type\":\"BreadcrumbList\",\"@id\":\"https:\\\/\\\/comuna.pt\\\/pt-pt\\\/product\\\/profoto-b10x-250-air-ttl\\\/#breadcrumb\",\"itemListElement\":[{\"@type\":\"ListItem\",\"position\":1,\"name\":\"Home\",\"item\":\"https:\\\/\\\/comuna.pt\\\/pt-pt\\\/\"},{\"@type\":\"ListItem\",\"position\":2,\"name\":\"Produtos\"},{\"@type\":\"ListItem\",\"position\":3,\"name\":\"Flash\",\"item\":\"https:\\\/\\\/comuna.pt\\\/pt-pt\\\/Categoria\\\/flash\\\/\"},{\"@type\":\"ListItem\",\"position\":4,\"name\":\"Profoto B10X 250 Air TTL\"}]},{\"@type\":\"WebSite\",\"@id\":\"https:\\\/\\\/comuna.pt\\\/pt-pt\\\/#website\",\"url\":\"https:\\\/\\\/comuna.pt\\\/pt-pt\\\/\",\"name\":\"Comuna Rental House\",\"description\":\"Photo studios, Podcast &amp; Equipment Rental\",\"publisher\":{\"@id\":\"https:\\\/\\\/comuna.pt\\\/pt-pt\\\/#organization\"},\"alternateName\":\"Comuna Filmmaking Equipment Rental\",\"potentialAction\":[{\"@type\":\"SearchAction\",\"target\":{\"@type\":\"EntryPoint\",\"urlTemplate\":\"https:\\\/\\\/comuna.pt\\\/pt-pt\\\/?s={search_term_string}\"},\"query-input\":{\"@type\":\"PropertyValueSpecification\",\"valueRequired\":true,\"valueName\":\"search_term_string\"}}],\"inLanguage\":\"pt-PT\"},{\"@type\":\"Organization\",\"@id\":\"https:\\\/\\\/comuna.pt\\\/pt-pt\\\/#organization\",\"name\":\"Comuna Rental House\",\"url\":\"https:\\\/\\\/comuna.pt\\\/pt-pt\\\/\",\"logo\":{\"@type\":\"ImageObject\",\"inLanguage\":\"pt-PT\",\"@id\":\"https:\\\/\\\/comuna.pt\\\/pt-pt\\\/#\\\/schema\\\/logo\\\/image\\\/\",\"url\":\"https:\\\/\\\/comuna.pt\\\/wp-content\\\/uploads\\\/2024\\\/03\\\/comuna_logo_website.png\",\"contentUrl\":\"https:\\\/\\\/comuna.pt\\\/wp-content\\\/uploads\\\/2024\\\/03\\\/comuna_logo_website.png\",\"width\":2000,\"height\":262,\"caption\":\"Comuna Rental House\"},\"image\":{\"@id\":\"https:\\\/\\\/comuna.pt\\\/pt-pt\\\/#\\\/schema\\\/logo\\\/image\\\/\"},\"sameAs\":[\"http:\\\/\\\/facebook.com\\\/comuna.rental\",\"https:\\\/\\\/www.instagram.com\\\/comuna_rental\",\"https:\\\/\\\/www.linkedin.com\\\/company\\\/96410498\"]}]}<\/script>\n<meta property=\"product:price:amount\" content=\"35.00\" \/>\n<meta property=\"product:price:currency\" content=\"EUR\" \/>\n<meta property=\"og:availability\" content=\"instock\" \/>\n<meta property=\"product:availability\" content=\"instock\" \/>\n<meta property=\"product:condition\" content=\"new\" \/>\n<!-- \/ Yoast SEO Premium plugin. -->","yoast_head_json":{"title":"Profoto B10X 250 Air TTL | Comuna Studios &amp; Equipment Rental","description":"Alugue o Profoto B10X 250 AirTTL em Lisboa na Comuna Studios &amp; Equipment Rental. Flash e luz cont\u00ednua potente para foto e v\u00eddeo. Compacto, sem fios e com suporte TTL\/HSS.","robots":{"index":"index","follow":"follow","max-snippet":"max-snippet:-1","max-image-preview":"max-image-preview:large","max-video-preview":"max-video-preview:-1"},"canonical":"https:\/\/comuna.pt\/pt-pt\/product\/profoto-b10x-250-air-ttl\/","og_locale":"pt_PT","og_type":"article","og_title":"Profoto B10X 250 Air TTL","og_description":"Alugue o Profoto B10X 250 AirTTL em Lisboa na Comuna Studios &amp; Equipment Rental. Flash e luz cont\u00ednua potente para foto e v\u00eddeo. Compacto, sem fios e com suporte TTL\/HSS.","og_url":"https:\/\/comuna.pt\/pt-pt\/product\/profoto-b10x-250-air-ttl\/","og_site_name":"Comuna Studios &amp; Equipment Rental","article_publisher":"http:\/\/facebook.com\/comuna.rental","article_modified_time":"2026-01-29T16:34:49+00:00","og_image":[{"width":769,"height":691,"url":"https:\/\/comuna.pt\/wp-content\/uploads\/2025\/07\/1631166388_IMG_1581094-1.jpg","type":"image\/jpeg"}],"twitter_card":"summary_large_image","twitter_misc":{"pre\u00e7o":"&euro;35,00 + 23% VAT","Disponibilidade":"Em stock"},"schema":{"@context":"https:\/\/schema.org","@graph":[{"@type":["WebPage","ItemPage"],"@id":"https:\/\/comuna.pt\/pt-pt\/product\/profoto-b10x-250-air-ttl\/","url":"https:\/\/comuna.pt\/pt-pt\/product\/profoto-b10x-250-air-ttl\/","name":"Profoto B10X 250 Air TTL | Comuna Studios &amp; Equipment Rental","isPartOf":{"@id":"https:\/\/comuna.pt\/pt-pt\/#website"},"primaryImageOfPage":{"@id":"https:\/\/comuna.pt\/pt-pt\/product\/profoto-b10x-250-air-ttl\/#primaryimage"},"image":{"@id":"https:\/\/comuna.pt\/pt-pt\/product\/profoto-b10x-250-air-ttl\/#primaryimage"},"thumbnailUrl":"https:\/\/comuna.pt\/wp-content\/uploads\/2025\/07\/1631166388_IMG_1581094-1.jpg","datePublished":"2025-07-02T18:34:26+00:00","dateModified":"2026-01-29T16:34:49+00:00","description":"Alugue o Profoto B10X 250 AirTTL em Lisboa na Comuna Studios &amp; Equipment Rental. Flash e luz cont\u00ednua potente para foto e v\u00eddeo. Compacto, sem fios e com suporte TTL\/HSS.","breadcrumb":{"@id":"https:\/\/comuna.pt\/pt-pt\/product\/profoto-b10x-250-air-ttl\/#breadcrumb"},"inLanguage":"pt-PT","potentialAction":[{"@type":"ReadAction","target":["https:\/\/comuna.pt\/pt-pt\/product\/profoto-b10x-250-air-ttl\/"]}]},{"@type":"ImageObject","inLanguage":"pt-PT","@id":"https:\/\/comuna.pt\/pt-pt\/product\/profoto-b10x-250-air-ttl\/#primaryimage","url":"https:\/\/comuna.pt\/wp-content\/uploads\/2025\/07\/1631166388_IMG_1581094-1.jpg","contentUrl":"https:\/\/comuna.pt\/wp-content\/uploads\/2025\/07\/1631166388_IMG_1581094-1.jpg","width":769,"height":691},{"@type":"BreadcrumbList","@id":"https:\/\/comuna.pt\/pt-pt\/product\/profoto-b10x-250-air-ttl\/#breadcrumb","itemListElement":[{"@type":"ListItem","position":1,"name":"Home","item":"https:\/\/comuna.pt\/pt-pt\/"},{"@type":"ListItem","position":2,"name":"Produtos"},{"@type":"ListItem","position":3,"name":"Flash","item":"https:\/\/comuna.pt\/pt-pt\/Categoria\/flash\/"},{"@type":"ListItem","position":4,"name":"Profoto B10X 250 Air TTL"}]},{"@type":"WebSite","@id":"https:\/\/comuna.pt\/pt-pt\/#website","url":"https:\/\/comuna.pt\/pt-pt\/","name":"Comuna Rental House","description":"Photo studios, Podcast &amp; Equipment Rental","publisher":{"@id":"https:\/\/comuna.pt\/pt-pt\/#organization"},"alternateName":"Comuna Filmmaking Equipment Rental","potentialAction":[{"@type":"SearchAction","target":{"@type":"EntryPoint","urlTemplate":"https:\/\/comuna.pt\/pt-pt\/?s={search_term_string}"},"query-input":{"@type":"PropertyValueSpecification","valueRequired":true,"valueName":"search_term_string"}}],"inLanguage":"pt-PT"},{"@type":"Organization","@id":"https:\/\/comuna.pt\/pt-pt\/#organization","name":"Comuna Rental House","url":"https:\/\/comuna.pt\/pt-pt\/","logo":{"@type":"ImageObject","inLanguage":"pt-PT","@id":"https:\/\/comuna.pt\/pt-pt\/#\/schema\/logo\/image\/","url":"https:\/\/comuna.pt\/wp-content\/uploads\/2024\/03\/comuna_logo_website.png","contentUrl":"https:\/\/comuna.pt\/wp-content\/uploads\/2024\/03\/comuna_logo_website.png","width":2000,"height":262,"caption":"Comuna Rental House"},"image":{"@id":"https:\/\/comuna.pt\/pt-pt\/#\/schema\/logo\/image\/"},"sameAs":["http:\/\/facebook.com\/comuna.rental","https:\/\/www.instagram.com\/comuna_rental","https:\/\/www.linkedin.com\/company\/96410498"]}]},"product_price_amount":"35.00","product_price_currency":"EUR","og_availability":"instock","product_availability":"instock","product_condition":"new"},"_links":{"self":[{"href":"https:\/\/comuna.pt\/pt-pt\/wp-json\/wp\/v2\/product\/17859","targetHints":{"allow":["GET"]}}],"collection":[{"href":"https:\/\/comuna.pt\/pt-pt\/wp-json\/wp\/v2\/product"}],"about":[{"href":"https:\/\/comuna.pt\/pt-pt\/wp-json\/wp\/v2\/types\/product"}],"version-history":[{"count":1,"href":"https:\/\/comuna.pt\/pt-pt\/wp-json\/wp\/v2\/product\/17859\/revisions"}],"predecessor-version":[{"id":17866,"href":"https:\/\/comuna.pt\/pt-pt\/wp-json\/wp\/v2\/product\/17859\/revisions\/17866"}],"wp:featuredmedia":[{"embeddable":true,"href":"https:\/\/comuna.pt\/pt-pt\/wp-json\/wp\/v2\/media\/17863"}],"wp:attachment":[{"href":"https:\/\/comuna.pt\/pt-pt\/wp-json\/wp\/v2\/media?parent=17859"}],"wp:term":[{"taxonomy":"product_brand","embeddable":true,"href":"https:\/\/comuna.pt\/pt-pt\/wp-json\/wp\/v2\/product_brand?post=17859"},{"taxonomy":"product_cat","embeddable":true,"href":"https:\/\/comuna.pt\/pt-pt\/wp-json\/wp\/v2\/product_cat?post=17859"},{"taxonomy":"product_tag","embeddable":true,"href":"https:\/\/comuna.pt\/pt-pt\/wp-json\/wp\/v2\/product_tag?post=17859"}],"curies":[{"name":"wp","href":"https:\/\/api.w.org\/{rel}","templated":true}]}}