{"id":17787,"date":"2025-07-26T16:23:35","date_gmt":"2025-07-26T15:23:35","guid":{"rendered":"https:\/\/comuna.pt\/product\/production-set-arri-alexa-mini-lf\/"},"modified":"2026-01-28T20:19:13","modified_gmt":"2026-01-28T20:19:13","slug":"production-set-arri-alexa-mini-lf","status":"publish","type":"product","link":"https:\/\/comuna.pt\/pt-pt\/product\/production-set-arri-alexa-mini-lf\/","title":{"rendered":"Production Set ARRI ALEXA Mini LF"},"content":{"rendered":"<p data-start=\"277\" data-end=\"333\"><div class=\"booqable-product-button\" data-id=\"arri-alexa-mini-lf\"><\/div><\/p>\n<p data-start=\"277\" data-end=\"333\">A ARRI ALEXA Mini LF \u00e9 uma das c\u00e2maras de cinema mais requisitadas na ind\u00fastria, combinando o corpo compacto e vers\u00e1til da ALEXA Mini com a qualidade de imagem impressionante do sensor de grande formato da ARRI. Oferece uma gama din\u00e2mica excecional, reprodu\u00e7\u00e3o de cor precisa e grava\u00e7\u00e3o real em 4.5K ARRIRAW ou ProRes \u2014 tudo num corpo leve de fibra de carbono.<\/p>\n<p data-start=\"713\" data-end=\"1017\">Ideal para longas-metragens de alto n\u00edvel, publicidade e produ\u00e7\u00f5es cinematogr\u00e1ficas, a Mini LF suporta <strong data-start=\"808\" data-end=\"835\">objetivas nativas de bocal LPL<\/strong> e inclui um <strong data-start=\"851\" data-end=\"872\">adaptador PL-para-LPL<\/strong>, tornando-a totalmente compat\u00edvel com \u00f3ticas padr\u00e3o da ind\u00fastria. O seu design modular permite um rigging flex\u00edvel para uso em est\u00fadio, handheld, drone ou gimbal.<\/p>\n<h4 data-start=\"1019\" data-end=\"1040\">Caracter\u00edsticas Principais:<\/h4>\n<ul data-start=\"1041\" data-end=\"1418\">\n<li data-start=\"1041\" data-end=\"1092\">\n<p data-start=\"1043\" data-end=\"1092\"><strong data-start=\"1043\" data-end=\"1090\">Sensor de grande formato 4.5K (36,70 x 25,54 mm)<\/strong><\/p>\n<\/li>\n<li data-start=\"1093\" data-end=\"1157\">\n<p data-start=\"1095\" data-end=\"1157\"><strong data-start=\"1095\" data-end=\"1131\">Grava\u00e7\u00e3o ARRIRAW e Apple ProRes<\/strong> em Codex Compact Drives<\/p>\n<\/li>\n<li data-start=\"1158\" data-end=\"1192\">\n<p data-start=\"1160\" data-end=\"1192\"><strong data-start=\"1160\" data-end=\"1190\">Mais de 14 stops de gama din\u00e2mica<\/strong><\/p>\n<\/li>\n<li data-start=\"1193\" data-end=\"1230\">\n<p data-start=\"1195\" data-end=\"1230\"><strong data-start=\"1195\" data-end=\"1228\">Bocal LPL nativo + adaptador PL<\/strong><\/p>\n<\/li>\n<li data-start=\"1231\" data-end=\"1266\">\n<p data-start=\"1233\" data-end=\"1266\"><strong data-start=\"1233\" data-end=\"1264\">Ci\u00eancia de Cor ARRI e Log C4<\/strong><\/p>\n<\/li>\n<li data-start=\"1267\" data-end=\"1310\">\n<p data-start=\"1269\" data-end=\"1310\"><strong data-start=\"1269\" data-end=\"1299\">Corpo compacto e leve<\/strong> (2,6 kg)<\/p>\n<\/li>\n<li data-start=\"1311\" data-end=\"1373\">\n<p data-start=\"1313\" data-end=\"1373\"><strong data-start=\"1313\" data-end=\"1336\">Filtros ND internos<\/strong>, sa\u00edda SDI, sync, genlock e TC<\/p>\n<\/li>\n<li data-start=\"1374\" data-end=\"1418\">\n<p data-start=\"1376\" data-end=\"1418\"><strong data-start=\"1376\" data-end=\"1418\">Compat\u00edvel com acess\u00f3rios da ALEXA Mini<\/strong><\/p>\n<\/li>\n<\/ul>\n<h4 data-start=\"1420\" data-end=\"1461\">Kit Inclu\u00eddo (Exemplo de Configura\u00e7\u00e3o):<\/h4>\n<ul data-start=\"1462\" data-end=\"1851\">\n<li data-start=\"1462\" data-end=\"1496\">\n<p data-start=\"1464\" data-end=\"1496\">Corpo de C\u00e2mara ARRI Alexa Mini LF<\/p>\n<\/li>\n<li data-start=\"1497\" data-end=\"1535\">\n<p data-start=\"1499\" data-end=\"1535\">Bocal ARRI LPL + Adaptador PL-para-LPL<\/p>\n<\/li>\n<li data-start=\"1536\" data-end=\"1578\">\n<p data-start=\"1538\" data-end=\"1578\">Pega Superior CCH-2 + Suportes Laterais MSB-2<\/p>\n<\/li>\n<li data-start=\"1579\" data-end=\"1617\">\n<p data-start=\"1581\" data-end=\"1617\">Suporte de Viewfinder MVB-1 + EVF MVF-2<\/p>\n<\/li>\n<li data-start=\"1618\" data-end=\"1653\">\n<p data-start=\"1620\" data-end=\"1653\">CBP-1 19mm Compact Bridge Plate<\/p>\n<\/li>\n<li data-start=\"1654\" data-end=\"1692\">\n<p data-start=\"1656\" data-end=\"1692\">RMB-3 Rod Mount + Adaptadores 15\/19mm<\/p>\n<\/li>\n<li data-start=\"1693\" data-end=\"1730\">\n<p data-start=\"1695\" data-end=\"1730\">V-Mount Power Splitting Box Mk II<\/p>\n<\/li>\n<li data-start=\"1731\" data-end=\"1781\">\n<p data-start=\"1733\" data-end=\"1781\">Cabo de Alimenta\u00e7\u00e3o ARRI KC-50 3-pin XLR para 8-pin LEMO<\/p>\n<\/li>\n<li data-start=\"1782\" data-end=\"1812\">\n<p data-start=\"1784\" data-end=\"1812\">2x Varas (Rods) de 15mm, 2x Varas de 19mm<\/p>\n<\/li>\n<li data-start=\"1813\" data-end=\"1851\">\n<p data-start=\"1815\" data-end=\"1851\">Codex Compact Drive Reader + 1TB SSD<\/p>\n<\/li>\n<\/ul>\n<p data-start=\"1853\" data-end=\"2141\">Quer esteja a filmar fic\u00e7\u00e3o, publicidade ou conte\u00fado de marca de alto n\u00edvel, a <strong data-start=\"1933\" data-end=\"1950\">ALEXA Mini LF<\/strong> \u00e9 o padr\u00e3o de ouro em qualidade de imagem e fiabilidade. A sua est\u00e9tica full-frame, design compacto e poderosas op\u00e7\u00f5es de grava\u00e7\u00e3o interna fazem dela a escolha preferida de realizadores e DPs em todo o mundo.<\/p>\n","protected":false},"excerpt":{"rendered":"<p>A ARRI ALEXA Mini LF \u00e9 uma das c\u00e2maras de cinema mais requisitadas na ind\u00fastria, combinando o corpo compacto e vers\u00e1til da ALEXA Mini com a qualidade de imagem impressionante do sensor de grande formato da ARRI. Oferece uma gama din\u00e2mica excecional, reprodu\u00e7\u00e3o de cor precisa e grava\u00e7\u00e3o real em 4.5K ARRIRAW ou ProRes \u2014 [&hellip;]<\/p>\n","protected":false},"featured_media":17788,"template":"","meta":[],"product_brand":[],"product_cat":[805864],"product_tag":[],"class_list":{"0":"post-17787","1":"product","2":"type-product","3":"status-publish","4":"has-post-thumbnail","6":"product_cat-camaras","8":"first","9":"instock","10":"taxable","11":"shipping-taxable","12":"purchasable","13":"product-type-simple"},"yoast_head":"<!-- This site is optimized with the Yoast SEO Premium plugin v27.4 (Yoast SEO v27.5) - https:\/\/yoast.com\/product\/yoast-seo-premium-wordpress\/ -->\n<title>Production Set ARRI ALEXA Mini LF | Comuna Studios &amp; Equipment Rental<\/title>\n<meta name=\"description\" content=\"Alugue a ARRI ALEXA Mini LF \u2014 c\u00e2mara 4.5K full-frame com bocal LPL\/PL, ARRIRAW e ProRes. Ideal para longas-metragens, publicidade e produ\u00e7\u00f5es high-end.\" \/>\n<meta name=\"robots\" content=\"index, follow, max-snippet:-1, max-image-preview:large, max-video-preview:-1\" \/>\n<link rel=\"canonical\" href=\"https:\/\/comuna.pt\/pt-pt\/product\/production-set-arri-alexa-mini-lf\/\" \/>\n<meta property=\"og:locale\" content=\"pt_PT\" \/>\n<meta property=\"og:type\" content=\"article\" \/>\n<meta property=\"og:title\" content=\"Production Set ARRI ALEXA Mini LF\" \/>\n<meta property=\"og:description\" content=\"Alugue a ARRI ALEXA Mini LF \u2014 c\u00e2mara 4.5K full-frame com bocal LPL\/PL, ARRIRAW e ProRes. Ideal para longas-metragens, publicidade e produ\u00e7\u00f5es high-end.\" \/>\n<meta property=\"og:url\" content=\"https:\/\/comuna.pt\/pt-pt\/product\/production-set-arri-alexa-mini-lf\/\" \/>\n<meta property=\"og:site_name\" content=\"Comuna Studios &amp; Equipment Rental\" \/>\n<meta property=\"article:publisher\" content=\"http:\/\/facebook.com\/comuna.rental\" \/>\n<meta property=\"article:modified_time\" content=\"2026-01-28T20:19:13+00:00\" \/>\n<meta property=\"og:image\" content=\"https:\/\/comuna.pt\/wp-content\/uploads\/2023\/08\/r2-scaled.jpg\" \/>\n\t<meta property=\"og:image:width\" content=\"2560\" \/>\n\t<meta property=\"og:image:height\" content=\"1707\" \/>\n\t<meta property=\"og:image:type\" content=\"image\/jpeg\" \/>\n<meta name=\"twitter:card\" content=\"summary_large_image\" \/>\n<meta name=\"twitter:label1\" content=\"pre\u00e7o\" \/>\n\t<meta name=\"twitter:data1\" content=\"&euro;750,00 + 23% VAT\" \/>\n\t<meta name=\"twitter:label2\" content=\"Disponibilidade\" \/>\n\t<meta name=\"twitter:data2\" content=\"Em stock\" \/>\n<script type=\"application\/ld+json\" class=\"yoast-schema-graph\">{\"@context\":\"https:\\\/\\\/schema.org\",\"@graph\":[{\"@type\":[\"WebPage\",\"ItemPage\"],\"@id\":\"https:\\\/\\\/comuna.pt\\\/pt-pt\\\/product\\\/production-set-arri-alexa-mini-lf\\\/\",\"url\":\"https:\\\/\\\/comuna.pt\\\/pt-pt\\\/product\\\/production-set-arri-alexa-mini-lf\\\/\",\"name\":\"Production Set ARRI ALEXA Mini LF | Comuna Studios &amp; Equipment Rental\",\"isPartOf\":{\"@id\":\"https:\\\/\\\/comuna.pt\\\/pt-pt\\\/#website\"},\"primaryImageOfPage\":{\"@id\":\"https:\\\/\\\/comuna.pt\\\/pt-pt\\\/product\\\/production-set-arri-alexa-mini-lf\\\/#primaryimage\"},\"image\":{\"@id\":\"https:\\\/\\\/comuna.pt\\\/pt-pt\\\/product\\\/production-set-arri-alexa-mini-lf\\\/#primaryimage\"},\"thumbnailUrl\":\"https:\\\/\\\/comuna.pt\\\/wp-content\\\/uploads\\\/2025\\\/07\\\/9009b9_fc0c7ac7d526450eadf86b6480cdb29dmv2.jpg.avif\",\"datePublished\":\"2025-07-26T15:23:35+00:00\",\"dateModified\":\"2026-01-28T20:19:13+00:00\",\"description\":\"Alugue a ARRI ALEXA Mini LF \u2014 c\u00e2mara 4.5K full-frame com bocal LPL\\\/PL, ARRIRAW e ProRes. Ideal para longas-metragens, publicidade e produ\u00e7\u00f5es high-end.\",\"breadcrumb\":{\"@id\":\"https:\\\/\\\/comuna.pt\\\/pt-pt\\\/product\\\/production-set-arri-alexa-mini-lf\\\/#breadcrumb\"},\"inLanguage\":\"pt-PT\",\"potentialAction\":[{\"@type\":\"ReadAction\",\"target\":[\"https:\\\/\\\/comuna.pt\\\/pt-pt\\\/product\\\/production-set-arri-alexa-mini-lf\\\/\"]}]},{\"@type\":\"ImageObject\",\"inLanguage\":\"pt-PT\",\"@id\":\"https:\\\/\\\/comuna.pt\\\/pt-pt\\\/product\\\/production-set-arri-alexa-mini-lf\\\/#primaryimage\",\"url\":\"https:\\\/\\\/comuna.pt\\\/wp-content\\\/uploads\\\/2025\\\/07\\\/9009b9_fc0c7ac7d526450eadf86b6480cdb29dmv2.jpg.avif\",\"contentUrl\":\"https:\\\/\\\/comuna.pt\\\/wp-content\\\/uploads\\\/2025\\\/07\\\/9009b9_fc0c7ac7d526450eadf86b6480cdb29dmv2.jpg.avif\",\"width\":515,\"height\":418},{\"@type\":\"BreadcrumbList\",\"@id\":\"https:\\\/\\\/comuna.pt\\\/pt-pt\\\/product\\\/production-set-arri-alexa-mini-lf\\\/#breadcrumb\",\"itemListElement\":[{\"@type\":\"ListItem\",\"position\":1,\"name\":\"Home\",\"item\":\"https:\\\/\\\/comuna.pt\\\/pt-pt\\\/\"},{\"@type\":\"ListItem\",\"position\":2,\"name\":\"Produtos\"},{\"@type\":\"ListItem\",\"position\":3,\"name\":\"C\u00e2maras\",\"item\":\"https:\\\/\\\/comuna.pt\\\/pt-pt\\\/Categoria\\\/camaras\\\/\"},{\"@type\":\"ListItem\",\"position\":4,\"name\":\"Production Set ARRI ALEXA Mini LF\"}]},{\"@type\":\"WebSite\",\"@id\":\"https:\\\/\\\/comuna.pt\\\/pt-pt\\\/#website\",\"url\":\"https:\\\/\\\/comuna.pt\\\/pt-pt\\\/\",\"name\":\"Comuna Rental House\",\"description\":\"Photo studios, Podcast &amp; Equipment Rental\",\"publisher\":{\"@id\":\"https:\\\/\\\/comuna.pt\\\/pt-pt\\\/#organization\"},\"alternateName\":\"Comuna Filmmaking Equipment Rental\",\"potentialAction\":[{\"@type\":\"SearchAction\",\"target\":{\"@type\":\"EntryPoint\",\"urlTemplate\":\"https:\\\/\\\/comuna.pt\\\/pt-pt\\\/?s={search_term_string}\"},\"query-input\":{\"@type\":\"PropertyValueSpecification\",\"valueRequired\":true,\"valueName\":\"search_term_string\"}}],\"inLanguage\":\"pt-PT\"},{\"@type\":\"Organization\",\"@id\":\"https:\\\/\\\/comuna.pt\\\/pt-pt\\\/#organization\",\"name\":\"Comuna Rental House\",\"url\":\"https:\\\/\\\/comuna.pt\\\/pt-pt\\\/\",\"logo\":{\"@type\":\"ImageObject\",\"inLanguage\":\"pt-PT\",\"@id\":\"https:\\\/\\\/comuna.pt\\\/pt-pt\\\/#\\\/schema\\\/logo\\\/image\\\/\",\"url\":\"https:\\\/\\\/comuna.pt\\\/wp-content\\\/uploads\\\/2024\\\/03\\\/comuna_logo_website.png\",\"contentUrl\":\"https:\\\/\\\/comuna.pt\\\/wp-content\\\/uploads\\\/2024\\\/03\\\/comuna_logo_website.png\",\"width\":2000,\"height\":262,\"caption\":\"Comuna Rental House\"},\"image\":{\"@id\":\"https:\\\/\\\/comuna.pt\\\/pt-pt\\\/#\\\/schema\\\/logo\\\/image\\\/\"},\"sameAs\":[\"http:\\\/\\\/facebook.com\\\/comuna.rental\",\"https:\\\/\\\/www.instagram.com\\\/comuna_rental\",\"https:\\\/\\\/www.linkedin.com\\\/company\\\/96410498\"]}]}<\/script>\n<meta property=\"product:price:amount\" content=\"750.00\" \/>\n<meta property=\"product:price:currency\" content=\"EUR\" \/>\n<meta property=\"og:availability\" content=\"instock\" \/>\n<meta property=\"product:availability\" content=\"instock\" \/>\n<meta property=\"product:condition\" content=\"new\" \/>\n<!-- \/ Yoast SEO Premium plugin. -->","yoast_head_json":{"title":"Production Set ARRI ALEXA Mini LF | Comuna Studios &amp; Equipment Rental","description":"Alugue a ARRI ALEXA Mini LF \u2014 c\u00e2mara 4.5K full-frame com bocal LPL\/PL, ARRIRAW e ProRes. Ideal para longas-metragens, publicidade e produ\u00e7\u00f5es high-end.","robots":{"index":"index","follow":"follow","max-snippet":"max-snippet:-1","max-image-preview":"max-image-preview:large","max-video-preview":"max-video-preview:-1"},"canonical":"https:\/\/comuna.pt\/pt-pt\/product\/production-set-arri-alexa-mini-lf\/","og_locale":"pt_PT","og_type":"article","og_title":"Production Set ARRI ALEXA Mini LF","og_description":"Alugue a ARRI ALEXA Mini LF \u2014 c\u00e2mara 4.5K full-frame com bocal LPL\/PL, ARRIRAW e ProRes. Ideal para longas-metragens, publicidade e produ\u00e7\u00f5es high-end.","og_url":"https:\/\/comuna.pt\/pt-pt\/product\/production-set-arri-alexa-mini-lf\/","og_site_name":"Comuna Studios &amp; Equipment Rental","article_publisher":"http:\/\/facebook.com\/comuna.rental","article_modified_time":"2026-01-28T20:19:13+00:00","og_image":[{"width":2560,"height":1707,"url":"https:\/\/comuna.pt\/wp-content\/uploads\/2023\/08\/r2-scaled.jpg","type":"image\/jpeg"}],"twitter_card":"summary_large_image","twitter_misc":{"pre\u00e7o":"&euro;750,00 + 23% VAT","Disponibilidade":"Em stock"},"schema":{"@context":"https:\/\/schema.org","@graph":[{"@type":["WebPage","ItemPage"],"@id":"https:\/\/comuna.pt\/pt-pt\/product\/production-set-arri-alexa-mini-lf\/","url":"https:\/\/comuna.pt\/pt-pt\/product\/production-set-arri-alexa-mini-lf\/","name":"Production Set ARRI ALEXA Mini LF | Comuna Studios &amp; Equipment Rental","isPartOf":{"@id":"https:\/\/comuna.pt\/pt-pt\/#website"},"primaryImageOfPage":{"@id":"https:\/\/comuna.pt\/pt-pt\/product\/production-set-arri-alexa-mini-lf\/#primaryimage"},"image":{"@id":"https:\/\/comuna.pt\/pt-pt\/product\/production-set-arri-alexa-mini-lf\/#primaryimage"},"thumbnailUrl":"https:\/\/comuna.pt\/wp-content\/uploads\/2025\/07\/9009b9_fc0c7ac7d526450eadf86b6480cdb29dmv2.jpg.avif","datePublished":"2025-07-26T15:23:35+00:00","dateModified":"2026-01-28T20:19:13+00:00","description":"Alugue a ARRI ALEXA Mini LF \u2014 c\u00e2mara 4.5K full-frame com bocal LPL\/PL, ARRIRAW e ProRes. Ideal para longas-metragens, publicidade e produ\u00e7\u00f5es high-end.","breadcrumb":{"@id":"https:\/\/comuna.pt\/pt-pt\/product\/production-set-arri-alexa-mini-lf\/#breadcrumb"},"inLanguage":"pt-PT","potentialAction":[{"@type":"ReadAction","target":["https:\/\/comuna.pt\/pt-pt\/product\/production-set-arri-alexa-mini-lf\/"]}]},{"@type":"ImageObject","inLanguage":"pt-PT","@id":"https:\/\/comuna.pt\/pt-pt\/product\/production-set-arri-alexa-mini-lf\/#primaryimage","url":"https:\/\/comuna.pt\/wp-content\/uploads\/2025\/07\/9009b9_fc0c7ac7d526450eadf86b6480cdb29dmv2.jpg.avif","contentUrl":"https:\/\/comuna.pt\/wp-content\/uploads\/2025\/07\/9009b9_fc0c7ac7d526450eadf86b6480cdb29dmv2.jpg.avif","width":515,"height":418},{"@type":"BreadcrumbList","@id":"https:\/\/comuna.pt\/pt-pt\/product\/production-set-arri-alexa-mini-lf\/#breadcrumb","itemListElement":[{"@type":"ListItem","position":1,"name":"Home","item":"https:\/\/comuna.pt\/pt-pt\/"},{"@type":"ListItem","position":2,"name":"Produtos"},{"@type":"ListItem","position":3,"name":"C\u00e2maras","item":"https:\/\/comuna.pt\/pt-pt\/Categoria\/camaras\/"},{"@type":"ListItem","position":4,"name":"Production Set ARRI ALEXA Mini LF"}]},{"@type":"WebSite","@id":"https:\/\/comuna.pt\/pt-pt\/#website","url":"https:\/\/comuna.pt\/pt-pt\/","name":"Comuna Rental House","description":"Photo studios, Podcast &amp; Equipment Rental","publisher":{"@id":"https:\/\/comuna.pt\/pt-pt\/#organization"},"alternateName":"Comuna Filmmaking Equipment Rental","potentialAction":[{"@type":"SearchAction","target":{"@type":"EntryPoint","urlTemplate":"https:\/\/comuna.pt\/pt-pt\/?s={search_term_string}"},"query-input":{"@type":"PropertyValueSpecification","valueRequired":true,"valueName":"search_term_string"}}],"inLanguage":"pt-PT"},{"@type":"Organization","@id":"https:\/\/comuna.pt\/pt-pt\/#organization","name":"Comuna Rental House","url":"https:\/\/comuna.pt\/pt-pt\/","logo":{"@type":"ImageObject","inLanguage":"pt-PT","@id":"https:\/\/comuna.pt\/pt-pt\/#\/schema\/logo\/image\/","url":"https:\/\/comuna.pt\/wp-content\/uploads\/2024\/03\/comuna_logo_website.png","contentUrl":"https:\/\/comuna.pt\/wp-content\/uploads\/2024\/03\/comuna_logo_website.png","width":2000,"height":262,"caption":"Comuna Rental House"},"image":{"@id":"https:\/\/comuna.pt\/pt-pt\/#\/schema\/logo\/image\/"},"sameAs":["http:\/\/facebook.com\/comuna.rental","https:\/\/www.instagram.com\/comuna_rental","https:\/\/www.linkedin.com\/company\/96410498"]}]},"product_price_amount":"750.00","product_price_currency":"EUR","og_availability":"instock","product_availability":"instock","product_condition":"new"},"_links":{"self":[{"href":"https:\/\/comuna.pt\/pt-pt\/wp-json\/wp\/v2\/product\/17787","targetHints":{"allow":["GET"]}}],"collection":[{"href":"https:\/\/comuna.pt\/pt-pt\/wp-json\/wp\/v2\/product"}],"about":[{"href":"https:\/\/comuna.pt\/pt-pt\/wp-json\/wp\/v2\/types\/product"}],"version-history":[{"count":1,"href":"https:\/\/comuna.pt\/pt-pt\/wp-json\/wp\/v2\/product\/17787\/revisions"}],"predecessor-version":[{"id":17795,"href":"https:\/\/comuna.pt\/pt-pt\/wp-json\/wp\/v2\/product\/17787\/revisions\/17795"}],"wp:featuredmedia":[{"embeddable":true,"href":"https:\/\/comuna.pt\/pt-pt\/wp-json\/wp\/v2\/media\/17788"}],"wp:attachment":[{"href":"https:\/\/comuna.pt\/pt-pt\/wp-json\/wp\/v2\/media?parent=17787"}],"wp:term":[{"taxonomy":"product_brand","embeddable":true,"href":"https:\/\/comuna.pt\/pt-pt\/wp-json\/wp\/v2\/product_brand?post=17787"},{"taxonomy":"product_cat","embeddable":true,"href":"https:\/\/comuna.pt\/pt-pt\/wp-json\/wp\/v2\/product_cat?post=17787"},{"taxonomy":"product_tag","embeddable":true,"href":"https:\/\/comuna.pt\/pt-pt\/wp-json\/wp\/v2\/product_tag?post=17787"}],"curies":[{"name":"wp","href":"https:\/\/api.w.org\/{rel}","templated":true}]}}