{"id":17549,"date":"2025-11-10T16:57:55","date_gmt":"2025-11-10T16:57:55","guid":{"rendered":"https:\/\/comuna.pt\/product\/sennheiser-skp100-g3-ek100-g3\/"},"modified":"2026-01-28T20:14:47","modified_gmt":"2026-01-28T20:14:47","slug":"sennheiser-skp100-g3-ek100-g3","status":"publish","type":"product","link":"https:\/\/comuna.pt\/pt-pt\/product\/sennheiser-skp100-g3-ek100-g3\/","title":{"rendered":"Sennheiser SKP100 G3 + EK100 G3"},"content":{"rendered":"<div class=\"booqable-product-button\" data-id=\"sennheiser-skp100-g3-ek100-g3\"><\/div>\n<p>O sistema sem fios Sennheiser SKP100 G3 + EK100 G3 oferece uma qualidade de som e fiabilidade excecionais para v\u00eddeo profissional, broadcast e produ\u00e7\u00f5es de campo.<\/p>\n<p data-start=\"704\" data-end=\"1008\">O transmissor plug-on SKP100 G3 transforma qualquer microfone din\u00e2mico ou de condensador com liga\u00e7\u00e3o XLR num microfone sem fios totalmente funcional. Concebido para flexibilidade, oferece uma largura de banda de 42 MHz, uma vasta gama de frequ\u00eancias UHF selecion\u00e1veis e sincroniza\u00e7\u00e3o infravermelha simples com o recetor.<\/p>\n<p data-start=\"1010\" data-end=\"1346\">O recetor EK100 G3 \u00e9 compacto, leve e desenhado para ser montado diretamente em c\u00e2maras DSLR, mirrorless ou c\u00e2maras profissionais. Garante uma rece\u00e7\u00e3o est\u00e1vel e \u00e1udio limpo, mesmo em ambientes de RF desafiantes. O seu ecr\u00e3 LCD retroiluminado e sistema de menu intuitivo tornam a opera\u00e7\u00e3o r\u00e1pida e direta.<\/p>\n<p data-start=\"1348\" data-end=\"1669\">Constru\u00eddo com uma estrutura met\u00e1lica robusta e com autonomia para at\u00e9 8 horas de opera\u00e7\u00e3o cont\u00ednua, este sistema garante um desempenho de n\u00edvel profissional. \u00c9 ideal para vide\u00f3grafos, jornalistas e cineastas que necessitam de som sem fios fi\u00e1vel em movimento.<\/p>\n","protected":false},"excerpt":{"rendered":"<p>O sistema sem fios Sennheiser SKP100 G3 + EK100 G3 oferece uma qualidade de som e fiabilidade excecionais para v\u00eddeo profissional, broadcast e produ\u00e7\u00f5es de campo. O transmissor plug-on SKP100 G3 transforma qualquer microfone din\u00e2mico ou de condensador com liga\u00e7\u00e3o XLR num microfone sem fios totalmente funcional. Concebido para flexibilidade, oferece uma largura de banda [&hellip;]<\/p>\n","protected":false},"featured_media":17550,"template":"","meta":[],"product_brand":[],"product_cat":[805872],"product_tag":[],"class_list":{"0":"post-17549","1":"product","2":"type-product","3":"status-publish","4":"has-post-thumbnail","6":"product_cat-som","8":"first","9":"instock","10":"taxable","11":"shipping-taxable","12":"purchasable","13":"product-type-simple"},"yoast_head":"<!-- This site is optimized with the Yoast SEO Premium plugin v27.4 (Yoast SEO v27.5) - https:\/\/yoast.com\/product\/yoast-seo-premium-wordpress\/ -->\n<title>Sennheiser SKP100 G3 + EK100 G3 | Comuna Studios &amp; Equipment Rental<\/title>\n<meta name=\"description\" content=\"Sennheiser SKP100 G3 + EK100 G3 oferece \u00e1udio sem fios profissional com claridade excecional para v\u00eddeo, cinema e produ\u00e7\u00f5es em direto.\" \/>\n<meta name=\"robots\" content=\"index, follow, max-snippet:-1, max-image-preview:large, max-video-preview:-1\" \/>\n<link rel=\"canonical\" href=\"https:\/\/comuna.pt\/pt-pt\/product\/sennheiser-skp100-g3-ek100-g3\/\" \/>\n<meta property=\"og:locale\" content=\"pt_PT\" \/>\n<meta property=\"og:type\" content=\"article\" \/>\n<meta property=\"og:title\" content=\"Sennheiser SKP100 G3 + EK100 G3\" \/>\n<meta property=\"og:description\" content=\"Sennheiser SKP100 G3 + EK100 G3 oferece \u00e1udio sem fios profissional com claridade excecional para v\u00eddeo, cinema e produ\u00e7\u00f5es em direto.\" \/>\n<meta property=\"og:url\" content=\"https:\/\/comuna.pt\/pt-pt\/product\/sennheiser-skp100-g3-ek100-g3\/\" \/>\n<meta property=\"og:site_name\" content=\"Comuna Studios &amp; Equipment Rental\" \/>\n<meta property=\"article:publisher\" content=\"http:\/\/facebook.com\/comuna.rental\" \/>\n<meta property=\"article:modified_time\" content=\"2026-01-28T20:14:47+00:00\" \/>\n<meta property=\"og:image\" content=\"https:\/\/comuna.pt\/wp-content\/uploads\/2025\/11\/SKP100__EK100.png\" \/>\n\t<meta property=\"og:image:width\" content=\"640\" \/>\n\t<meta property=\"og:image:height\" content=\"600\" \/>\n\t<meta property=\"og:image:type\" content=\"image\/png\" \/>\n<meta name=\"twitter:card\" content=\"summary_large_image\" \/>\n<meta name=\"twitter:label1\" content=\"pre\u00e7o\" \/>\n\t<meta name=\"twitter:data1\" content=\"&euro;25,00 + 23% VAT\" \/>\n\t<meta name=\"twitter:label2\" content=\"Disponibilidade\" \/>\n\t<meta name=\"twitter:data2\" content=\"Em stock\" \/>\n<script type=\"application\/ld+json\" class=\"yoast-schema-graph\">{\"@context\":\"https:\\\/\\\/schema.org\",\"@graph\":[{\"@type\":[\"WebPage\",\"ItemPage\"],\"@id\":\"https:\\\/\\\/comuna.pt\\\/pt-pt\\\/product\\\/sennheiser-skp100-g3-ek100-g3\\\/\",\"url\":\"https:\\\/\\\/comuna.pt\\\/pt-pt\\\/product\\\/sennheiser-skp100-g3-ek100-g3\\\/\",\"name\":\"Sennheiser SKP100 G3 + EK100 G3 | Comuna Studios &amp; Equipment Rental\",\"isPartOf\":{\"@id\":\"https:\\\/\\\/comuna.pt\\\/pt-pt\\\/#website\"},\"primaryImageOfPage\":{\"@id\":\"https:\\\/\\\/comuna.pt\\\/pt-pt\\\/product\\\/sennheiser-skp100-g3-ek100-g3\\\/#primaryimage\"},\"image\":{\"@id\":\"https:\\\/\\\/comuna.pt\\\/pt-pt\\\/product\\\/sennheiser-skp100-g3-ek100-g3\\\/#primaryimage\"},\"thumbnailUrl\":\"https:\\\/\\\/comuna.pt\\\/wp-content\\\/uploads\\\/2025\\\/11\\\/SKP100__EK100.png\",\"datePublished\":\"2025-11-10T16:57:55+00:00\",\"dateModified\":\"2026-01-28T20:14:47+00:00\",\"description\":\"Sennheiser SKP100 G3 + EK100 G3 oferece \u00e1udio sem fios profissional com claridade excecional para v\u00eddeo, cinema e produ\u00e7\u00f5es em direto.\",\"breadcrumb\":{\"@id\":\"https:\\\/\\\/comuna.pt\\\/pt-pt\\\/product\\\/sennheiser-skp100-g3-ek100-g3\\\/#breadcrumb\"},\"inLanguage\":\"pt-PT\",\"potentialAction\":[{\"@type\":\"ReadAction\",\"target\":[\"https:\\\/\\\/comuna.pt\\\/pt-pt\\\/product\\\/sennheiser-skp100-g3-ek100-g3\\\/\"]}]},{\"@type\":\"ImageObject\",\"inLanguage\":\"pt-PT\",\"@id\":\"https:\\\/\\\/comuna.pt\\\/pt-pt\\\/product\\\/sennheiser-skp100-g3-ek100-g3\\\/#primaryimage\",\"url\":\"https:\\\/\\\/comuna.pt\\\/wp-content\\\/uploads\\\/2025\\\/11\\\/SKP100__EK100.png\",\"contentUrl\":\"https:\\\/\\\/comuna.pt\\\/wp-content\\\/uploads\\\/2025\\\/11\\\/SKP100__EK100.png\",\"width\":640,\"height\":600},{\"@type\":\"BreadcrumbList\",\"@id\":\"https:\\\/\\\/comuna.pt\\\/pt-pt\\\/product\\\/sennheiser-skp100-g3-ek100-g3\\\/#breadcrumb\",\"itemListElement\":[{\"@type\":\"ListItem\",\"position\":1,\"name\":\"Home\",\"item\":\"https:\\\/\\\/comuna.pt\\\/pt-pt\\\/\"},{\"@type\":\"ListItem\",\"position\":2,\"name\":\"Produtos\"},{\"@type\":\"ListItem\",\"position\":3,\"name\":\"Som\",\"item\":\"https:\\\/\\\/comuna.pt\\\/pt-pt\\\/Categoria\\\/som\\\/\"},{\"@type\":\"ListItem\",\"position\":4,\"name\":\"Sennheiser SKP100 G3 + EK100 G3\"}]},{\"@type\":\"WebSite\",\"@id\":\"https:\\\/\\\/comuna.pt\\\/pt-pt\\\/#website\",\"url\":\"https:\\\/\\\/comuna.pt\\\/pt-pt\\\/\",\"name\":\"Comuna Rental House\",\"description\":\"Photo studios, Podcast &amp; Equipment Rental\",\"publisher\":{\"@id\":\"https:\\\/\\\/comuna.pt\\\/pt-pt\\\/#organization\"},\"alternateName\":\"Comuna Filmmaking Equipment Rental\",\"potentialAction\":[{\"@type\":\"SearchAction\",\"target\":{\"@type\":\"EntryPoint\",\"urlTemplate\":\"https:\\\/\\\/comuna.pt\\\/pt-pt\\\/?s={search_term_string}\"},\"query-input\":{\"@type\":\"PropertyValueSpecification\",\"valueRequired\":true,\"valueName\":\"search_term_string\"}}],\"inLanguage\":\"pt-PT\"},{\"@type\":\"Organization\",\"@id\":\"https:\\\/\\\/comuna.pt\\\/pt-pt\\\/#organization\",\"name\":\"Comuna Rental House\",\"url\":\"https:\\\/\\\/comuna.pt\\\/pt-pt\\\/\",\"logo\":{\"@type\":\"ImageObject\",\"inLanguage\":\"pt-PT\",\"@id\":\"https:\\\/\\\/comuna.pt\\\/pt-pt\\\/#\\\/schema\\\/logo\\\/image\\\/\",\"url\":\"https:\\\/\\\/comuna.pt\\\/wp-content\\\/uploads\\\/2024\\\/03\\\/comuna_logo_website.png\",\"contentUrl\":\"https:\\\/\\\/comuna.pt\\\/wp-content\\\/uploads\\\/2024\\\/03\\\/comuna_logo_website.png\",\"width\":2000,\"height\":262,\"caption\":\"Comuna Rental House\"},\"image\":{\"@id\":\"https:\\\/\\\/comuna.pt\\\/pt-pt\\\/#\\\/schema\\\/logo\\\/image\\\/\"},\"sameAs\":[\"http:\\\/\\\/facebook.com\\\/comuna.rental\",\"https:\\\/\\\/www.instagram.com\\\/comuna_rental\",\"https:\\\/\\\/www.linkedin.com\\\/company\\\/96410498\"]}]}<\/script>\n<meta property=\"product:price:amount\" content=\"25.00\" \/>\n<meta property=\"product:price:currency\" content=\"EUR\" \/>\n<meta property=\"og:availability\" content=\"instock\" \/>\n<meta property=\"product:availability\" content=\"instock\" \/>\n<meta property=\"product:condition\" content=\"new\" \/>\n<!-- \/ Yoast SEO Premium plugin. -->","yoast_head_json":{"title":"Sennheiser SKP100 G3 + EK100 G3 | Comuna Studios &amp; Equipment Rental","description":"Sennheiser SKP100 G3 + EK100 G3 oferece \u00e1udio sem fios profissional com claridade excecional para v\u00eddeo, cinema e produ\u00e7\u00f5es em direto.","robots":{"index":"index","follow":"follow","max-snippet":"max-snippet:-1","max-image-preview":"max-image-preview:large","max-video-preview":"max-video-preview:-1"},"canonical":"https:\/\/comuna.pt\/pt-pt\/product\/sennheiser-skp100-g3-ek100-g3\/","og_locale":"pt_PT","og_type":"article","og_title":"Sennheiser SKP100 G3 + EK100 G3","og_description":"Sennheiser SKP100 G3 + EK100 G3 oferece \u00e1udio sem fios profissional com claridade excecional para v\u00eddeo, cinema e produ\u00e7\u00f5es em direto.","og_url":"https:\/\/comuna.pt\/pt-pt\/product\/sennheiser-skp100-g3-ek100-g3\/","og_site_name":"Comuna Studios &amp; Equipment Rental","article_publisher":"http:\/\/facebook.com\/comuna.rental","article_modified_time":"2026-01-28T20:14:47+00:00","og_image":[{"width":640,"height":600,"url":"https:\/\/comuna.pt\/wp-content\/uploads\/2025\/11\/SKP100__EK100.png","type":"image\/png"}],"twitter_card":"summary_large_image","twitter_misc":{"pre\u00e7o":"&euro;25,00 + 23% VAT","Disponibilidade":"Em stock"},"schema":{"@context":"https:\/\/schema.org","@graph":[{"@type":["WebPage","ItemPage"],"@id":"https:\/\/comuna.pt\/pt-pt\/product\/sennheiser-skp100-g3-ek100-g3\/","url":"https:\/\/comuna.pt\/pt-pt\/product\/sennheiser-skp100-g3-ek100-g3\/","name":"Sennheiser SKP100 G3 + EK100 G3 | Comuna Studios &amp; Equipment Rental","isPartOf":{"@id":"https:\/\/comuna.pt\/pt-pt\/#website"},"primaryImageOfPage":{"@id":"https:\/\/comuna.pt\/pt-pt\/product\/sennheiser-skp100-g3-ek100-g3\/#primaryimage"},"image":{"@id":"https:\/\/comuna.pt\/pt-pt\/product\/sennheiser-skp100-g3-ek100-g3\/#primaryimage"},"thumbnailUrl":"https:\/\/comuna.pt\/wp-content\/uploads\/2025\/11\/SKP100__EK100.png","datePublished":"2025-11-10T16:57:55+00:00","dateModified":"2026-01-28T20:14:47+00:00","description":"Sennheiser SKP100 G3 + EK100 G3 oferece \u00e1udio sem fios profissional com claridade excecional para v\u00eddeo, cinema e produ\u00e7\u00f5es em direto.","breadcrumb":{"@id":"https:\/\/comuna.pt\/pt-pt\/product\/sennheiser-skp100-g3-ek100-g3\/#breadcrumb"},"inLanguage":"pt-PT","potentialAction":[{"@type":"ReadAction","target":["https:\/\/comuna.pt\/pt-pt\/product\/sennheiser-skp100-g3-ek100-g3\/"]}]},{"@type":"ImageObject","inLanguage":"pt-PT","@id":"https:\/\/comuna.pt\/pt-pt\/product\/sennheiser-skp100-g3-ek100-g3\/#primaryimage","url":"https:\/\/comuna.pt\/wp-content\/uploads\/2025\/11\/SKP100__EK100.png","contentUrl":"https:\/\/comuna.pt\/wp-content\/uploads\/2025\/11\/SKP100__EK100.png","width":640,"height":600},{"@type":"BreadcrumbList","@id":"https:\/\/comuna.pt\/pt-pt\/product\/sennheiser-skp100-g3-ek100-g3\/#breadcrumb","itemListElement":[{"@type":"ListItem","position":1,"name":"Home","item":"https:\/\/comuna.pt\/pt-pt\/"},{"@type":"ListItem","position":2,"name":"Produtos"},{"@type":"ListItem","position":3,"name":"Som","item":"https:\/\/comuna.pt\/pt-pt\/Categoria\/som\/"},{"@type":"ListItem","position":4,"name":"Sennheiser SKP100 G3 + EK100 G3"}]},{"@type":"WebSite","@id":"https:\/\/comuna.pt\/pt-pt\/#website","url":"https:\/\/comuna.pt\/pt-pt\/","name":"Comuna Rental House","description":"Photo studios, Podcast &amp; Equipment Rental","publisher":{"@id":"https:\/\/comuna.pt\/pt-pt\/#organization"},"alternateName":"Comuna Filmmaking Equipment Rental","potentialAction":[{"@type":"SearchAction","target":{"@type":"EntryPoint","urlTemplate":"https:\/\/comuna.pt\/pt-pt\/?s={search_term_string}"},"query-input":{"@type":"PropertyValueSpecification","valueRequired":true,"valueName":"search_term_string"}}],"inLanguage":"pt-PT"},{"@type":"Organization","@id":"https:\/\/comuna.pt\/pt-pt\/#organization","name":"Comuna Rental House","url":"https:\/\/comuna.pt\/pt-pt\/","logo":{"@type":"ImageObject","inLanguage":"pt-PT","@id":"https:\/\/comuna.pt\/pt-pt\/#\/schema\/logo\/image\/","url":"https:\/\/comuna.pt\/wp-content\/uploads\/2024\/03\/comuna_logo_website.png","contentUrl":"https:\/\/comuna.pt\/wp-content\/uploads\/2024\/03\/comuna_logo_website.png","width":2000,"height":262,"caption":"Comuna Rental House"},"image":{"@id":"https:\/\/comuna.pt\/pt-pt\/#\/schema\/logo\/image\/"},"sameAs":["http:\/\/facebook.com\/comuna.rental","https:\/\/www.instagram.com\/comuna_rental","https:\/\/www.linkedin.com\/company\/96410498"]}]},"product_price_amount":"25.00","product_price_currency":"EUR","og_availability":"instock","product_availability":"instock","product_condition":"new"},"_links":{"self":[{"href":"https:\/\/comuna.pt\/pt-pt\/wp-json\/wp\/v2\/product\/17549","targetHints":{"allow":["GET"]}}],"collection":[{"href":"https:\/\/comuna.pt\/pt-pt\/wp-json\/wp\/v2\/product"}],"about":[{"href":"https:\/\/comuna.pt\/pt-pt\/wp-json\/wp\/v2\/types\/product"}],"version-history":[{"count":1,"href":"https:\/\/comuna.pt\/pt-pt\/wp-json\/wp\/v2\/product\/17549\/revisions"}],"predecessor-version":[{"id":17553,"href":"https:\/\/comuna.pt\/pt-pt\/wp-json\/wp\/v2\/product\/17549\/revisions\/17553"}],"wp:featuredmedia":[{"embeddable":true,"href":"https:\/\/comuna.pt\/pt-pt\/wp-json\/wp\/v2\/media\/17550"}],"wp:attachment":[{"href":"https:\/\/comuna.pt\/pt-pt\/wp-json\/wp\/v2\/media?parent=17549"}],"wp:term":[{"taxonomy":"product_brand","embeddable":true,"href":"https:\/\/comuna.pt\/pt-pt\/wp-json\/wp\/v2\/product_brand?post=17549"},{"taxonomy":"product_cat","embeddable":true,"href":"https:\/\/comuna.pt\/pt-pt\/wp-json\/wp\/v2\/product_cat?post=17549"},{"taxonomy":"product_tag","embeddable":true,"href":"https:\/\/comuna.pt\/pt-pt\/wp-json\/wp\/v2\/product_tag?post=17549"}],"curies":[{"name":"wp","href":"https:\/\/api.w.org\/{rel}","templated":true}]}}