{"id":17486,"date":"2025-11-25T14:38:29","date_gmt":"2025-11-25T14:38:29","guid":{"rendered":"https:\/\/comuna.pt\/product\/kit-podcast-um-microfone\/"},"modified":"2026-01-28T20:13:31","modified_gmt":"2026-01-28T20:13:31","slug":"kit-podcast-um-microfone","status":"publish","type":"product","link":"https:\/\/comuna.pt\/pt-pt\/product\/kit-podcast-um-microfone\/","title":{"rendered":"Kit Podcast | Um Microfone"},"content":{"rendered":"<p data-start=\"121\" data-end=\"364\"><div class=\"booqable-product-button\" data-id=\"podcast-set-x1\"><\/div><\/p>\n<p data-start=\"121\" data-end=\"364\">Este kit completo \u00e9 ideal para grava\u00e7\u00f5es de podcasts profissionais e configura\u00e7\u00f5es de \u00e1udio m\u00f3veis. Inclui equipamento de alta qualidade para capta\u00e7\u00e3o de \u00e1udio, monitoriza\u00e7\u00e3o e conetividade, garantindo flexibilidade e o melhor desempenho em qualquer ambiente de grava\u00e7\u00e3o.<\/p>\n<p data-start=\"366\" data-end=\"388\"><strong data-start=\"366\" data-end=\"386\">O bundle inclui:<\/strong><\/p>\n<ul data-start=\"389\" data-end=\"906\">\n<li><strong data-start=\"391\" data-end=\"434\">Kit Zoom F8n Pro &amp; Saco de Som ORCA OR-28<\/strong> \u2013 Sistema robusto de grava\u00e7\u00e3o e transporte para sess\u00f5es de \u00e1udio completas.<\/li>\n<li><strong data-start=\"504\" data-end=\"541\">Microfone Shure MV7X Podcast XLR<\/strong> \u2013 Microfone XLR profissional para uma grava\u00e7\u00e3o de voz clara e consistente.<\/li>\n<li><strong data-start=\"615\" data-end=\"659\">Auscultadores Sennheiser HD 280 Pro<\/strong> \u2013 Auscultadores de monitoriza\u00e7\u00e3o com isolamento sonoro, perfeitos para mistura e controlo de \u00e1udio.<\/li>\n<li><strong data-start=\"743\" data-end=\"760\">Cabo XLR 10m<\/strong> \u2013 Cabo XLR dur\u00e1vel para uma liga\u00e7\u00e3o fi\u00e1vel do microfone.<\/li>\n<li><strong data-start=\"821\" data-end=\"849\">Suporte de Microfone (trip\u00e9 ou bra\u00e7o)<\/strong> \u2013 Suporte ajust\u00e1vel para o posicionamento ideal do microfone.<\/li>\n<\/ul>\n<p data-start=\"908\" data-end=\"1005\">Perfeito para podcasters que necessitam de um setup profissional port\u00e1til e pronto a usar imediatamente.<\/p>\n","protected":false},"excerpt":{"rendered":"<p>Este kit completo \u00e9 ideal para grava\u00e7\u00f5es de podcasts profissionais e configura\u00e7\u00f5es de \u00e1udio m\u00f3veis. Inclui equipamento de alta qualidade para capta\u00e7\u00e3o de \u00e1udio, monitoriza\u00e7\u00e3o e conetividade, garantindo flexibilidade e o melhor desempenho em qualquer ambiente de grava\u00e7\u00e3o. O bundle inclui: Kit Zoom F8n Pro &amp; Saco de Som ORCA OR-28 \u2013 Sistema robusto de [&hellip;]<\/p>\n","protected":false},"featured_media":17490,"template":"","meta":[],"product_brand":[],"product_cat":[805872],"product_tag":[],"class_list":{"0":"post-17486","1":"product","2":"type-product","3":"status-publish","4":"has-post-thumbnail","6":"product_cat-som","8":"first","9":"instock","10":"taxable","11":"shipping-taxable","12":"purchasable","13":"product-type-simple"},"yoast_head":"<!-- This site is optimized with the Yoast SEO Premium plugin v27.4 (Yoast SEO v27.5) - https:\/\/yoast.com\/product\/yoast-seo-premium-wordpress\/ -->\n<title>Kit Podcast | Um Microfone | Comuna Studios &amp; Equipment Rental<\/title>\n<meta name=\"robots\" content=\"index, follow, max-snippet:-1, max-image-preview:large, max-video-preview:-1\" \/>\n<link rel=\"canonical\" href=\"https:\/\/comuna.pt\/pt-pt\/product\/kit-podcast-um-microfone\/\" \/>\n<meta property=\"og:locale\" content=\"pt_PT\" \/>\n<meta property=\"og:type\" content=\"article\" \/>\n<meta property=\"og:title\" content=\"Kit Podcast | Um Microfone\" \/>\n<meta property=\"og:description\" content=\"Este kit completo \u00e9 ideal para grava\u00e7\u00f5es de podcasts profissionais e configura\u00e7\u00f5es de \u00e1udio m\u00f3veis. Inclui equipamento de alta qualidade para capta\u00e7\u00e3o de \u00e1udio, monitoriza\u00e7\u00e3o e conetividade, garantindo flexibilidade e o melhor desempenho em qualquer ambiente de grava\u00e7\u00e3o. O bundle inclui: Kit Zoom F8n Pro &amp; Saco de Som ORCA OR-28 \u2013 Sistema robusto de [&hellip;]\" \/>\n<meta property=\"og:url\" content=\"https:\/\/comuna.pt\/pt-pt\/product\/kit-podcast-um-microfone\/\" \/>\n<meta property=\"og:site_name\" content=\"Comuna Studios &amp; Equipment Rental\" \/>\n<meta property=\"article:publisher\" content=\"http:\/\/facebook.com\/comuna.rental\" \/>\n<meta property=\"article:modified_time\" content=\"2026-01-28T20:13:31+00:00\" \/>\n<meta property=\"og:image\" content=\"https:\/\/comuna.pt\/wp-content\/uploads\/2025\/11\/Captura-de-ecra-2025-11-25-as-14.46.19.png\" \/>\n\t<meta property=\"og:image:width\" content=\"880\" \/>\n\t<meta property=\"og:image:height\" content=\"800\" \/>\n\t<meta property=\"og:image:type\" content=\"image\/png\" \/>\n<meta name=\"twitter:card\" content=\"summary_large_image\" \/>\n<meta name=\"twitter:label1\" content=\"pre\u00e7o\" \/>\n\t<meta name=\"twitter:data1\" content=\"&euro;50,00 + 23% VAT\" \/>\n\t<meta name=\"twitter:label2\" content=\"Disponibilidade\" \/>\n\t<meta name=\"twitter:data2\" content=\"Em stock\" \/>\n<script type=\"application\/ld+json\" class=\"yoast-schema-graph\">{\"@context\":\"https:\\\/\\\/schema.org\",\"@graph\":[{\"@type\":[\"WebPage\",\"ItemPage\"],\"@id\":\"https:\\\/\\\/comuna.pt\\\/pt-pt\\\/product\\\/kit-podcast-um-microfone\\\/\",\"url\":\"https:\\\/\\\/comuna.pt\\\/pt-pt\\\/product\\\/kit-podcast-um-microfone\\\/\",\"name\":\"Kit Podcast | Um Microfone | Comuna Studios &amp; Equipment Rental\",\"isPartOf\":{\"@id\":\"https:\\\/\\\/comuna.pt\\\/pt-pt\\\/#website\"},\"primaryImageOfPage\":{\"@id\":\"https:\\\/\\\/comuna.pt\\\/pt-pt\\\/product\\\/kit-podcast-um-microfone\\\/#primaryimage\"},\"image\":{\"@id\":\"https:\\\/\\\/comuna.pt\\\/pt-pt\\\/product\\\/kit-podcast-um-microfone\\\/#primaryimage\"},\"thumbnailUrl\":\"https:\\\/\\\/comuna.pt\\\/wp-content\\\/uploads\\\/2025\\\/11\\\/Captura-de-ecra-2025-11-25-as-14.46.19.png\",\"datePublished\":\"2025-11-25T14:38:29+00:00\",\"dateModified\":\"2026-01-28T20:13:31+00:00\",\"breadcrumb\":{\"@id\":\"https:\\\/\\\/comuna.pt\\\/pt-pt\\\/product\\\/kit-podcast-um-microfone\\\/#breadcrumb\"},\"inLanguage\":\"pt-PT\",\"potentialAction\":[{\"@type\":\"ReadAction\",\"target\":[\"https:\\\/\\\/comuna.pt\\\/pt-pt\\\/product\\\/kit-podcast-um-microfone\\\/\"]}]},{\"@type\":\"ImageObject\",\"inLanguage\":\"pt-PT\",\"@id\":\"https:\\\/\\\/comuna.pt\\\/pt-pt\\\/product\\\/kit-podcast-um-microfone\\\/#primaryimage\",\"url\":\"https:\\\/\\\/comuna.pt\\\/wp-content\\\/uploads\\\/2025\\\/11\\\/Captura-de-ecra-2025-11-25-as-14.46.19.png\",\"contentUrl\":\"https:\\\/\\\/comuna.pt\\\/wp-content\\\/uploads\\\/2025\\\/11\\\/Captura-de-ecra-2025-11-25-as-14.46.19.png\",\"width\":880,\"height\":800},{\"@type\":\"BreadcrumbList\",\"@id\":\"https:\\\/\\\/comuna.pt\\\/pt-pt\\\/product\\\/kit-podcast-um-microfone\\\/#breadcrumb\",\"itemListElement\":[{\"@type\":\"ListItem\",\"position\":1,\"name\":\"Home\",\"item\":\"https:\\\/\\\/comuna.pt\\\/pt-pt\\\/\"},{\"@type\":\"ListItem\",\"position\":2,\"name\":\"Produtos\"},{\"@type\":\"ListItem\",\"position\":3,\"name\":\"Som\",\"item\":\"https:\\\/\\\/comuna.pt\\\/pt-pt\\\/Categoria\\\/som\\\/\"},{\"@type\":\"ListItem\",\"position\":4,\"name\":\"Kit Podcast | Um Microfone\"}]},{\"@type\":\"WebSite\",\"@id\":\"https:\\\/\\\/comuna.pt\\\/pt-pt\\\/#website\",\"url\":\"https:\\\/\\\/comuna.pt\\\/pt-pt\\\/\",\"name\":\"Comuna Rental House\",\"description\":\"Photo studios, Podcast &amp; Equipment Rental\",\"publisher\":{\"@id\":\"https:\\\/\\\/comuna.pt\\\/pt-pt\\\/#organization\"},\"alternateName\":\"Comuna Filmmaking Equipment Rental\",\"potentialAction\":[{\"@type\":\"SearchAction\",\"target\":{\"@type\":\"EntryPoint\",\"urlTemplate\":\"https:\\\/\\\/comuna.pt\\\/pt-pt\\\/?s={search_term_string}\"},\"query-input\":{\"@type\":\"PropertyValueSpecification\",\"valueRequired\":true,\"valueName\":\"search_term_string\"}}],\"inLanguage\":\"pt-PT\"},{\"@type\":\"Organization\",\"@id\":\"https:\\\/\\\/comuna.pt\\\/pt-pt\\\/#organization\",\"name\":\"Comuna Rental House\",\"url\":\"https:\\\/\\\/comuna.pt\\\/pt-pt\\\/\",\"logo\":{\"@type\":\"ImageObject\",\"inLanguage\":\"pt-PT\",\"@id\":\"https:\\\/\\\/comuna.pt\\\/pt-pt\\\/#\\\/schema\\\/logo\\\/image\\\/\",\"url\":\"https:\\\/\\\/comuna.pt\\\/wp-content\\\/uploads\\\/2024\\\/03\\\/comuna_logo_website.png\",\"contentUrl\":\"https:\\\/\\\/comuna.pt\\\/wp-content\\\/uploads\\\/2024\\\/03\\\/comuna_logo_website.png\",\"width\":2000,\"height\":262,\"caption\":\"Comuna Rental House\"},\"image\":{\"@id\":\"https:\\\/\\\/comuna.pt\\\/pt-pt\\\/#\\\/schema\\\/logo\\\/image\\\/\"},\"sameAs\":[\"http:\\\/\\\/facebook.com\\\/comuna.rental\",\"https:\\\/\\\/www.instagram.com\\\/comuna_rental\",\"https:\\\/\\\/www.linkedin.com\\\/company\\\/96410498\"]}]}<\/script>\n<meta property=\"product:price:amount\" content=\"50.00\" \/>\n<meta property=\"product:price:currency\" content=\"EUR\" \/>\n<meta property=\"og:availability\" content=\"instock\" \/>\n<meta property=\"product:availability\" content=\"instock\" \/>\n<meta property=\"product:condition\" content=\"new\" \/>\n<!-- \/ Yoast SEO Premium plugin. -->","yoast_head_json":{"title":"Kit Podcast | Um Microfone | Comuna Studios &amp; Equipment Rental","robots":{"index":"index","follow":"follow","max-snippet":"max-snippet:-1","max-image-preview":"max-image-preview:large","max-video-preview":"max-video-preview:-1"},"canonical":"https:\/\/comuna.pt\/pt-pt\/product\/kit-podcast-um-microfone\/","og_locale":"pt_PT","og_type":"article","og_title":"Kit Podcast | Um Microfone","og_description":"Este kit completo \u00e9 ideal para grava\u00e7\u00f5es de podcasts profissionais e configura\u00e7\u00f5es de \u00e1udio m\u00f3veis. Inclui equipamento de alta qualidade para capta\u00e7\u00e3o de \u00e1udio, monitoriza\u00e7\u00e3o e conetividade, garantindo flexibilidade e o melhor desempenho em qualquer ambiente de grava\u00e7\u00e3o. O bundle inclui: Kit Zoom F8n Pro &amp; Saco de Som ORCA OR-28 \u2013 Sistema robusto de [&hellip;]","og_url":"https:\/\/comuna.pt\/pt-pt\/product\/kit-podcast-um-microfone\/","og_site_name":"Comuna Studios &amp; Equipment Rental","article_publisher":"http:\/\/facebook.com\/comuna.rental","article_modified_time":"2026-01-28T20:13:31+00:00","og_image":[{"width":880,"height":800,"url":"https:\/\/comuna.pt\/wp-content\/uploads\/2025\/11\/Captura-de-ecra-2025-11-25-as-14.46.19.png","type":"image\/png"}],"twitter_card":"summary_large_image","twitter_misc":{"pre\u00e7o":"&euro;50,00 + 23% VAT","Disponibilidade":"Em stock"},"schema":{"@context":"https:\/\/schema.org","@graph":[{"@type":["WebPage","ItemPage"],"@id":"https:\/\/comuna.pt\/pt-pt\/product\/kit-podcast-um-microfone\/","url":"https:\/\/comuna.pt\/pt-pt\/product\/kit-podcast-um-microfone\/","name":"Kit Podcast | Um Microfone | Comuna Studios &amp; Equipment Rental","isPartOf":{"@id":"https:\/\/comuna.pt\/pt-pt\/#website"},"primaryImageOfPage":{"@id":"https:\/\/comuna.pt\/pt-pt\/product\/kit-podcast-um-microfone\/#primaryimage"},"image":{"@id":"https:\/\/comuna.pt\/pt-pt\/product\/kit-podcast-um-microfone\/#primaryimage"},"thumbnailUrl":"https:\/\/comuna.pt\/wp-content\/uploads\/2025\/11\/Captura-de-ecra-2025-11-25-as-14.46.19.png","datePublished":"2025-11-25T14:38:29+00:00","dateModified":"2026-01-28T20:13:31+00:00","breadcrumb":{"@id":"https:\/\/comuna.pt\/pt-pt\/product\/kit-podcast-um-microfone\/#breadcrumb"},"inLanguage":"pt-PT","potentialAction":[{"@type":"ReadAction","target":["https:\/\/comuna.pt\/pt-pt\/product\/kit-podcast-um-microfone\/"]}]},{"@type":"ImageObject","inLanguage":"pt-PT","@id":"https:\/\/comuna.pt\/pt-pt\/product\/kit-podcast-um-microfone\/#primaryimage","url":"https:\/\/comuna.pt\/wp-content\/uploads\/2025\/11\/Captura-de-ecra-2025-11-25-as-14.46.19.png","contentUrl":"https:\/\/comuna.pt\/wp-content\/uploads\/2025\/11\/Captura-de-ecra-2025-11-25-as-14.46.19.png","width":880,"height":800},{"@type":"BreadcrumbList","@id":"https:\/\/comuna.pt\/pt-pt\/product\/kit-podcast-um-microfone\/#breadcrumb","itemListElement":[{"@type":"ListItem","position":1,"name":"Home","item":"https:\/\/comuna.pt\/pt-pt\/"},{"@type":"ListItem","position":2,"name":"Produtos"},{"@type":"ListItem","position":3,"name":"Som","item":"https:\/\/comuna.pt\/pt-pt\/Categoria\/som\/"},{"@type":"ListItem","position":4,"name":"Kit Podcast | Um Microfone"}]},{"@type":"WebSite","@id":"https:\/\/comuna.pt\/pt-pt\/#website","url":"https:\/\/comuna.pt\/pt-pt\/","name":"Comuna Rental House","description":"Photo studios, Podcast &amp; Equipment Rental","publisher":{"@id":"https:\/\/comuna.pt\/pt-pt\/#organization"},"alternateName":"Comuna Filmmaking Equipment Rental","potentialAction":[{"@type":"SearchAction","target":{"@type":"EntryPoint","urlTemplate":"https:\/\/comuna.pt\/pt-pt\/?s={search_term_string}"},"query-input":{"@type":"PropertyValueSpecification","valueRequired":true,"valueName":"search_term_string"}}],"inLanguage":"pt-PT"},{"@type":"Organization","@id":"https:\/\/comuna.pt\/pt-pt\/#organization","name":"Comuna Rental House","url":"https:\/\/comuna.pt\/pt-pt\/","logo":{"@type":"ImageObject","inLanguage":"pt-PT","@id":"https:\/\/comuna.pt\/pt-pt\/#\/schema\/logo\/image\/","url":"https:\/\/comuna.pt\/wp-content\/uploads\/2024\/03\/comuna_logo_website.png","contentUrl":"https:\/\/comuna.pt\/wp-content\/uploads\/2024\/03\/comuna_logo_website.png","width":2000,"height":262,"caption":"Comuna Rental House"},"image":{"@id":"https:\/\/comuna.pt\/pt-pt\/#\/schema\/logo\/image\/"},"sameAs":["http:\/\/facebook.com\/comuna.rental","https:\/\/www.instagram.com\/comuna_rental","https:\/\/www.linkedin.com\/company\/96410498"]}]},"product_price_amount":"50.00","product_price_currency":"EUR","og_availability":"instock","product_availability":"instock","product_condition":"new"},"_links":{"self":[{"href":"https:\/\/comuna.pt\/pt-pt\/wp-json\/wp\/v2\/product\/17486","targetHints":{"allow":["GET"]}}],"collection":[{"href":"https:\/\/comuna.pt\/pt-pt\/wp-json\/wp\/v2\/product"}],"about":[{"href":"https:\/\/comuna.pt\/pt-pt\/wp-json\/wp\/v2\/types\/product"}],"version-history":[{"count":1,"href":"https:\/\/comuna.pt\/pt-pt\/wp-json\/wp\/v2\/product\/17486\/revisions"}],"predecessor-version":[{"id":17493,"href":"https:\/\/comuna.pt\/pt-pt\/wp-json\/wp\/v2\/product\/17486\/revisions\/17493"}],"wp:featuredmedia":[{"embeddable":true,"href":"https:\/\/comuna.pt\/pt-pt\/wp-json\/wp\/v2\/media\/17490"}],"wp:attachment":[{"href":"https:\/\/comuna.pt\/pt-pt\/wp-json\/wp\/v2\/media?parent=17486"}],"wp:term":[{"taxonomy":"product_brand","embeddable":true,"href":"https:\/\/comuna.pt\/pt-pt\/wp-json\/wp\/v2\/product_brand?post=17486"},{"taxonomy":"product_cat","embeddable":true,"href":"https:\/\/comuna.pt\/pt-pt\/wp-json\/wp\/v2\/product_cat?post=17486"},{"taxonomy":"product_tag","embeddable":true,"href":"https:\/\/comuna.pt\/pt-pt\/wp-json\/wp\/v2\/product_tag?post=17486"}],"curies":[{"name":"wp","href":"https:\/\/api.w.org\/{rel}","templated":true}]}}