{"id":16348,"date":"2023-06-23T11:46:17","date_gmt":"2023-06-23T10:46:17","guid":{"rendered":"https:\/\/comuna.pt\/product\/objetiva-canon-rf-24-70-mm-f2-8l-is-usm\/"},"modified":"2026-02-09T18:13:06","modified_gmt":"2026-02-09T18:13:06","slug":"objetiva-canon-rf-24-70-mm-f2-8l-is-usm","status":"publish","type":"product","link":"https:\/\/comuna.pt\/pt-pt\/product\/objetiva-canon-rf-24-70-mm-f2-8l-is-usm\/","title":{"rendered":"Canon RF 24-70 mm, F2.8L IS USM"},"content":{"rendered":"<div class=\"booqable-product-button\" data-id=\"canon-rf-24-70-mm-f2-8l-is-usm-lens\"><\/div>\n<p>Preparada para ser o novo zoom de trabalho, a Canon RF 24-70mm f\/2.8 L IS USM \u00e9 uma objetiva vers\u00e1til de grande angular a retrato, caracterizada pelo seu design brilhante, avan\u00e7ado e intuitivo. A abertura m\u00e1xima constante de f\/2,8 \u00e9 adequada para trabalhar em condi\u00e7\u00f5es de ilumina\u00e7\u00e3o dif\u00edceis e tamb\u00e9m permite um maior controlo sobre a profundidade de campo. O design \u00f3tico incorpora uma s\u00e9rie de elementos asf\u00e9ricos e de dispers\u00e3o ultra-baixa, que reduzem significativamente uma variedade de aberra\u00e7\u00f5es em toda a gama de zoom, de modo a produzir imagens n\u00edtidas e claras. Foi tamb\u00e9m aplicado um revestimento Air Sphere para suprimir os reflexos e os efeitos fantasma quando se trabalha em condi\u00e7\u00f5es de ilumina\u00e7\u00e3o intensa.<\/p>\n","protected":false},"excerpt":{"rendered":"<p>Preparada para ser o novo zoom de trabalho, a Canon RF 24-70mm f\/2.8 L IS USM \u00e9 uma objetiva vers\u00e1til de grande angular a retrato, caracterizada pelo seu design brilhante, avan\u00e7ado e intuitivo. A abertura m\u00e1xima constante de f\/2,8 \u00e9 adequada para trabalhar em condi\u00e7\u00f5es de ilumina\u00e7\u00e3o dif\u00edceis e tamb\u00e9m permite um maior controlo sobre [&hellip;]<\/p>\n","protected":false},"featured_media":16349,"template":"","meta":[],"product_brand":[],"product_cat":[805879],"product_tag":[],"class_list":{"0":"post-16348","1":"product","2":"type-product","3":"status-publish","4":"has-post-thumbnail","6":"product_cat-objetivas","8":"first","9":"instock","10":"taxable","11":"shipping-taxable","12":"purchasable","13":"product-type-simple"},"yoast_head":"<!-- This site is optimized with the Yoast SEO Premium plugin v27.4 (Yoast SEO v27.5) - https:\/\/yoast.com\/product\/yoast-seo-premium-wordpress\/ -->\n<title>Canon RF 24-70 mm, F2.8L IS USM | Comuna Studios &amp; Equipment Rental<\/title>\n<meta name=\"robots\" content=\"index, follow, max-snippet:-1, max-image-preview:large, max-video-preview:-1\" \/>\n<link rel=\"canonical\" href=\"https:\/\/comuna.pt\/pt-pt\/product\/objetiva-canon-rf-24-70-mm-f2-8l-is-usm\/\" \/>\n<meta property=\"og:locale\" content=\"pt_PT\" \/>\n<meta property=\"og:type\" content=\"article\" \/>\n<meta property=\"og:title\" content=\"Canon RF 24-70 mm, F2.8L IS USM\" \/>\n<meta property=\"og:description\" content=\"Preparada para ser o novo zoom de trabalho, a Canon RF 24-70mm f\/2.8 L IS USM \u00e9 uma objetiva vers\u00e1til de grande angular a retrato, caracterizada pelo seu design brilhante, avan\u00e7ado e intuitivo. A abertura m\u00e1xima constante de f\/2,8 \u00e9 adequada para trabalhar em condi\u00e7\u00f5es de ilumina\u00e7\u00e3o dif\u00edceis e tamb\u00e9m permite um maior controlo sobre [&hellip;]\" \/>\n<meta property=\"og:url\" content=\"https:\/\/comuna.pt\/pt-pt\/product\/objetiva-canon-rf-24-70-mm-f2-8l-is-usm\/\" \/>\n<meta property=\"og:site_name\" content=\"Comuna Studios &amp; Equipment Rental\" \/>\n<meta property=\"article:publisher\" content=\"http:\/\/facebook.com\/comuna.rental\" \/>\n<meta property=\"article:modified_time\" content=\"2026-02-09T18:13:06+00:00\" \/>\n<meta property=\"og:image\" content=\"https:\/\/comuna.pt\/wp-content\/uploads\/2023\/06\/1566949637_IMG_1241680-2.jpg\" \/>\n\t<meta property=\"og:image:width\" content=\"500\" \/>\n\t<meta property=\"og:image:height\" content=\"500\" \/>\n\t<meta property=\"og:image:type\" content=\"image\/jpeg\" \/>\n<meta name=\"twitter:card\" content=\"summary_large_image\" \/>\n<meta name=\"twitter:label1\" content=\"pre\u00e7o\" \/>\n\t<meta name=\"twitter:data1\" content=\"&euro;50,00 + 23% VAT\" \/>\n\t<meta name=\"twitter:label2\" content=\"Disponibilidade\" \/>\n\t<meta name=\"twitter:data2\" content=\"Em stock\" \/>\n<script type=\"application\/ld+json\" class=\"yoast-schema-graph\">{\"@context\":\"https:\\\/\\\/schema.org\",\"@graph\":[{\"@type\":[\"WebPage\",\"ItemPage\"],\"@id\":\"https:\\\/\\\/comuna.pt\\\/pt-pt\\\/product\\\/objetiva-canon-rf-24-70-mm-f2-8l-is-usm\\\/\",\"url\":\"https:\\\/\\\/comuna.pt\\\/pt-pt\\\/product\\\/objetiva-canon-rf-24-70-mm-f2-8l-is-usm\\\/\",\"name\":\"Canon RF 24-70 mm, F2.8L IS USM | Comuna Studios &amp; Equipment Rental\",\"isPartOf\":{\"@id\":\"https:\\\/\\\/comuna.pt\\\/pt-pt\\\/#website\"},\"primaryImageOfPage\":{\"@id\":\"https:\\\/\\\/comuna.pt\\\/pt-pt\\\/product\\\/objetiva-canon-rf-24-70-mm-f2-8l-is-usm\\\/#primaryimage\"},\"image\":{\"@id\":\"https:\\\/\\\/comuna.pt\\\/pt-pt\\\/product\\\/objetiva-canon-rf-24-70-mm-f2-8l-is-usm\\\/#primaryimage\"},\"thumbnailUrl\":\"https:\\\/\\\/comuna.pt\\\/wp-content\\\/uploads\\\/2023\\\/06\\\/1566949637_IMG_1241680-2.jpg\",\"datePublished\":\"2023-06-23T10:46:17+00:00\",\"dateModified\":\"2026-02-09T18:13:06+00:00\",\"breadcrumb\":{\"@id\":\"https:\\\/\\\/comuna.pt\\\/pt-pt\\\/product\\\/objetiva-canon-rf-24-70-mm-f2-8l-is-usm\\\/#breadcrumb\"},\"inLanguage\":\"pt-PT\",\"potentialAction\":[{\"@type\":\"ReadAction\",\"target\":[\"https:\\\/\\\/comuna.pt\\\/pt-pt\\\/product\\\/objetiva-canon-rf-24-70-mm-f2-8l-is-usm\\\/\"]}]},{\"@type\":\"ImageObject\",\"inLanguage\":\"pt-PT\",\"@id\":\"https:\\\/\\\/comuna.pt\\\/pt-pt\\\/product\\\/objetiva-canon-rf-24-70-mm-f2-8l-is-usm\\\/#primaryimage\",\"url\":\"https:\\\/\\\/comuna.pt\\\/wp-content\\\/uploads\\\/2023\\\/06\\\/1566949637_IMG_1241680-2.jpg\",\"contentUrl\":\"https:\\\/\\\/comuna.pt\\\/wp-content\\\/uploads\\\/2023\\\/06\\\/1566949637_IMG_1241680-2.jpg\",\"width\":500,\"height\":500},{\"@type\":\"BreadcrumbList\",\"@id\":\"https:\\\/\\\/comuna.pt\\\/pt-pt\\\/product\\\/objetiva-canon-rf-24-70-mm-f2-8l-is-usm\\\/#breadcrumb\",\"itemListElement\":[{\"@type\":\"ListItem\",\"position\":1,\"name\":\"Home\",\"item\":\"https:\\\/\\\/comuna.pt\\\/pt-pt\\\/\"},{\"@type\":\"ListItem\",\"position\":2,\"name\":\"Produtos\"},{\"@type\":\"ListItem\",\"position\":3,\"name\":\"Objetivas\",\"item\":\"https:\\\/\\\/comuna.pt\\\/pt-pt\\\/Categoria\\\/objetivas\\\/\"},{\"@type\":\"ListItem\",\"position\":4,\"name\":\"Canon RF 24-70 mm, F2.8L IS USM\"}]},{\"@type\":\"WebSite\",\"@id\":\"https:\\\/\\\/comuna.pt\\\/pt-pt\\\/#website\",\"url\":\"https:\\\/\\\/comuna.pt\\\/pt-pt\\\/\",\"name\":\"Comuna Rental House\",\"description\":\"Photo studios, Podcast &amp; Equipment Rental\",\"publisher\":{\"@id\":\"https:\\\/\\\/comuna.pt\\\/pt-pt\\\/#organization\"},\"alternateName\":\"Comuna Filmmaking Equipment Rental\",\"potentialAction\":[{\"@type\":\"SearchAction\",\"target\":{\"@type\":\"EntryPoint\",\"urlTemplate\":\"https:\\\/\\\/comuna.pt\\\/pt-pt\\\/?s={search_term_string}\"},\"query-input\":{\"@type\":\"PropertyValueSpecification\",\"valueRequired\":true,\"valueName\":\"search_term_string\"}}],\"inLanguage\":\"pt-PT\"},{\"@type\":\"Organization\",\"@id\":\"https:\\\/\\\/comuna.pt\\\/pt-pt\\\/#organization\",\"name\":\"Comuna Rental House\",\"url\":\"https:\\\/\\\/comuna.pt\\\/pt-pt\\\/\",\"logo\":{\"@type\":\"ImageObject\",\"inLanguage\":\"pt-PT\",\"@id\":\"https:\\\/\\\/comuna.pt\\\/pt-pt\\\/#\\\/schema\\\/logo\\\/image\\\/\",\"url\":\"https:\\\/\\\/comuna.pt\\\/wp-content\\\/uploads\\\/2024\\\/03\\\/comuna_logo_website.png\",\"contentUrl\":\"https:\\\/\\\/comuna.pt\\\/wp-content\\\/uploads\\\/2024\\\/03\\\/comuna_logo_website.png\",\"width\":2000,\"height\":262,\"caption\":\"Comuna Rental House\"},\"image\":{\"@id\":\"https:\\\/\\\/comuna.pt\\\/pt-pt\\\/#\\\/schema\\\/logo\\\/image\\\/\"},\"sameAs\":[\"http:\\\/\\\/facebook.com\\\/comuna.rental\",\"https:\\\/\\\/www.instagram.com\\\/comuna_rental\",\"https:\\\/\\\/www.linkedin.com\\\/company\\\/96410498\"]}]}<\/script>\n<meta property=\"product:price:amount\" content=\"50.00\" \/>\n<meta property=\"product:price:currency\" content=\"EUR\" \/>\n<meta property=\"og:availability\" content=\"instock\" \/>\n<meta property=\"product:availability\" content=\"instock\" \/>\n<meta property=\"product:condition\" content=\"new\" \/>\n<!-- \/ Yoast SEO Premium plugin. -->","yoast_head_json":{"title":"Canon RF 24-70 mm, F2.8L IS USM | Comuna Studios &amp; Equipment Rental","robots":{"index":"index","follow":"follow","max-snippet":"max-snippet:-1","max-image-preview":"max-image-preview:large","max-video-preview":"max-video-preview:-1"},"canonical":"https:\/\/comuna.pt\/pt-pt\/product\/objetiva-canon-rf-24-70-mm-f2-8l-is-usm\/","og_locale":"pt_PT","og_type":"article","og_title":"Canon RF 24-70 mm, F2.8L IS USM","og_description":"Preparada para ser o novo zoom de trabalho, a Canon RF 24-70mm f\/2.8 L IS USM \u00e9 uma objetiva vers\u00e1til de grande angular a retrato, caracterizada pelo seu design brilhante, avan\u00e7ado e intuitivo. A abertura m\u00e1xima constante de f\/2,8 \u00e9 adequada para trabalhar em condi\u00e7\u00f5es de ilumina\u00e7\u00e3o dif\u00edceis e tamb\u00e9m permite um maior controlo sobre [&hellip;]","og_url":"https:\/\/comuna.pt\/pt-pt\/product\/objetiva-canon-rf-24-70-mm-f2-8l-is-usm\/","og_site_name":"Comuna Studios &amp; Equipment Rental","article_publisher":"http:\/\/facebook.com\/comuna.rental","article_modified_time":"2026-02-09T18:13:06+00:00","og_image":[{"width":500,"height":500,"url":"https:\/\/comuna.pt\/wp-content\/uploads\/2023\/06\/1566949637_IMG_1241680-2.jpg","type":"image\/jpeg"}],"twitter_card":"summary_large_image","twitter_misc":{"pre\u00e7o":"&euro;50,00 + 23% VAT","Disponibilidade":"Em stock"},"schema":{"@context":"https:\/\/schema.org","@graph":[{"@type":["WebPage","ItemPage"],"@id":"https:\/\/comuna.pt\/pt-pt\/product\/objetiva-canon-rf-24-70-mm-f2-8l-is-usm\/","url":"https:\/\/comuna.pt\/pt-pt\/product\/objetiva-canon-rf-24-70-mm-f2-8l-is-usm\/","name":"Canon RF 24-70 mm, F2.8L IS USM | Comuna Studios &amp; Equipment Rental","isPartOf":{"@id":"https:\/\/comuna.pt\/pt-pt\/#website"},"primaryImageOfPage":{"@id":"https:\/\/comuna.pt\/pt-pt\/product\/objetiva-canon-rf-24-70-mm-f2-8l-is-usm\/#primaryimage"},"image":{"@id":"https:\/\/comuna.pt\/pt-pt\/product\/objetiva-canon-rf-24-70-mm-f2-8l-is-usm\/#primaryimage"},"thumbnailUrl":"https:\/\/comuna.pt\/wp-content\/uploads\/2023\/06\/1566949637_IMG_1241680-2.jpg","datePublished":"2023-06-23T10:46:17+00:00","dateModified":"2026-02-09T18:13:06+00:00","breadcrumb":{"@id":"https:\/\/comuna.pt\/pt-pt\/product\/objetiva-canon-rf-24-70-mm-f2-8l-is-usm\/#breadcrumb"},"inLanguage":"pt-PT","potentialAction":[{"@type":"ReadAction","target":["https:\/\/comuna.pt\/pt-pt\/product\/objetiva-canon-rf-24-70-mm-f2-8l-is-usm\/"]}]},{"@type":"ImageObject","inLanguage":"pt-PT","@id":"https:\/\/comuna.pt\/pt-pt\/product\/objetiva-canon-rf-24-70-mm-f2-8l-is-usm\/#primaryimage","url":"https:\/\/comuna.pt\/wp-content\/uploads\/2023\/06\/1566949637_IMG_1241680-2.jpg","contentUrl":"https:\/\/comuna.pt\/wp-content\/uploads\/2023\/06\/1566949637_IMG_1241680-2.jpg","width":500,"height":500},{"@type":"BreadcrumbList","@id":"https:\/\/comuna.pt\/pt-pt\/product\/objetiva-canon-rf-24-70-mm-f2-8l-is-usm\/#breadcrumb","itemListElement":[{"@type":"ListItem","position":1,"name":"Home","item":"https:\/\/comuna.pt\/pt-pt\/"},{"@type":"ListItem","position":2,"name":"Produtos"},{"@type":"ListItem","position":3,"name":"Objetivas","item":"https:\/\/comuna.pt\/pt-pt\/Categoria\/objetivas\/"},{"@type":"ListItem","position":4,"name":"Canon RF 24-70 mm, F2.8L IS USM"}]},{"@type":"WebSite","@id":"https:\/\/comuna.pt\/pt-pt\/#website","url":"https:\/\/comuna.pt\/pt-pt\/","name":"Comuna Rental House","description":"Photo studios, Podcast &amp; Equipment Rental","publisher":{"@id":"https:\/\/comuna.pt\/pt-pt\/#organization"},"alternateName":"Comuna Filmmaking Equipment Rental","potentialAction":[{"@type":"SearchAction","target":{"@type":"EntryPoint","urlTemplate":"https:\/\/comuna.pt\/pt-pt\/?s={search_term_string}"},"query-input":{"@type":"PropertyValueSpecification","valueRequired":true,"valueName":"search_term_string"}}],"inLanguage":"pt-PT"},{"@type":"Organization","@id":"https:\/\/comuna.pt\/pt-pt\/#organization","name":"Comuna Rental House","url":"https:\/\/comuna.pt\/pt-pt\/","logo":{"@type":"ImageObject","inLanguage":"pt-PT","@id":"https:\/\/comuna.pt\/pt-pt\/#\/schema\/logo\/image\/","url":"https:\/\/comuna.pt\/wp-content\/uploads\/2024\/03\/comuna_logo_website.png","contentUrl":"https:\/\/comuna.pt\/wp-content\/uploads\/2024\/03\/comuna_logo_website.png","width":2000,"height":262,"caption":"Comuna Rental House"},"image":{"@id":"https:\/\/comuna.pt\/pt-pt\/#\/schema\/logo\/image\/"},"sameAs":["http:\/\/facebook.com\/comuna.rental","https:\/\/www.instagram.com\/comuna_rental","https:\/\/www.linkedin.com\/company\/96410498"]}]},"product_price_amount":"50.00","product_price_currency":"EUR","og_availability":"instock","product_availability":"instock","product_condition":"new"},"_links":{"self":[{"href":"https:\/\/comuna.pt\/pt-pt\/wp-json\/wp\/v2\/product\/16348","targetHints":{"allow":["GET"]}}],"collection":[{"href":"https:\/\/comuna.pt\/pt-pt\/wp-json\/wp\/v2\/product"}],"about":[{"href":"https:\/\/comuna.pt\/pt-pt\/wp-json\/wp\/v2\/types\/product"}],"version-history":[{"count":7,"href":"https:\/\/comuna.pt\/pt-pt\/wp-json\/wp\/v2\/product\/16348\/revisions"}],"predecessor-version":[{"id":19617,"href":"https:\/\/comuna.pt\/pt-pt\/wp-json\/wp\/v2\/product\/16348\/revisions\/19617"}],"wp:featuredmedia":[{"embeddable":true,"href":"https:\/\/comuna.pt\/pt-pt\/wp-json\/wp\/v2\/media\/16349"}],"wp:attachment":[{"href":"https:\/\/comuna.pt\/pt-pt\/wp-json\/wp\/v2\/media?parent=16348"}],"wp:term":[{"taxonomy":"product_brand","embeddable":true,"href":"https:\/\/comuna.pt\/pt-pt\/wp-json\/wp\/v2\/product_brand?post=16348"},{"taxonomy":"product_cat","embeddable":true,"href":"https:\/\/comuna.pt\/pt-pt\/wp-json\/wp\/v2\/product_cat?post=16348"},{"taxonomy":"product_tag","embeddable":true,"href":"https:\/\/comuna.pt\/pt-pt\/wp-json\/wp\/v2\/product_tag?post=16348"}],"curies":[{"name":"wp","href":"https:\/\/api.w.org\/{rel}","templated":true}]}}