{"id":16061,"date":"2023-06-23T11:46:13","date_gmt":"2023-06-23T10:46:13","guid":{"rendered":"https:\/\/comuna.pt\/product\/cartao-de-memoria-cfast-2-0-exascend-archon-512gb\/"},"modified":"2026-01-28T14:50:29","modified_gmt":"2026-01-28T14:50:29","slug":"cartao-de-memoria-cfast-2-0-exascend-archon-512gb","status":"publish","type":"product","link":"https:\/\/comuna.pt\/pt-pt\/product\/cartao-de-memoria-cfast-2-0-exascend-archon-512gb\/","title":{"rendered":"Cart\u00e3o de Mem\u00f3ria CFast 2.0 EXASCEND ARCHON 512GB"},"content":{"rendered":"<p data-start=\"131\" data-end=\"509\"><div class=\"booqable-product-button\" data-id=\"exascend-archon-512gb-cfast-2-0-memory-card\"><\/div><\/p>\n<p data-start=\"131\" data-end=\"509\">O Exascend Archon 512GB CFast 2.0 \u00e9 um cart\u00e3o de mem\u00f3ria de qualidade profissional concebido para fluxos de trabalho de cinema exigentes. Oferece um desempenho consistente de leitura e escrita de alta velocidade, suportando grava\u00e7\u00f5es est\u00e1veis em 4K, 6K e 8K com codecs de alto bitrate. O cart\u00e3o foi projetado para ser fi\u00e1vel em condi\u00e7\u00f5es de rodagem adversas, com resist\u00eancia ao calor, vibra\u00e7\u00e3o e opera\u00e7\u00e3o cont\u00ednua.<\/p>\n<p data-start=\"511\" data-end=\"890\">Ao contr\u00e1rio de cart\u00f5es que apenas atingem velocidades de pico momentaneamente, a s\u00e9rie Archon foi desenhada para um desempenho sustentado. Isto garante que o cart\u00e3o mant\u00e9m a taxa de dados necess\u00e1ria durante todo o take, sem perda de fotogramas (dropped frames) ou interrup\u00e7\u00f5es na grava\u00e7\u00e3o. Tamb\u00e9m possui prote\u00e7\u00e3o de dados avan\u00e7ada, firmware otimizado e padr\u00f5es rigorosos de controlo de qualidade para garantir uma opera\u00e7\u00e3o fi\u00e1vel em set.<\/p>\n<p data-start=\"892\" data-end=\"1188\">Com 512GB de armazenamento, oferece uma capacidade ampla para sess\u00f5es de grava\u00e7\u00e3o prolongadas em c\u00e2maras de cinema que utilizam o formato CFast 2.0. \u00c9 uma escolha s\u00f3lida para operadores de c\u00e2mara, DFs (Diretores de Fotografia) e equipas de produ\u00e7\u00e3o que necessitam de suportes r\u00e1pidos, robustos e fi\u00e1veis que n\u00e3o falhem durante filmagens cr\u00edticas.<\/p>\n","protected":false},"excerpt":{"rendered":"<p>O Exascend Archon 512GB CFast 2.0 \u00e9 um cart\u00e3o de mem\u00f3ria de qualidade profissional concebido para fluxos de trabalho de cinema exigentes. Oferece um desempenho consistente de leitura e escrita de alta velocidade, suportando grava\u00e7\u00f5es est\u00e1veis em 4K, 6K e 8K com codecs de alto bitrate. O cart\u00e3o foi projetado para ser fi\u00e1vel em condi\u00e7\u00f5es [&hellip;]<\/p>\n","protected":false},"featured_media":16063,"template":"","meta":[],"product_brand":[],"product_cat":[805870],"product_tag":[],"class_list":{"0":"post-16061","1":"product","2":"type-product","3":"status-publish","4":"has-post-thumbnail","6":"product_cat-cartoes-de-memoria-e-leitores","8":"first","9":"instock","10":"taxable","11":"shipping-taxable","12":"purchasable","13":"product-type-simple"},"yoast_head":"<!-- This site is optimized with the Yoast SEO Premium plugin v27.4 (Yoast SEO v27.5) - https:\/\/yoast.com\/product\/yoast-seo-premium-wordpress\/ -->\n<title>Cart\u00e3o de Mem\u00f3ria CFast 2.0 EXASCEND ARCHON 512GB | Comuna Studios &amp; Equipment Rental<\/title>\n<meta name=\"robots\" content=\"index, follow, max-snippet:-1, max-image-preview:large, max-video-preview:-1\" \/>\n<link rel=\"canonical\" href=\"https:\/\/comuna.pt\/pt-pt\/product\/cartao-de-memoria-cfast-2-0-exascend-archon-512gb\/\" \/>\n<meta property=\"og:locale\" content=\"pt_PT\" \/>\n<meta property=\"og:type\" content=\"article\" \/>\n<meta property=\"og:title\" content=\"Cart\u00e3o de Mem\u00f3ria CFast 2.0 EXASCEND ARCHON 512GB\" \/>\n<meta property=\"og:description\" content=\"O Exascend Archon 512GB CFast 2.0 \u00e9 um cart\u00e3o de mem\u00f3ria de qualidade profissional concebido para fluxos de trabalho de cinema exigentes. Oferece um desempenho consistente de leitura e escrita de alta velocidade, suportando grava\u00e7\u00f5es est\u00e1veis em 4K, 6K e 8K com codecs de alto bitrate. O cart\u00e3o foi projetado para ser fi\u00e1vel em condi\u00e7\u00f5es [&hellip;]\" \/>\n<meta property=\"og:url\" content=\"https:\/\/comuna.pt\/pt-pt\/product\/cartao-de-memoria-cfast-2-0-exascend-archon-512gb\/\" \/>\n<meta property=\"og:site_name\" content=\"Comuna Studios &amp; Equipment Rental\" \/>\n<meta property=\"article:publisher\" content=\"http:\/\/facebook.com\/comuna.rental\" \/>\n<meta property=\"article:modified_time\" content=\"2026-01-28T14:50:29+00:00\" \/>\n<meta property=\"og:image\" content=\"https:\/\/comuna.pt\/wp-content\/uploads\/2023\/06\/Screenshot-2025-02-11-at-09.33.20.png\" \/>\n\t<meta property=\"og:image:width\" content=\"1114\" \/>\n\t<meta property=\"og:image:height\" content=\"1022\" \/>\n\t<meta property=\"og:image:type\" content=\"image\/png\" \/>\n<meta name=\"twitter:card\" content=\"summary_large_image\" \/>\n<meta name=\"twitter:label1\" content=\"pre\u00e7o\" \/>\n\t<meta name=\"twitter:data1\" content=\"&euro;14,00 + 23% VAT\" \/>\n\t<meta name=\"twitter:label2\" content=\"Disponibilidade\" \/>\n\t<meta name=\"twitter:data2\" content=\"Em stock\" \/>\n<script type=\"application\/ld+json\" class=\"yoast-schema-graph\">{\"@context\":\"https:\\\/\\\/schema.org\",\"@graph\":[{\"@type\":[\"WebPage\",\"ItemPage\"],\"@id\":\"https:\\\/\\\/comuna.pt\\\/pt-pt\\\/product\\\/cartao-de-memoria-cfast-2-0-exascend-archon-512gb\\\/\",\"url\":\"https:\\\/\\\/comuna.pt\\\/pt-pt\\\/product\\\/cartao-de-memoria-cfast-2-0-exascend-archon-512gb\\\/\",\"name\":\"Cart\u00e3o de Mem\u00f3ria CFast 2.0 EXASCEND ARCHON 512GB | Comuna Studios &amp; Equipment Rental\",\"isPartOf\":{\"@id\":\"https:\\\/\\\/comuna.pt\\\/pt-pt\\\/#website\"},\"primaryImageOfPage\":{\"@id\":\"https:\\\/\\\/comuna.pt\\\/pt-pt\\\/product\\\/cartao-de-memoria-cfast-2-0-exascend-archon-512gb\\\/#primaryimage\"},\"image\":{\"@id\":\"https:\\\/\\\/comuna.pt\\\/pt-pt\\\/product\\\/cartao-de-memoria-cfast-2-0-exascend-archon-512gb\\\/#primaryimage\"},\"thumbnailUrl\":\"https:\\\/\\\/comuna.pt\\\/wp-content\\\/uploads\\\/2023\\\/06\\\/Screenshot-2025-02-11-at-09.33.20.png\",\"datePublished\":\"2023-06-23T10:46:13+00:00\",\"dateModified\":\"2026-01-28T14:50:29+00:00\",\"breadcrumb\":{\"@id\":\"https:\\\/\\\/comuna.pt\\\/pt-pt\\\/product\\\/cartao-de-memoria-cfast-2-0-exascend-archon-512gb\\\/#breadcrumb\"},\"inLanguage\":\"pt-PT\",\"potentialAction\":[{\"@type\":\"ReadAction\",\"target\":[\"https:\\\/\\\/comuna.pt\\\/pt-pt\\\/product\\\/cartao-de-memoria-cfast-2-0-exascend-archon-512gb\\\/\"]}]},{\"@type\":\"ImageObject\",\"inLanguage\":\"pt-PT\",\"@id\":\"https:\\\/\\\/comuna.pt\\\/pt-pt\\\/product\\\/cartao-de-memoria-cfast-2-0-exascend-archon-512gb\\\/#primaryimage\",\"url\":\"https:\\\/\\\/comuna.pt\\\/wp-content\\\/uploads\\\/2023\\\/06\\\/Screenshot-2025-02-11-at-09.33.20.png\",\"contentUrl\":\"https:\\\/\\\/comuna.pt\\\/wp-content\\\/uploads\\\/2023\\\/06\\\/Screenshot-2025-02-11-at-09.33.20.png\",\"width\":1114,\"height\":1022},{\"@type\":\"BreadcrumbList\",\"@id\":\"https:\\\/\\\/comuna.pt\\\/pt-pt\\\/product\\\/cartao-de-memoria-cfast-2-0-exascend-archon-512gb\\\/#breadcrumb\",\"itemListElement\":[{\"@type\":\"ListItem\",\"position\":1,\"name\":\"Home\",\"item\":\"https:\\\/\\\/comuna.pt\\\/pt-pt\\\/\"},{\"@type\":\"ListItem\",\"position\":2,\"name\":\"Produtos\"},{\"@type\":\"ListItem\",\"position\":3,\"name\":\"Cart\u00f5es de Mem\u00f3ria e Leitores\",\"item\":\"https:\\\/\\\/comuna.pt\\\/pt-pt\\\/Categoria\\\/cartoes-de-memoria-e-leitores\\\/\"},{\"@type\":\"ListItem\",\"position\":4,\"name\":\"Cart\u00e3o de Mem\u00f3ria CFast 2.0 EXASCEND ARCHON 512GB\"}]},{\"@type\":\"WebSite\",\"@id\":\"https:\\\/\\\/comuna.pt\\\/pt-pt\\\/#website\",\"url\":\"https:\\\/\\\/comuna.pt\\\/pt-pt\\\/\",\"name\":\"Comuna Rental House\",\"description\":\"Photo studios, Podcast &amp; Equipment Rental\",\"publisher\":{\"@id\":\"https:\\\/\\\/comuna.pt\\\/pt-pt\\\/#organization\"},\"alternateName\":\"Comuna Filmmaking Equipment Rental\",\"potentialAction\":[{\"@type\":\"SearchAction\",\"target\":{\"@type\":\"EntryPoint\",\"urlTemplate\":\"https:\\\/\\\/comuna.pt\\\/pt-pt\\\/?s={search_term_string}\"},\"query-input\":{\"@type\":\"PropertyValueSpecification\",\"valueRequired\":true,\"valueName\":\"search_term_string\"}}],\"inLanguage\":\"pt-PT\"},{\"@type\":\"Organization\",\"@id\":\"https:\\\/\\\/comuna.pt\\\/pt-pt\\\/#organization\",\"name\":\"Comuna Rental House\",\"url\":\"https:\\\/\\\/comuna.pt\\\/pt-pt\\\/\",\"logo\":{\"@type\":\"ImageObject\",\"inLanguage\":\"pt-PT\",\"@id\":\"https:\\\/\\\/comuna.pt\\\/pt-pt\\\/#\\\/schema\\\/logo\\\/image\\\/\",\"url\":\"https:\\\/\\\/comuna.pt\\\/wp-content\\\/uploads\\\/2024\\\/03\\\/comuna_logo_website.png\",\"contentUrl\":\"https:\\\/\\\/comuna.pt\\\/wp-content\\\/uploads\\\/2024\\\/03\\\/comuna_logo_website.png\",\"width\":2000,\"height\":262,\"caption\":\"Comuna Rental House\"},\"image\":{\"@id\":\"https:\\\/\\\/comuna.pt\\\/pt-pt\\\/#\\\/schema\\\/logo\\\/image\\\/\"},\"sameAs\":[\"http:\\\/\\\/facebook.com\\\/comuna.rental\",\"https:\\\/\\\/www.instagram.com\\\/comuna_rental\",\"https:\\\/\\\/www.linkedin.com\\\/company\\\/96410498\"]}]}<\/script>\n<meta property=\"product:price:amount\" content=\"14.00\" \/>\n<meta property=\"product:price:currency\" content=\"EUR\" \/>\n<meta property=\"og:availability\" content=\"instock\" \/>\n<meta property=\"product:availability\" content=\"instock\" \/>\n<meta property=\"product:condition\" content=\"new\" \/>\n<!-- \/ Yoast SEO Premium plugin. -->","yoast_head_json":{"title":"Cart\u00e3o de Mem\u00f3ria CFast 2.0 EXASCEND ARCHON 512GB | Comuna Studios &amp; Equipment Rental","robots":{"index":"index","follow":"follow","max-snippet":"max-snippet:-1","max-image-preview":"max-image-preview:large","max-video-preview":"max-video-preview:-1"},"canonical":"https:\/\/comuna.pt\/pt-pt\/product\/cartao-de-memoria-cfast-2-0-exascend-archon-512gb\/","og_locale":"pt_PT","og_type":"article","og_title":"Cart\u00e3o de Mem\u00f3ria CFast 2.0 EXASCEND ARCHON 512GB","og_description":"O Exascend Archon 512GB CFast 2.0 \u00e9 um cart\u00e3o de mem\u00f3ria de qualidade profissional concebido para fluxos de trabalho de cinema exigentes. Oferece um desempenho consistente de leitura e escrita de alta velocidade, suportando grava\u00e7\u00f5es est\u00e1veis em 4K, 6K e 8K com codecs de alto bitrate. O cart\u00e3o foi projetado para ser fi\u00e1vel em condi\u00e7\u00f5es [&hellip;]","og_url":"https:\/\/comuna.pt\/pt-pt\/product\/cartao-de-memoria-cfast-2-0-exascend-archon-512gb\/","og_site_name":"Comuna Studios &amp; Equipment Rental","article_publisher":"http:\/\/facebook.com\/comuna.rental","article_modified_time":"2026-01-28T14:50:29+00:00","og_image":[{"width":1114,"height":1022,"url":"https:\/\/comuna.pt\/wp-content\/uploads\/2023\/06\/Screenshot-2025-02-11-at-09.33.20.png","type":"image\/png"}],"twitter_card":"summary_large_image","twitter_misc":{"pre\u00e7o":"&euro;14,00 + 23% VAT","Disponibilidade":"Em stock"},"schema":{"@context":"https:\/\/schema.org","@graph":[{"@type":["WebPage","ItemPage"],"@id":"https:\/\/comuna.pt\/pt-pt\/product\/cartao-de-memoria-cfast-2-0-exascend-archon-512gb\/","url":"https:\/\/comuna.pt\/pt-pt\/product\/cartao-de-memoria-cfast-2-0-exascend-archon-512gb\/","name":"Cart\u00e3o de Mem\u00f3ria CFast 2.0 EXASCEND ARCHON 512GB | Comuna Studios &amp; Equipment Rental","isPartOf":{"@id":"https:\/\/comuna.pt\/pt-pt\/#website"},"primaryImageOfPage":{"@id":"https:\/\/comuna.pt\/pt-pt\/product\/cartao-de-memoria-cfast-2-0-exascend-archon-512gb\/#primaryimage"},"image":{"@id":"https:\/\/comuna.pt\/pt-pt\/product\/cartao-de-memoria-cfast-2-0-exascend-archon-512gb\/#primaryimage"},"thumbnailUrl":"https:\/\/comuna.pt\/wp-content\/uploads\/2023\/06\/Screenshot-2025-02-11-at-09.33.20.png","datePublished":"2023-06-23T10:46:13+00:00","dateModified":"2026-01-28T14:50:29+00:00","breadcrumb":{"@id":"https:\/\/comuna.pt\/pt-pt\/product\/cartao-de-memoria-cfast-2-0-exascend-archon-512gb\/#breadcrumb"},"inLanguage":"pt-PT","potentialAction":[{"@type":"ReadAction","target":["https:\/\/comuna.pt\/pt-pt\/product\/cartao-de-memoria-cfast-2-0-exascend-archon-512gb\/"]}]},{"@type":"ImageObject","inLanguage":"pt-PT","@id":"https:\/\/comuna.pt\/pt-pt\/product\/cartao-de-memoria-cfast-2-0-exascend-archon-512gb\/#primaryimage","url":"https:\/\/comuna.pt\/wp-content\/uploads\/2023\/06\/Screenshot-2025-02-11-at-09.33.20.png","contentUrl":"https:\/\/comuna.pt\/wp-content\/uploads\/2023\/06\/Screenshot-2025-02-11-at-09.33.20.png","width":1114,"height":1022},{"@type":"BreadcrumbList","@id":"https:\/\/comuna.pt\/pt-pt\/product\/cartao-de-memoria-cfast-2-0-exascend-archon-512gb\/#breadcrumb","itemListElement":[{"@type":"ListItem","position":1,"name":"Home","item":"https:\/\/comuna.pt\/pt-pt\/"},{"@type":"ListItem","position":2,"name":"Produtos"},{"@type":"ListItem","position":3,"name":"Cart\u00f5es de Mem\u00f3ria e Leitores","item":"https:\/\/comuna.pt\/pt-pt\/Categoria\/cartoes-de-memoria-e-leitores\/"},{"@type":"ListItem","position":4,"name":"Cart\u00e3o de Mem\u00f3ria CFast 2.0 EXASCEND ARCHON 512GB"}]},{"@type":"WebSite","@id":"https:\/\/comuna.pt\/pt-pt\/#website","url":"https:\/\/comuna.pt\/pt-pt\/","name":"Comuna Rental House","description":"Photo studios, Podcast &amp; Equipment Rental","publisher":{"@id":"https:\/\/comuna.pt\/pt-pt\/#organization"},"alternateName":"Comuna Filmmaking Equipment Rental","potentialAction":[{"@type":"SearchAction","target":{"@type":"EntryPoint","urlTemplate":"https:\/\/comuna.pt\/pt-pt\/?s={search_term_string}"},"query-input":{"@type":"PropertyValueSpecification","valueRequired":true,"valueName":"search_term_string"}}],"inLanguage":"pt-PT"},{"@type":"Organization","@id":"https:\/\/comuna.pt\/pt-pt\/#organization","name":"Comuna Rental House","url":"https:\/\/comuna.pt\/pt-pt\/","logo":{"@type":"ImageObject","inLanguage":"pt-PT","@id":"https:\/\/comuna.pt\/pt-pt\/#\/schema\/logo\/image\/","url":"https:\/\/comuna.pt\/wp-content\/uploads\/2024\/03\/comuna_logo_website.png","contentUrl":"https:\/\/comuna.pt\/wp-content\/uploads\/2024\/03\/comuna_logo_website.png","width":2000,"height":262,"caption":"Comuna Rental House"},"image":{"@id":"https:\/\/comuna.pt\/pt-pt\/#\/schema\/logo\/image\/"},"sameAs":["http:\/\/facebook.com\/comuna.rental","https:\/\/www.instagram.com\/comuna_rental","https:\/\/www.linkedin.com\/company\/96410498"]}]},"product_price_amount":"14.00","product_price_currency":"EUR","og_availability":"instock","product_availability":"instock","product_condition":"new"},"_links":{"self":[{"href":"https:\/\/comuna.pt\/pt-pt\/wp-json\/wp\/v2\/product\/16061","targetHints":{"allow":["GET"]}}],"collection":[{"href":"https:\/\/comuna.pt\/pt-pt\/wp-json\/wp\/v2\/product"}],"about":[{"href":"https:\/\/comuna.pt\/pt-pt\/wp-json\/wp\/v2\/types\/product"}],"version-history":[{"count":5,"href":"https:\/\/comuna.pt\/pt-pt\/wp-json\/wp\/v2\/product\/16061\/revisions"}],"predecessor-version":[{"id":16878,"href":"https:\/\/comuna.pt\/pt-pt\/wp-json\/wp\/v2\/product\/16061\/revisions\/16878"}],"wp:featuredmedia":[{"embeddable":true,"href":"https:\/\/comuna.pt\/pt-pt\/wp-json\/wp\/v2\/media\/16063"}],"wp:attachment":[{"href":"https:\/\/comuna.pt\/pt-pt\/wp-json\/wp\/v2\/media?parent=16061"}],"wp:term":[{"taxonomy":"product_brand","embeddable":true,"href":"https:\/\/comuna.pt\/pt-pt\/wp-json\/wp\/v2\/product_brand?post=16061"},{"taxonomy":"product_cat","embeddable":true,"href":"https:\/\/comuna.pt\/pt-pt\/wp-json\/wp\/v2\/product_cat?post=16061"},{"taxonomy":"product_tag","embeddable":true,"href":"https:\/\/comuna.pt\/pt-pt\/wp-json\/wp\/v2\/product_tag?post=16061"}],"curies":[{"name":"wp","href":"https:\/\/api.w.org\/{rel}","templated":true}]}}