{"id":15512,"date":"2023-04-26T13:54:02","date_gmt":"2023-04-26T12:54:02","guid":{"rendered":"https:\/\/comuna.pt\/aluguer-de-equipamento-de-cinema-em-lisboa\/"},"modified":"2026-04-26T14:23:35","modified_gmt":"2026-04-26T13:23:35","slug":"aluguer-equipamento","status":"publish","type":"page","link":"https:\/\/comuna.pt\/pt-pt\/aluguer-equipamento\/","title":{"rendered":"Aluguer de Equipamento de Cinema em Lisboa"},"content":{"rendered":"\t\t<div data-elementor-type=\"wp-page\" data-elementor-id=\"15512\" class=\"elementor elementor-15512 elementor-60\" data-elementor-post-type=\"page\">\n\t\t\t\t<div class=\"elementor-element elementor-element-afa88ad e-flex e-con-boxed e-con e-parent\" data-id=\"afa88ad\" data-element_type=\"container\" data-e-type=\"container\">\n\t\t\t\t\t<div class=\"e-con-inner\">\n\t\t\t\t<div class=\"elementor-element elementor-element-cf4ef0a elementor-align-center elementor-widget elementor-widget-button\" data-id=\"cf4ef0a\" data-element_type=\"widget\" data-e-type=\"widget\" data-widget_type=\"button.default\">\n\t\t\t\t<div class=\"elementor-widget-container\">\n\t\t\t\t\t\t\t\t\t<div class=\"elementor-button-wrapper\">\n\t\t\t\t\t<a class=\"elementor-button elementor-button-link elementor-size-sm elementor-animation-grow\" href=\"https:\/\/comuna.pt\/pt-pt\/categorias\/\">\n\t\t\t\t\t\t<span class=\"elementor-button-content-wrapper\">\n\t\t\t\t\t\t\t\t\t<span class=\"elementor-button-text\">VER TODOS OS EQUIPAMENTOS<\/span>\n\t\t\t\t\t<\/span>\n\t\t\t\t\t<\/a>\n\t\t\t\t<\/div>\n\t\t\t\t\t\t\t\t<\/div>\n\t\t\t\t<\/div>\n\t\t\t\t\t<\/div>\n\t\t\t\t<\/div>\n\t\t<div class=\"elementor-element elementor-element-92297e7 e-con-full e-flex e-con e-parent\" data-id=\"92297e7\" data-element_type=\"container\" data-e-type=\"container\">\n\t\t\t\t<div class=\"elementor-element elementor-element-2d4491e elementor--h-position-center elementor--v-position-middle elementor-arrows-position-inside elementor-pagination-position-inside elementor-widget elementor-widget-slides\" data-id=\"2d4491e\" data-element_type=\"widget\" data-e-type=\"widget\" data-settings=\"{&quot;navigation&quot;:&quot;both&quot;,&quot;infinite&quot;:&quot;yes&quot;,&quot;transition&quot;:&quot;slide&quot;,&quot;transition_speed&quot;:500}\" data-widget_type=\"slides.default\">\n\t\t\t\t<div class=\"elementor-widget-container\">\n\t\t\t\t\t\t\t\t\t<div class=\"elementor-swiper\">\n\t\t\t\t\t<div class=\"elementor-slides-wrapper elementor-main-swiper swiper\" role=\"region\" aria-roledescription=\"carousel\" aria-label=\"Slides\" dir=\"ltr\" data-animation=\"fadeInUp\">\n\t\t\t\t<div class=\"swiper-wrapper elementor-slides\">\n\t\t\t\t\t\t\t\t\t\t<div class=\"elementor-repeater-item-3016690 swiper-slide\" role=\"group\" aria-roledescription=\"slide\"><div class=\"swiper-slide-bg\" role=\"img\" aria-label=\"fon\"><\/div><a class=\"swiper-slide-inner\" href=\"https:\/\/comuna.pt\/catalog\/\"><div class=\"swiper-slide-contents\"><div class=\"elementor-slide-heading\">Alugue connosco<\/div><div class=\"elementor-slide-description\"><p>Equipamento de fotografia, v\u00eddeo e cinema<\/p>\n<\/div><div  class=\"elementor-button elementor-slide-button elementor-size-xs\">Come\u00e7ar a pesquisar<\/div><\/div><\/a><\/div><div class=\"elementor-repeater-item-e3ecabf swiper-slide\" role=\"group\" aria-roledescription=\"slide\"><div class=\"swiper-slide-bg\" role=\"img\" aria-label=\"fd\"><\/div><div class=\"elementor-background-overlay\"><\/div><div class=\"swiper-slide-inner\" ><div class=\"swiper-slide-contents\"><div class=\"elementor-slide-heading\">Primes Canon FD<\/div><div class=\"elementor-slide-description\"><p>O nosso kit est\u00e1 cine-modificado com montagem EF, an\u00e9is de foco standard e roscas para filtros.<br \/>Explore estas magn\u00edficas pe\u00e7as do patrim\u00f3nio cinematogr\u00e1fico.<\/p>\n<\/div><a href=\"https:\/\/comuna.pt\/pt-pt\/product\/conjunto-canon-fd-set\/\" class=\"elementor-button elementor-slide-button elementor-size-xs\">Ok, vamos a isso!<\/a><\/div><\/div><\/div><div class=\"elementor-repeater-item-7b101a7 swiper-slide\" role=\"group\" aria-roledescription=\"slide\"><div class=\"swiper-slide-bg\" role=\"img\" aria-label=\"DZOfilm Vespid Primes\"><\/div><div class=\"elementor-background-overlay\"><\/div><a class=\"swiper-slide-inner\" href=\"https:\/\/comuna.pt\/?s=dzofilm&#038;lang=en\"><div class=\"swiper-slide-contents\"><div class=\"elementor-slide-heading\">DZOFilm<\/div><div class=\"elementor-slide-description\"><p>Conjunto de objetivas DZOFilm para qualquer finalidade<\/p>\n<\/div><div  class=\"elementor-button elementor-slide-button elementor-size-xs\">Saiba mais<\/div><\/div><\/a><\/div><div class=\"elementor-repeater-item-42e8590 swiper-slide\" role=\"group\" aria-roledescription=\"slide\"><div class=\"swiper-slide-bg\" role=\"img\" aria-label=\"ls1200\"><\/div><div class=\"elementor-background-overlay\"><\/div><a class=\"swiper-slide-inner\" href=\"https:\/\/comuna.pt\/pt-pt\/product\/aputure-ls-1200d-pro\/\"><div class=\"swiper-slide-contents\"><div class=\"elementor-slide-heading\">Aputure LS1200d Pro<\/div><div class=\"elementor-slide-description\"><p>Ilumina\u00e7\u00e3o que transforma qualquer cena numa obra-prima de luz e sombra<\/p>\n<\/div><div  class=\"elementor-button elementor-slide-button elementor-size-xs\">Clique aqui<\/div><\/div><\/a><\/div><div class=\"elementor-repeater-item-10d94c4 swiper-slide\" role=\"group\" aria-roledescription=\"slide\"><div class=\"swiper-slide-bg\" role=\"img\" aria-label=\"Aluguer de Equipamento de Cinema em Lisboa\"><\/div><div class=\"elementor-background-overlay\"><\/div><a class=\"swiper-slide-inner\" href=\"https:\/\/comuna.pt\/pt-pt\/aluguer-red-komodo-lisboa\/\"><div class=\"swiper-slide-contents\"><div class=\"elementor-slide-heading\">RED Komodo<\/div><div class=\"elementor-slide-description\"><p>Kit de c\u00e2mara completo pronto para qualquer tipo de filmagem<\/p>\n<\/div><div  class=\"elementor-button elementor-slide-button elementor-size-xs\">Alugue agora<\/div><\/div><\/a><\/div><div class=\"elementor-repeater-item-f2a5b42 swiper-slide\" role=\"group\" aria-roledescription=\"slide\"><div class=\"swiper-slide-bg\" role=\"img\" aria-label=\"Est\u00fadio com ciclorama em Lisboa\"><\/div><div class=\"elementor-background-overlay\"><\/div><a class=\"swiper-slide-inner\" href=\"https:\/\/comuna.pt\/pt-pt\/?page_id=15911\"><div class=\"swiper-slide-contents\"><div class=\"elementor-slide-heading\">Conhe\u00e7a os nossos est\u00fadios<\/div><div class=\"elementor-slide-description\"><p>Dispon\u00edvel para reserva<\/p>\n<\/div><div  class=\"elementor-button elementor-slide-button elementor-size-xs\">Clique aqui<\/div><\/div><\/a><\/div><div class=\"elementor-repeater-item-468b2c0 swiper-slide\" role=\"group\" aria-roledescription=\"slide\"><div class=\"swiper-slide-bg\" role=\"img\" aria-label=\"456345534\"><\/div><div class=\"elementor-background-overlay\"><\/div><a class=\"swiper-slide-inner\" href=\"https:\/\/comuna.pt\/pt-pt\/recrutamento\/\"><div class=\"swiper-slide-contents\"><div class=\"elementor-slide-heading\">Junte-se \u00e0 nossa equipa<\/div><div class=\"elementor-slide-description\"><p>Estamos \u00e0 procura de um Assistente de Aluguer e Est\u00fadio \u2014 algu\u00e9m confiante com equipamento, dispon\u00edvel para transportar material, aprender rapidamente e crescer connosco.<\/p>\n<\/div><div  class=\"elementor-button elementor-slide-button elementor-size-xs\">Candidate-se agora<\/div><\/div><\/a><\/div><div class=\"elementor-repeater-item-72cc365 swiper-slide\" role=\"group\" aria-roledescription=\"slide\"><div class=\"swiper-slide-bg\" role=\"img\" aria-label=\"Esta\u00e7\u00e3o de energia EcoFlow\"><\/div><div class=\"elementor-background-overlay\"><\/div><a class=\"swiper-slide-inner\" href=\"https:\/\/comuna.pt\/?s=ecoflow&#038;e_search_props=2415581-7126\"><div class=\"swiper-slide-contents\"><div class=\"elementor-slide-heading\">Alimente o seu set, onde quer que esteja.<\/div><div class=\"elementor-slide-description\"><p>Desde compactas a solu\u00e7\u00f5es de alta pot\u00eancia \u2013 temos toda a gama de esta\u00e7\u00f5es de energia EcoFlow prontas para aluguer.<\/p>\n<\/div><div  class=\"elementor-button elementor-slide-button elementor-size-xs\">Clique aqui<\/div><\/div><\/a><\/div>\t\t\t\t<\/div>\n\t\t\t\t\t\t\t\t\t\t\t\t\t\t\t<div class=\"elementor-swiper-button elementor-swiper-button-prev\" role=\"button\" tabindex=\"0\" aria-label=\"Previous slide\">\n\t\t\t\t\t\t\t<svg aria-hidden=\"true\" class=\"e-font-icon-svg e-eicon-chevron-left\" viewBox=\"0 0 1000 1000\" xmlns=\"http:\/\/www.w3.org\/2000\/svg\"><path d=\"M646 125C629 125 613 133 604 142L308 442C296 454 292 471 292 487 292 504 296 521 308 533L604 854C617 867 629 875 646 875 663 875 679 871 692 858 704 846 713 829 713 812 713 796 708 779 692 767L438 487 692 225C700 217 708 204 708 187 708 171 704 154 692 142 675 129 663 125 646 125Z\"><\/path><\/svg>\t\t\t\t\t\t<\/div>\n\t\t\t\t\t\t<div class=\"elementor-swiper-button elementor-swiper-button-next\" role=\"button\" tabindex=\"0\" aria-label=\"Next slide\">\n\t\t\t\t\t\t\t<svg aria-hidden=\"true\" class=\"e-font-icon-svg e-eicon-chevron-right\" viewBox=\"0 0 1000 1000\" xmlns=\"http:\/\/www.w3.org\/2000\/svg\"><path d=\"M696 533C708 521 713 504 713 487 713 471 708 454 696 446L400 146C388 133 375 125 354 125 338 125 325 129 313 142 300 154 292 171 292 187 292 204 296 221 308 233L563 492 304 771C292 783 288 800 288 817 288 833 296 850 308 863 321 871 338 875 354 875 371 875 388 867 400 854L696 533Z\"><\/path><\/svg>\t\t\t\t\t\t<\/div>\n\t\t\t\t\t\t\t\t\t\t\t\t\t\t\t\t<div class=\"swiper-pagination\"><\/div>\n\t\t\t\t\t\t\t\t\t\t\t\t<\/div>\n\t\t\t\t<\/div>\n\t\t\t\t\t\t\t\t<\/div>\n\t\t\t\t<\/div>\n\t\t\t\t<div class=\"elementor-element elementor-element-a5beae9 elementor-widget elementor-widget-heading\" data-id=\"a5beae9\" data-element_type=\"widget\" data-e-type=\"widget\" data-widget_type=\"heading.default\">\n\t\t\t\t<div class=\"elementor-widget-container\">\n\t\t\t\t\t<h2 class=\"elementor-heading-title elementor-size-default\">o seu equipamento - a sua vis\u00e3o<\/h2>\t\t\t\t<\/div>\n\t\t\t\t<\/div>\n\t\t\t\t<div class=\"elementor-element elementor-element-fd385bb elementor-widget elementor-widget-text-editor\" data-id=\"fd385bb\" data-element_type=\"widget\" data-e-type=\"widget\" data-widget_type=\"text-editor.default\">\n\t\t\t\t<div class=\"elementor-widget-container\">\n\t\t\t\t\t\t\t\t\t<p>Bem-vindo \u00e0 nossa empresa de aluguer de equipamento de cinema em Lisboa, onde somos especializados em fornecer equipamento de alta qualidade para cinema, filme e fotografia para a ind\u00fastria audiovisual. A nossa cole\u00e7\u00e3o inclui marcas de refer\u00eancia, como c\u00e2maras <a href=\"https:\/\/www.red.com\/\">RED<\/a>, <a href=\"https:\/\/electronics.sony.com\/\">Sony<\/a> e <a href=\"http:\/\/www.canon.com\/\">Canon<\/a>, <a href=\"https:\/\/www.dji.com\/\">DJI<\/a>, <a href=\"https:\/\/www.aputure.com\/\">Aputure<\/a>, <a href=\"https:\/\/rode.com\/en\">Rode<\/a>, <a href=\"https:\/\/tilta.com\/\">Tilta<\/a> e muito mais, todas dispon\u00edveis para aluguer. Quer seja um profissional ou um entusiasta, temos o equipamento de que precisa para dar vida \u00e0 sua vis\u00e3o criativa.<\/p><div><p>Orgulhamo-nos de oferecer uma gama abrangente de equipamento para diferentes tipos de projetos e exig\u00eancias. Desde c\u00e2maras a ilumina\u00e7\u00e3o, a nossa sele\u00e7\u00e3o foi pensada para responder \u00e0s suas necessidades espec\u00edficas. O nosso compromisso vai al\u00e9m de Lisboa \u2014 disponibilizamos entrega de equipamento em todo o territ\u00f3rio de Portugal, garantindo acesso ao nosso material onde quer que os seus projetos o levem.<\/p><p>Para al\u00e9m do aluguer de equipamento, estamos profundamente envolvidos no mundo do cinema. Somos experientes na produ\u00e7\u00e3o de conte\u00fados de v\u00eddeo de qualquer complexidade, desde an\u00fancios cativantes e videoclipes a obras cinematogr\u00e1ficas e vlogs envolventes para o YouTube. A nossa experi\u00eancia pr\u00e1tica coloca-nos numa posi\u00e7\u00e3o \u00fanica para compreender as suas necessidades e fornecer equipamento que apoia o seu percurso criativo.<\/p><p>Na Comuna Rental House, estamos dedicados \u00e0 melhoria cont\u00ednua. Estamos constantemente a expandir o nosso invent\u00e1rio de equipamento para garantir que respondemos \u00e0s necessidades em constante evolu\u00e7\u00e3o da comunidade de cinema e fotografia. O nosso compromisso com a inova\u00e7\u00e3o significa que novas adi\u00e7\u00f5es entram frequentemente na nossa cole\u00e7\u00e3o, permitindo-lhe trabalhar com os mais recentes avan\u00e7os tecnol\u00f3gicos.<\/p><p>Para come\u00e7ar, basta entrar em contacto connosco. Quer esteja \u00e0 procura de um \u00fanico equipamento ou de um setup completo, estamos aqui para ajudar. Basta contactar-nos e forneceremos rapidamente um or\u00e7amento detalhado, ajustado \u00e0s suas necessidades.<\/p><p>Para mais informa\u00e7\u00f5es e esclarecimentos, n\u00e3o hesite em contactar o nosso departamento de aluguer atrav\u00e9s do email <a href=\"mailto:comuna.rental@gmail.com\">comuna.rental@gmail.com<\/a> Vamos trabalhar juntos para elevar os seus objectivos criativos.<\/p><\/div>\t\t\t\t\t\t\t\t<\/div>\n\t\t\t\t<\/div>\n\t\t\t\t<\/div>\n\t\t<div class=\"elementor-element elementor-element-08c3b31 e-flex e-con-boxed e-con e-parent\" data-id=\"08c3b31\" data-element_type=\"container\" data-e-type=\"container\">\n\t\t\t\t\t<div class=\"e-con-inner\">\n\t\t\t\t<div class=\"elementor-element elementor-element-a7bfae4 elementor-grid-12 elementor-grid-tablet-3 elementor-grid-mobile-2 elementor-products-grid elementor-wc-products elementor-widget elementor-widget-wc-categories\" data-id=\"a7bfae4\" data-element_type=\"widget\" data-e-type=\"widget\" data-widget_type=\"wc-categories.default\">\n\t\t\t\t<div class=\"elementor-widget-container\">\n\t\t\t\t\t<div class=\"woocommerce columns-12\"><ul class=\"products elementor-grid columns-12\">\n<li class=\"product-category product first\">\n\t<a aria-label=\"Visit product category Monitoriza\u00e7\u00e3o\" href=\"https:\/\/comuna.pt\/pt-pt\/Categoria\/monitorizacao\/\"><img fetchpriority=\"high\" decoding=\"async\" src=\"https:\/\/comuna.pt\/wp-content\/uploads\/2024\/03\/Layer-1-copy-12-300x300.jpg\" alt=\"Monitoriza\u00e7\u00e3o\" width=\"300\" height=\"300\" srcset=\"https:\/\/comuna.pt\/wp-content\/uploads\/2024\/03\/Layer-1-copy-12-300x300.jpg 300w, https:\/\/comuna.pt\/wp-content\/uploads\/2024\/03\/Layer-1-copy-12-100x100.jpg 100w\" sizes=\"(max-width: 300px) 100vw, 300px\" \/>\t\t<h2 class=\"woocommerce-loop-category__title\">\n\t\t\tMonitoriza\u00e7\u00e3o <mark class=\"count\">(32)<\/mark>\t\t<\/h2>\n\t\t<\/a><\/li>\n<li class=\"product-category product\">\n\t<a aria-label=\"Visit product category Equipamento Anal\u00f3gico\" href=\"https:\/\/comuna.pt\/pt-pt\/Categoria\/equipamento-analogico\/\"><img decoding=\"async\" src=\"https:\/\/comuna.pt\/wp-content\/uploads\/2025\/10\/E06A5150-2E78-4CEC-81D6-A651B54E35A2-300x300.jpg\" alt=\"Equipamento Anal\u00f3gico\" width=\"300\" height=\"300\" srcset=\"https:\/\/comuna.pt\/wp-content\/uploads\/2025\/10\/E06A5150-2E78-4CEC-81D6-A651B54E35A2-300x300.jpg 300w, https:\/\/comuna.pt\/wp-content\/uploads\/2025\/10\/E06A5150-2E78-4CEC-81D6-A651B54E35A2-100x100.jpg 100w\" sizes=\"(max-width: 300px) 100vw, 300px\" \/>\t\t<h2 class=\"woocommerce-loop-category__title\">\n\t\t\tEquipamento Anal\u00f3gico <mark class=\"count\">(4)<\/mark>\t\t<\/h2>\n\t\t<\/a><\/li>\n<li class=\"product-category product\">\n\t<a aria-label=\"Visit product category Kits Combo\" href=\"https:\/\/comuna.pt\/pt-pt\/Categoria\/kits-combo\/\"><img decoding=\"async\" src=\"https:\/\/comuna.pt\/wp-content\/uploads\/2024\/05\/DALL\u00b7E-2024-05-23-20.19.36-A-display-of-various-professional-photography-and-audio-equipment-combo-kits-arranged-like-a-fast-food-menu-board-in-a-restaurant.-The-kits-are-presen-3-300x300.jpg\" alt=\"Kits Combo\" width=\"300\" height=\"300\" srcset=\"https:\/\/comuna.pt\/wp-content\/uploads\/2024\/05\/DALL\u00b7E-2024-05-23-20.19.36-A-display-of-various-professional-photography-and-audio-equipment-combo-kits-arranged-like-a-fast-food-menu-board-in-a-restaurant.-The-kits-are-presen-3-300x300.jpg 300w, https:\/\/comuna.pt\/wp-content\/uploads\/2024\/05\/DALL\u00b7E-2024-05-23-20.19.36-A-display-of-various-professional-photography-and-audio-equipment-combo-kits-arranged-like-a-fast-food-menu-board-in-a-restaurant.-The-kits-are-presen-3-100x100.jpg 100w\" sizes=\"(max-width: 300px) 100vw, 300px\" \/>\t\t<h2 class=\"woocommerce-loop-category__title\">\n\t\t\tKits Combo <mark class=\"count\">(9)<\/mark>\t\t<\/h2>\n\t\t<\/a><\/li>\n<li class=\"product-category product\">\n\t<a aria-label=\"Visit product category Acess\u00f3rios de C\u00e2mara\" href=\"https:\/\/comuna.pt\/pt-pt\/Categoria\/acessorios-de-camara\/\"><img loading=\"lazy\" decoding=\"async\" src=\"https:\/\/comuna.pt\/wp-content\/uploads\/2024\/03\/Layer-1-copy-6-300x300.jpg\" alt=\"Acess\u00f3rios de C\u00e2mara\" width=\"300\" height=\"300\" srcset=\"https:\/\/comuna.pt\/wp-content\/uploads\/2024\/03\/Layer-1-copy-6-300x300.jpg 300w, https:\/\/comuna.pt\/wp-content\/uploads\/2024\/03\/Layer-1-copy-6-100x100.jpg 100w\" sizes=\"(max-width: 300px) 100vw, 300px\" \/>\t\t<h2 class=\"woocommerce-loop-category__title\">\n\t\t\tAcess\u00f3rios de C\u00e2mara <mark class=\"count\">(32)<\/mark>\t\t<\/h2>\n\t\t<\/a><\/li>\n<li class=\"product-category product\">\n\t<a aria-label=\"Visit product category Produ\u00e7\u00e3o\" href=\"https:\/\/comuna.pt\/pt-pt\/Categoria\/producao\/\"><img loading=\"lazy\" decoding=\"async\" src=\"https:\/\/comuna.pt\/wp-content\/uploads\/2024\/03\/Layer-1-copy-11-300x300.jpg\" alt=\"Produ\u00e7\u00e3o\" width=\"300\" height=\"300\" srcset=\"https:\/\/comuna.pt\/wp-content\/uploads\/2024\/03\/Layer-1-copy-11-300x300.jpg 300w, https:\/\/comuna.pt\/wp-content\/uploads\/2024\/03\/Layer-1-copy-11-100x100.jpg 100w\" sizes=\"(max-width: 300px) 100vw, 300px\" \/>\t\t<h2 class=\"woocommerce-loop-category__title\">\n\t\t\tProdu\u00e7\u00e3o <mark class=\"count\">(20)<\/mark>\t\t<\/h2>\n\t\t<\/a><\/li>\n<li class=\"product-category product\">\n\t<a aria-label=\"Visit product category Acess\u00f3rios\" href=\"https:\/\/comuna.pt\/pt-pt\/Categoria\/acessorios\/\"><img loading=\"lazy\" decoding=\"async\" src=\"https:\/\/comuna.pt\/wp-content\/uploads\/2024\/03\/Layer-1-copy-11-300x300.jpg\" alt=\"Acess\u00f3rios\" width=\"300\" height=\"300\" srcset=\"https:\/\/comuna.pt\/wp-content\/uploads\/2024\/03\/Layer-1-copy-11-300x300.jpg 300w, https:\/\/comuna.pt\/wp-content\/uploads\/2024\/03\/Layer-1-copy-11-100x100.jpg 100w\" sizes=\"(max-width: 300px) 100vw, 300px\" \/>\t\t<h2 class=\"woocommerce-loop-category__title\">\n\t\t\tAcess\u00f3rios <mark class=\"count\">(23)<\/mark>\t\t<\/h2>\n\t\t<\/a><\/li>\n<li class=\"product-category product\">\n\t<a aria-label=\"Visit product category Controlo de Luz\" href=\"https:\/\/comuna.pt\/pt-pt\/Categoria\/controlo-de-luz\/\"><img loading=\"lazy\" decoding=\"async\" src=\"https:\/\/comuna.pt\/wp-content\/uploads\/2024\/03\/Layer-1-copy-8-300x300.jpg\" alt=\"Controlo de Luz\" width=\"300\" height=\"300\" srcset=\"https:\/\/comuna.pt\/wp-content\/uploads\/2024\/03\/Layer-1-copy-8-300x300.jpg 300w, https:\/\/comuna.pt\/wp-content\/uploads\/2024\/03\/Layer-1-copy-8-100x100.jpg 100w\" sizes=\"(max-width: 300px) 100vw, 300px\" \/>\t\t<h2 class=\"woocommerce-loop-category__title\">\n\t\t\tControlo de Luz <mark class=\"count\">(55)<\/mark>\t\t<\/h2>\n\t\t<\/a><\/li>\n<li class=\"product-category product\">\n\t<a aria-label=\"Visit product category Cart\u00f5es de Mem\u00f3ria e Leitores\" href=\"https:\/\/comuna.pt\/pt-pt\/Categoria\/cartoes-de-memoria-e-leitores\/\"><img loading=\"lazy\" decoding=\"async\" src=\"https:\/\/comuna.pt\/wp-content\/uploads\/2024\/03\/Layer-1-copy-15-300x300.jpg\" alt=\"Cart\u00f5es de Mem\u00f3ria e Leitores\" width=\"300\" height=\"300\" srcset=\"https:\/\/comuna.pt\/wp-content\/uploads\/2024\/03\/Layer-1-copy-15-300x300.jpg 300w, https:\/\/comuna.pt\/wp-content\/uploads\/2024\/03\/Layer-1-copy-15-100x100.jpg 100w\" sizes=\"(max-width: 300px) 100vw, 300px\" \/>\t\t<h2 class=\"woocommerce-loop-category__title\">\n\t\t\tCart\u00f5es de Mem\u00f3ria e Leitores <mark class=\"count\">(13)<\/mark>\t\t<\/h2>\n\t\t<\/a><\/li>\n<li class=\"product-category product\">\n\t<a aria-label=\"Visit product category Energia e Baterias\" href=\"https:\/\/comuna.pt\/pt-pt\/Categoria\/energia-e-baterias\/\"><img loading=\"lazy\" decoding=\"async\" src=\"https:\/\/comuna.pt\/wp-content\/uploads\/2024\/03\/Layer-1-copy-14-300x300.jpg\" alt=\"Energia e Baterias\" width=\"300\" height=\"300\" srcset=\"https:\/\/comuna.pt\/wp-content\/uploads\/2024\/03\/Layer-1-copy-14-300x300.jpg 300w, https:\/\/comuna.pt\/wp-content\/uploads\/2024\/03\/Layer-1-copy-14-100x100.jpg 100w\" sizes=\"(max-width: 300px) 100vw, 300px\" \/>\t\t<h2 class=\"woocommerce-loop-category__title\">\n\t\t\tEnergia e Baterias <mark class=\"count\">(32)<\/mark>\t\t<\/h2>\n\t\t<\/a><\/li>\n<li class=\"product-category product\">\n\t<a aria-label=\"Visit product category C\u00e2maras\" href=\"https:\/\/comuna.pt\/pt-pt\/Categoria\/camaras\/\"><img loading=\"lazy\" decoding=\"async\" src=\"https:\/\/comuna.pt\/wp-content\/uploads\/2024\/03\/Layer-1-300x300.jpg\" alt=\"C\u00e2maras\" width=\"300\" height=\"300\" srcset=\"https:\/\/comuna.pt\/wp-content\/uploads\/2024\/03\/Layer-1-300x300.jpg 300w, https:\/\/comuna.pt\/wp-content\/uploads\/2024\/03\/Layer-1-100x100.jpg 100w\" sizes=\"(max-width: 300px) 100vw, 300px\" \/>\t\t<h2 class=\"woocommerce-loop-category__title\">\n\t\t\tC\u00e2maras <mark class=\"count\">(20)<\/mark>\t\t<\/h2>\n\t\t<\/a><\/li>\n<li class=\"product-category product\">\n\t<a aria-label=\"Visit product category Gimbals e Drones\" href=\"https:\/\/comuna.pt\/pt-pt\/Categoria\/gimbals-e-drones\/\"><img loading=\"lazy\" decoding=\"async\" src=\"https:\/\/comuna.pt\/wp-content\/uploads\/2024\/03\/Layer-1-copy-5-300x300.jpg\" alt=\"Gimbals e Drones\" width=\"300\" height=\"300\" srcset=\"https:\/\/comuna.pt\/wp-content\/uploads\/2024\/03\/Layer-1-copy-5-300x300.jpg 300w, https:\/\/comuna.pt\/wp-content\/uploads\/2024\/03\/Layer-1-copy-5-100x100.jpg 100w\" sizes=\"(max-width: 300px) 100vw, 300px\" \/>\t\t<h2 class=\"woocommerce-loop-category__title\">\n\t\t\tGimbals e Drones <mark class=\"count\">(11)<\/mark>\t\t<\/h2>\n\t\t<\/a><\/li>\n<li class=\"product-category product last\">\n\t<a aria-label=\"Visit product category Matte Box e Filtros\" href=\"https:\/\/comuna.pt\/pt-pt\/Categoria\/matte-box-e-filtros\/\"><img loading=\"lazy\" decoding=\"async\" src=\"https:\/\/comuna.pt\/wp-content\/uploads\/2024\/03\/Layer-1-copy-4-300x300.jpg\" alt=\"Matte Box e Filtros\" width=\"300\" height=\"300\" srcset=\"https:\/\/comuna.pt\/wp-content\/uploads\/2024\/03\/Layer-1-copy-4-300x300.jpg 300w, https:\/\/comuna.pt\/wp-content\/uploads\/2024\/03\/Layer-1-copy-4-100x100.jpg 100w\" sizes=\"(max-width: 300px) 100vw, 300px\" \/>\t\t<h2 class=\"woocommerce-loop-category__title\">\n\t\t\tMatte Box e Filtros <mark class=\"count\">(25)<\/mark>\t\t<\/h2>\n\t\t<\/a><\/li>\n<li class=\"product-category product first\">\n\t<a aria-label=\"Visit product category Flash\" href=\"https:\/\/comuna.pt\/pt-pt\/Categoria\/flash\/\"><img loading=\"lazy\" decoding=\"async\" src=\"https:\/\/comuna.pt\/wp-content\/uploads\/2024\/03\/Layer-1-copy-10-300x300.jpg\" alt=\"Flash\" width=\"300\" height=\"300\" srcset=\"https:\/\/comuna.pt\/wp-content\/uploads\/2024\/03\/Layer-1-copy-10-300x300.jpg 300w, https:\/\/comuna.pt\/wp-content\/uploads\/2024\/03\/Layer-1-copy-10-100x100.jpg 100w\" sizes=\"(max-width: 300px) 100vw, 300px\" \/>\t\t<h2 class=\"woocommerce-loop-category__title\">\n\t\t\tFlash <mark class=\"count\">(26)<\/mark>\t\t<\/h2>\n\t\t<\/a><\/li>\n<li class=\"product-category product\">\n\t<a aria-label=\"Visit product category Som\" href=\"https:\/\/comuna.pt\/pt-pt\/Categoria\/som\/\"><img loading=\"lazy\" decoding=\"async\" src=\"https:\/\/comuna.pt\/wp-content\/uploads\/2024\/03\/Layer-1-copy-13-300x300.jpg\" alt=\"Som\" width=\"300\" height=\"300\" srcset=\"https:\/\/comuna.pt\/wp-content\/uploads\/2024\/03\/Layer-1-copy-13-300x300.jpg 300w, https:\/\/comuna.pt\/wp-content\/uploads\/2024\/03\/Layer-1-copy-13-100x100.jpg 100w\" sizes=\"(max-width: 300px) 100vw, 300px\" \/>\t\t<h2 class=\"woocommerce-loop-category__title\">\n\t\t\tSom <mark class=\"count\">(31)<\/mark>\t\t<\/h2>\n\t\t<\/a><\/li>\n<li class=\"product-category product\">\n\t<a aria-label=\"Visit product category Objetivas\" href=\"https:\/\/comuna.pt\/pt-pt\/Categoria\/objetivas\/\"><img loading=\"lazy\" decoding=\"async\" src=\"https:\/\/comuna.pt\/wp-content\/uploads\/2024\/03\/Layer-1-copy-300x300.jpg\" alt=\"Objetivas\" width=\"300\" height=\"300\" srcset=\"https:\/\/comuna.pt\/wp-content\/uploads\/2024\/03\/Layer-1-copy-300x300.jpg 300w, https:\/\/comuna.pt\/wp-content\/uploads\/2024\/03\/Layer-1-copy-100x100.jpg 100w\" sizes=\"(max-width: 300px) 100vw, 300px\" \/>\t\t<h2 class=\"woocommerce-loop-category__title\">\n\t\t\tObjetivas <mark class=\"count\">(73)<\/mark>\t\t<\/h2>\n\t\t<\/a><\/li>\n<li class=\"product-category product\">\n\t<a aria-label=\"Visit product category Grip e Trip\u00e9s\" href=\"https:\/\/comuna.pt\/pt-pt\/Categoria\/grip-e-tripes\/\"><img loading=\"lazy\" decoding=\"async\" src=\"https:\/\/comuna.pt\/wp-content\/uploads\/2024\/03\/Layer-1-copy-9-300x300.jpg\" alt=\"Grip e Trip\u00e9s\" width=\"300\" height=\"300\" srcset=\"https:\/\/comuna.pt\/wp-content\/uploads\/2024\/03\/Layer-1-copy-9-300x300.jpg 300w, https:\/\/comuna.pt\/wp-content\/uploads\/2024\/03\/Layer-1-copy-9-100x100.jpg 100w\" sizes=\"(max-width: 300px) 100vw, 300px\" \/>\t\t<h2 class=\"woocommerce-loop-category__title\">\n\t\t\tGrip e Trip\u00e9s <mark class=\"count\">(47)<\/mark>\t\t<\/h2>\n\t\t<\/a><\/li>\n<li class=\"product-category product\">\n\t<a aria-label=\"Visit product category Focus\" href=\"https:\/\/comuna.pt\/pt-pt\/Categoria\/focus\/\"><img loading=\"lazy\" decoding=\"async\" src=\"https:\/\/comuna.pt\/wp-content\/uploads\/2024\/03\/Layer-1-copy-3-300x300.jpg\" alt=\"Focus\" width=\"300\" height=\"300\" srcset=\"https:\/\/comuna.pt\/wp-content\/uploads\/2024\/03\/Layer-1-copy-3-300x300.jpg 300w, https:\/\/comuna.pt\/wp-content\/uploads\/2024\/03\/Layer-1-copy-3-100x100.jpg 100w\" sizes=\"(max-width: 300px) 100vw, 300px\" \/>\t\t<h2 class=\"woocommerce-loop-category__title\">\n\t\t\tFocus <mark class=\"count\">(4)<\/mark>\t\t<\/h2>\n\t\t<\/a><\/li>\n<li class=\"product-category product\">\n\t<a aria-label=\"Visit product category Trip\u00e9s e Rigs\" href=\"https:\/\/comuna.pt\/pt-pt\/Categoria\/tripes-e-rigs\/\"><img loading=\"lazy\" decoding=\"async\" src=\"https:\/\/comuna.pt\/wp-content\/uploads\/2024\/03\/Layer-1-copy-2-300x300.jpg\" alt=\"Trip\u00e9s e Rigs\" width=\"300\" height=\"300\" srcset=\"https:\/\/comuna.pt\/wp-content\/uploads\/2024\/03\/Layer-1-copy-2-300x300.jpg 300w, https:\/\/comuna.pt\/wp-content\/uploads\/2024\/03\/Layer-1-copy-2-100x100.jpg 100w\" sizes=\"(max-width: 300px) 100vw, 300px\" \/>\t\t<h2 class=\"woocommerce-loop-category__title\">\n\t\t\tTrip\u00e9s e Rigs <mark class=\"count\">(13)<\/mark>\t\t<\/h2>\n\t\t<\/a><\/li>\n<li class=\"product-category product\">\n\t<a aria-label=\"Visit product category Ilumina\u00e7\u00e3o\" href=\"https:\/\/comuna.pt\/pt-pt\/Categoria\/iluminacao\/\"><img loading=\"lazy\" decoding=\"async\" src=\"https:\/\/comuna.pt\/wp-content\/uploads\/2024\/03\/Layer-1-copy-7-300x300.jpg\" alt=\"Ilumina\u00e7\u00e3o\" width=\"300\" height=\"300\" srcset=\"https:\/\/comuna.pt\/wp-content\/uploads\/2024\/03\/Layer-1-copy-7-300x300.jpg 300w, https:\/\/comuna.pt\/wp-content\/uploads\/2024\/03\/Layer-1-copy-7-100x100.jpg 100w\" sizes=\"(max-width: 300px) 100vw, 300px\" \/>\t\t<h2 class=\"woocommerce-loop-category__title\">\n\t\t\tIlumina\u00e7\u00e3o <mark class=\"count\">(28)<\/mark>\t\t<\/h2>\n\t\t<\/a><\/li>\n<\/ul>\n<\/div>\t\t\t\t<\/div>\n\t\t\t\t<\/div>\n\t\t\t\t<div class=\"elementor-element elementor-element-88cb47c elementor-widget elementor-widget-heading\" data-id=\"88cb47c\" data-element_type=\"widget\" data-e-type=\"widget\" data-widget_type=\"heading.default\">\n\t\t\t\t<div class=\"elementor-widget-container\">\n\t\t\t\t\t<h2 class=\"elementor-heading-title elementor-size-default\">novidades<\/h2>\t\t\t\t<\/div>\n\t\t\t\t<\/div>\n\t\t\t\t\t<\/div>\n\t\t\t\t<\/div>\n\t\t<div class=\"elementor-element elementor-element-0644f3b e-flex e-con-boxed e-con e-parent\" data-id=\"0644f3b\" data-element_type=\"container\" data-e-type=\"container\">\n\t\t\t\t\t<div class=\"e-con-inner\">\n\t\t\t\t<div class=\"elementor-element elementor-element-26d8bfa elementor-widget elementor-widget-shortcode\" data-id=\"26d8bfa\" data-element_type=\"widget\" data-e-type=\"widget\" data-widget_type=\"shortcode.default\">\n\t\t\t\t<div class=\"elementor-widget-container\">\n\t\t\t\t\t\t\t<div class=\"elementor-shortcode\"><div class=\"booqable-product-list\" data-tags=\"latest\"   data-per=\"9\"  data-show-search=\"true\" ><\/div><\/div>\n\t\t\t\t\t\t<\/div>\n\t\t\t\t<\/div>\n\t\t\t\t\t<\/div>\n\t\t\t\t<\/div>\n\t\t\t\t<\/div>\n\t\t","protected":false},"excerpt":{"rendered":"<p>VER TODOS OS EQUIPAMENTOS Alugue connosco Equipamento de fotografia, v\u00eddeo e cinema Come\u00e7ar a pesquisarPrimes Canon FD O nosso kit est\u00e1 cine-modificado com montagem EF, an\u00e9is de foco standard e roscas para filtros.Explore estas magn\u00edficas pe\u00e7as do patrim\u00f3nio cinematogr\u00e1fico. Ok, vamos a isso!DZOFilm Conjunto de objetivas DZOFilm para qualquer finalidade Saiba maisAputure LS1200d Pro Ilumina\u00e7\u00e3o [&hellip;]<\/p>\n","protected":false},"author":233335622,"featured_media":15516,"parent":0,"menu_order":0,"comment_status":"closed","ping_status":"closed","template":"elementor_header_footer","meta":{"footnotes":""},"class_list":["post-15512","page","type-page","status-publish","has-post-thumbnail","hentry"],"yoast_head":"<!-- This site is optimized with the Yoast SEO Premium plugin v27.4 (Yoast SEO v27.4) - https:\/\/yoast.com\/product\/yoast-seo-premium-wordpress\/ -->\n<title>Aluguer de Equipamento de Cinema em Lisboa | Comuna Studios &amp; Equipment Rental<\/title>\n<meta name=\"description\" content=\"Aluguer de equipamento de videografia, fotografia e filmagem em Lisboa. Variedade de c\u00e2maras, objectivas, ilumina\u00e7\u00e3o, etc. Fazemos entregas em todo o territ\u00f3rio nacional.\" \/>\n<meta name=\"robots\" content=\"index, follow, max-snippet:-1, max-image-preview:large, max-video-preview:-1\" \/>\n<link rel=\"canonical\" href=\"https:\/\/comuna.pt\/pt-pt\/aluguer-equipamento\/\" \/>\n<meta property=\"og:locale\" content=\"pt_PT\" \/>\n<meta property=\"og:type\" content=\"article\" \/>\n<meta property=\"og:title\" content=\"Aluguer de Equipamento de Cinema em Lisboa\" \/>\n<meta property=\"og:description\" content=\"Aluguer de equipamento de videografia, fotografia e filmagem em Lisboa. Variedade de c\u00e2maras, objectivas, ilumina\u00e7\u00e3o, etc. Fazemos entregas em todo o territ\u00f3rio nacional.\" \/>\n<meta property=\"og:url\" content=\"https:\/\/comuna.pt\/pt-pt\/aluguer-equipamento\/\" \/>\n<meta property=\"og:site_name\" content=\"Comuna Studios &amp; Equipment Rental\" \/>\n<meta property=\"article:publisher\" content=\"http:\/\/facebook.com\/comuna.rental\" \/>\n<meta property=\"article:modified_time\" content=\"2026-04-26T13:23:35+00:00\" \/>\n<meta property=\"og:image\" content=\"https:\/\/comuna.pt\/wp-content\/uploads\/2024\/03\/r2.jpg\" \/>\n\t<meta property=\"og:image:width\" content=\"1200\" \/>\n\t<meta property=\"og:image:height\" content=\"628\" \/>\n\t<meta property=\"og:image:type\" content=\"image\/jpeg\" \/>\n<meta name=\"twitter:card\" content=\"summary_large_image\" \/>\n<meta name=\"twitter:label1\" content=\"Tempo estimado de leitura\" \/>\n\t<meta name=\"twitter:data1\" content=\"3 minutos\" \/>\n<script type=\"application\/ld+json\" class=\"yoast-schema-graph\">{\"@context\":\"https:\\\/\\\/schema.org\",\"@graph\":[{\"@type\":\"WebPage\",\"@id\":\"https:\\\/\\\/comuna.pt\\\/pt-pt\\\/aluguer-equipamento\\\/\",\"url\":\"https:\\\/\\\/comuna.pt\\\/pt-pt\\\/aluguer-equipamento\\\/\",\"name\":\"Aluguer de Equipamento de Cinema em Lisboa | Comuna Studios &amp; Equipment Rental\",\"isPartOf\":{\"@id\":\"https:\\\/\\\/comuna.pt\\\/pt-pt\\\/#website\"},\"primaryImageOfPage\":{\"@id\":\"https:\\\/\\\/comuna.pt\\\/pt-pt\\\/aluguer-equipamento\\\/#primaryimage\"},\"image\":{\"@id\":\"https:\\\/\\\/comuna.pt\\\/pt-pt\\\/aluguer-equipamento\\\/#primaryimage\"},\"thumbnailUrl\":\"https:\\\/\\\/comuna.pt\\\/wp-content\\\/uploads\\\/2024\\\/03\\\/r2.jpg\",\"datePublished\":\"2023-04-26T12:54:02+00:00\",\"dateModified\":\"2026-04-26T13:23:35+00:00\",\"description\":\"Aluguer de equipamento de videografia, fotografia e filmagem em Lisboa. Variedade de c\u00e2maras, objectivas, ilumina\u00e7\u00e3o, etc. Fazemos entregas em todo o territ\u00f3rio nacional.\",\"breadcrumb\":{\"@id\":\"https:\\\/\\\/comuna.pt\\\/pt-pt\\\/aluguer-equipamento\\\/#breadcrumb\"},\"inLanguage\":\"pt-PT\",\"potentialAction\":[{\"@type\":\"ReadAction\",\"target\":[\"https:\\\/\\\/comuna.pt\\\/pt-pt\\\/aluguer-equipamento\\\/\"]}]},{\"@type\":\"ImageObject\",\"inLanguage\":\"pt-PT\",\"@id\":\"https:\\\/\\\/comuna.pt\\\/pt-pt\\\/aluguer-equipamento\\\/#primaryimage\",\"url\":\"https:\\\/\\\/comuna.pt\\\/wp-content\\\/uploads\\\/2024\\\/03\\\/r2.jpg\",\"contentUrl\":\"https:\\\/\\\/comuna.pt\\\/wp-content\\\/uploads\\\/2024\\\/03\\\/r2.jpg\",\"width\":1200,\"height\":628},{\"@type\":\"BreadcrumbList\",\"@id\":\"https:\\\/\\\/comuna.pt\\\/pt-pt\\\/aluguer-equipamento\\\/#breadcrumb\",\"itemListElement\":[{\"@type\":\"ListItem\",\"position\":1,\"name\":\"Home\",\"item\":\"https:\\\/\\\/comuna.pt\\\/pt-pt\\\/\"},{\"@type\":\"ListItem\",\"position\":2,\"name\":\"Aluguer de Equipamento de Cinema em Lisboa\"}]},{\"@type\":\"WebSite\",\"@id\":\"https:\\\/\\\/comuna.pt\\\/pt-pt\\\/#website\",\"url\":\"https:\\\/\\\/comuna.pt\\\/pt-pt\\\/\",\"name\":\"Comuna Rental House\",\"description\":\"Photo studios, Podcast &amp; Equipment Rental\",\"publisher\":{\"@id\":\"https:\\\/\\\/comuna.pt\\\/pt-pt\\\/#organization\"},\"alternateName\":\"Comuna Filmmaking Equipment Rental\",\"potentialAction\":[{\"@type\":\"SearchAction\",\"target\":{\"@type\":\"EntryPoint\",\"urlTemplate\":\"https:\\\/\\\/comuna.pt\\\/pt-pt\\\/?s={search_term_string}\"},\"query-input\":{\"@type\":\"PropertyValueSpecification\",\"valueRequired\":true,\"valueName\":\"search_term_string\"}}],\"inLanguage\":\"pt-PT\"},{\"@type\":\"Organization\",\"@id\":\"https:\\\/\\\/comuna.pt\\\/pt-pt\\\/#organization\",\"name\":\"Comuna Rental House\",\"url\":\"https:\\\/\\\/comuna.pt\\\/pt-pt\\\/\",\"logo\":{\"@type\":\"ImageObject\",\"inLanguage\":\"pt-PT\",\"@id\":\"https:\\\/\\\/comuna.pt\\\/pt-pt\\\/#\\\/schema\\\/logo\\\/image\\\/\",\"url\":\"https:\\\/\\\/comuna.pt\\\/wp-content\\\/uploads\\\/2024\\\/03\\\/comuna_logo_website.png\",\"contentUrl\":\"https:\\\/\\\/comuna.pt\\\/wp-content\\\/uploads\\\/2024\\\/03\\\/comuna_logo_website.png\",\"width\":2000,\"height\":262,\"caption\":\"Comuna Rental House\"},\"image\":{\"@id\":\"https:\\\/\\\/comuna.pt\\\/pt-pt\\\/#\\\/schema\\\/logo\\\/image\\\/\"},\"sameAs\":[\"http:\\\/\\\/facebook.com\\\/comuna.rental\",\"https:\\\/\\\/www.instagram.com\\\/comuna_rental\",\"https:\\\/\\\/www.linkedin.com\\\/company\\\/96410498\"]}]}<\/script>\n<!-- \/ Yoast SEO Premium plugin. -->","yoast_head_json":{"title":"Aluguer de Equipamento de Cinema em Lisboa | Comuna Studios &amp; Equipment Rental","description":"Aluguer de equipamento de videografia, fotografia e filmagem em Lisboa. Variedade de c\u00e2maras, objectivas, ilumina\u00e7\u00e3o, etc. Fazemos entregas em todo o territ\u00f3rio nacional.","robots":{"index":"index","follow":"follow","max-snippet":"max-snippet:-1","max-image-preview":"max-image-preview:large","max-video-preview":"max-video-preview:-1"},"canonical":"https:\/\/comuna.pt\/pt-pt\/aluguer-equipamento\/","og_locale":"pt_PT","og_type":"article","og_title":"Aluguer de Equipamento de Cinema em Lisboa","og_description":"Aluguer de equipamento de videografia, fotografia e filmagem em Lisboa. Variedade de c\u00e2maras, objectivas, ilumina\u00e7\u00e3o, etc. Fazemos entregas em todo o territ\u00f3rio nacional.","og_url":"https:\/\/comuna.pt\/pt-pt\/aluguer-equipamento\/","og_site_name":"Comuna Studios &amp; Equipment Rental","article_publisher":"http:\/\/facebook.com\/comuna.rental","article_modified_time":"2026-04-26T13:23:35+00:00","og_image":[{"width":1200,"height":628,"url":"https:\/\/comuna.pt\/wp-content\/uploads\/2024\/03\/r2.jpg","type":"image\/jpeg"}],"twitter_card":"summary_large_image","twitter_misc":{"Tempo estimado de leitura":"3 minutos"},"schema":{"@context":"https:\/\/schema.org","@graph":[{"@type":"WebPage","@id":"https:\/\/comuna.pt\/pt-pt\/aluguer-equipamento\/","url":"https:\/\/comuna.pt\/pt-pt\/aluguer-equipamento\/","name":"Aluguer de Equipamento de Cinema em Lisboa | Comuna Studios &amp; Equipment Rental","isPartOf":{"@id":"https:\/\/comuna.pt\/pt-pt\/#website"},"primaryImageOfPage":{"@id":"https:\/\/comuna.pt\/pt-pt\/aluguer-equipamento\/#primaryimage"},"image":{"@id":"https:\/\/comuna.pt\/pt-pt\/aluguer-equipamento\/#primaryimage"},"thumbnailUrl":"https:\/\/comuna.pt\/wp-content\/uploads\/2024\/03\/r2.jpg","datePublished":"2023-04-26T12:54:02+00:00","dateModified":"2026-04-26T13:23:35+00:00","description":"Aluguer de equipamento de videografia, fotografia e filmagem em Lisboa. Variedade de c\u00e2maras, objectivas, ilumina\u00e7\u00e3o, etc. Fazemos entregas em todo o territ\u00f3rio nacional.","breadcrumb":{"@id":"https:\/\/comuna.pt\/pt-pt\/aluguer-equipamento\/#breadcrumb"},"inLanguage":"pt-PT","potentialAction":[{"@type":"ReadAction","target":["https:\/\/comuna.pt\/pt-pt\/aluguer-equipamento\/"]}]},{"@type":"ImageObject","inLanguage":"pt-PT","@id":"https:\/\/comuna.pt\/pt-pt\/aluguer-equipamento\/#primaryimage","url":"https:\/\/comuna.pt\/wp-content\/uploads\/2024\/03\/r2.jpg","contentUrl":"https:\/\/comuna.pt\/wp-content\/uploads\/2024\/03\/r2.jpg","width":1200,"height":628},{"@type":"BreadcrumbList","@id":"https:\/\/comuna.pt\/pt-pt\/aluguer-equipamento\/#breadcrumb","itemListElement":[{"@type":"ListItem","position":1,"name":"Home","item":"https:\/\/comuna.pt\/pt-pt\/"},{"@type":"ListItem","position":2,"name":"Aluguer de Equipamento de Cinema em Lisboa"}]},{"@type":"WebSite","@id":"https:\/\/comuna.pt\/pt-pt\/#website","url":"https:\/\/comuna.pt\/pt-pt\/","name":"Comuna Rental House","description":"Photo studios, Podcast &amp; Equipment Rental","publisher":{"@id":"https:\/\/comuna.pt\/pt-pt\/#organization"},"alternateName":"Comuna Filmmaking Equipment Rental","potentialAction":[{"@type":"SearchAction","target":{"@type":"EntryPoint","urlTemplate":"https:\/\/comuna.pt\/pt-pt\/?s={search_term_string}"},"query-input":{"@type":"PropertyValueSpecification","valueRequired":true,"valueName":"search_term_string"}}],"inLanguage":"pt-PT"},{"@type":"Organization","@id":"https:\/\/comuna.pt\/pt-pt\/#organization","name":"Comuna Rental House","url":"https:\/\/comuna.pt\/pt-pt\/","logo":{"@type":"ImageObject","inLanguage":"pt-PT","@id":"https:\/\/comuna.pt\/pt-pt\/#\/schema\/logo\/image\/","url":"https:\/\/comuna.pt\/wp-content\/uploads\/2024\/03\/comuna_logo_website.png","contentUrl":"https:\/\/comuna.pt\/wp-content\/uploads\/2024\/03\/comuna_logo_website.png","width":2000,"height":262,"caption":"Comuna Rental House"},"image":{"@id":"https:\/\/comuna.pt\/pt-pt\/#\/schema\/logo\/image\/"},"sameAs":["http:\/\/facebook.com\/comuna.rental","https:\/\/www.instagram.com\/comuna_rental","https:\/\/www.linkedin.com\/company\/96410498"]}]}},"_links":{"self":[{"href":"https:\/\/comuna.pt\/pt-pt\/wp-json\/wp\/v2\/pages\/15512","targetHints":{"allow":["GET"]}}],"collection":[{"href":"https:\/\/comuna.pt\/pt-pt\/wp-json\/wp\/v2\/pages"}],"about":[{"href":"https:\/\/comuna.pt\/pt-pt\/wp-json\/wp\/v2\/types\/page"}],"author":[{"embeddable":true,"href":"https:\/\/comuna.pt\/pt-pt\/wp-json\/wp\/v2\/users\/233335622"}],"replies":[{"embeddable":true,"href":"https:\/\/comuna.pt\/pt-pt\/wp-json\/wp\/v2\/comments?post=15512"}],"version-history":[{"count":11,"href":"https:\/\/comuna.pt\/pt-pt\/wp-json\/wp\/v2\/pages\/15512\/revisions"}],"predecessor-version":[{"id":23242,"href":"https:\/\/comuna.pt\/pt-pt\/wp-json\/wp\/v2\/pages\/15512\/revisions\/23242"}],"wp:featuredmedia":[{"embeddable":true,"href":"https:\/\/comuna.pt\/pt-pt\/wp-json\/wp\/v2\/media\/15516"}],"wp:attachment":[{"href":"https:\/\/comuna.pt\/pt-pt\/wp-json\/wp\/v2\/media?parent=15512"}],"curies":[{"name":"wp","href":"https:\/\/api.w.org\/{rel}","templated":true}]}}